{"id":1080,"date":"2021-06-25T22:19:07","date_gmt":"2021-06-25T20:19:07","guid":{"rendered":"https:\/\/www.bhakademiker.org\/?page_id=1080"},"modified":"2021-06-25T22:20:28","modified_gmt":"2021-06-25T20:20:28","slug":"meletta-2021","status":"publish","type":"page","link":"https:\/\/www.bhakademiker.org\/bs\/meletta-2021\/","title":{"rendered":"Meletta 2021"},"content":{"rendered":"<div class=\"vc_row wpb_row row\"><div class=\"wpb_column vc_column_container vc_col-sm-12\"><div class=\"vc_column-inner\"><div class=\"wpb_wrapper\"><h3 class=\"no-margin-top\" >Meletta 2021<\/h3>\n\t<div class=\"wpb_text_column wpb_content_element\" >\n\t\t<div class=\"wpb_wrapper\">\n\t\t\t<p>Ove godine, 06.juna 2021., obilje\u017eena  je105. godi\u0161njica bitke na Monte Meletta-Fior. Sve\u010danost je odr\u017eana u vojnom groblju u Lebringu. Sve\u010danosti su prisustvovali predstavnici bosanske zajednice u Austriji, gradona\u010delnik Lebringa, predstavnici austrijske Armije, predstavnici Crnog Krsta, kao i predstavnici Italije.<\/p>\n<p>Izdvajamo govor pukovnika Wolfgang Wildberger-a, predsjednika Austrijsko-bosanskohercegova\u010dkog udru\u017eenja:<\/p>\n<p>Cijenjene dame i gospodo!<br \/>\n<img decoding=\"async\" class=\"alignleft\" src=\"https:\/\/www.bhakademiker.org\/\/files\/pics\/meleta%202021-fotomelange_583_321.jpg\" \/><\/p>\n<p>Danas se na ovom groblju, biv\u0161eg obrazovnog centra  austro ugarske vojske bh. regimente broj 2, prisje\u0107amo juna\u010dkog juri\u0161a 7.juna 1916 na Monte Meletti-Fior na visoravni Sette Communi, odnosno sedam op\u0107ina. Ovaj doga\u0111aj je ve\u0107 nekoliko puta uprili\u010den na raznim Meletta komemoracijama.  206 pripadnika bh. Regimente 2 su do\u010dekali pri uzbrdnom napadu protiv nadmo\u0107nih neprijateljskih snaga s Alpina i Sardinije herojsku smrt.  \u017drtve na strani Italijana koji su se tvrdokorno opirali i do osmog juna izvodili protunapade, bile su daleko brojnije.  To je bio jedan uspjeh Bo\u0161njakasa, kako  su se tada zvali svi Bosanci, sa stra\u0161no puno \u017ertava koji se samo kao zajednica mogao posti\u0107i me\u0111usobnim povjerenjem i me\u0111usobnom podr\u0161kom svih entiteta i religija. To bi bila ujedno i poruka za danas.<\/p>\n<p>Ali ovaj put \u017eelim skrenuti pa\u017enju na pojedina\u010dne sudbine pripadnika najodlikovanije regimente u cijeloj austro ugarskoj armiji, da bih pokazao \u0161ta mo\u017ee izazvati jedan rat i za\u0161to ga politi\u010dari po svaku cijenu moraju sprije\u010diti. Ali kako izgleda realnost?<\/p>\n<p>\u201eJa sam bio \u010desto razo\u010daran politi\u010darima, ali nikad ljudima u Bosni i Hercegovini\u201c izjavio je Valentin Inzko u Intervjuu, koji \u0107e svoju dvanaestogodi\u0161nju funkciju okon\u010dati 1. avgusta kao zastupnik Me\u0111narodne zajednice u Bosni i Hercegovini. I nastavio je dalje:\u201c Najimpresivnija osoba u Bosni je gra\u0111anin!\u201c I naveo je nekoliko primjera. Musliman Hasan Ahmetli\u0107, koji je u Te\u0161nju na vlastitu ruku renovirao katoli\u010dku crkvu. Ili srpske kom\u0161ije u Trebinju, koji su spontano o\u010distili d\u017eamiju koja je dan ranije bila zamazana.  A tek u\u010denici iz Jajca, koji su sprije\u010dili planiranu podjelu jedne gimnazije na etni\u010dke grupe od strane politi\u010dara. Pitam se da li politi\u010dari u BiH ne \u010duju svoj narod? Za\u0161to moraju uvijek \u201ezakuhavati\u201c konflikte? Oni \u0107e imati svoje razloge.  A sami nikad ne stoje na prvom frontu u ratu.<\/p>\n<p>Kako je onima koji tamo \u017eive i riskiraju \u017eivot i zdravlje, pokazuje sljede\u0107i primjer \u201edruge bo\u0161nja\u010dke\u201c:<\/p>\n<p>Kao \u0161to je ve\u0107 spomenuto bh2 je bila najodlikovanija regimenta u cijeloj staroj armiji. Me\u0111u mnogim odlikovanim nalazio se je i nosilac odlikovanja za hrabrost Marija Terezija ordena.  To je bio kapetan Gojkomir Glogovac. Glogovac, ro\u0111en 1883 kao sin iz jednostavne porodice u Bile\u0107i blizu crnogorske granice, dospio je marljivo\u0161\u0107u i ustrajnom jakom voljom u pje\u0161adijsku kadetsku \u0161kolu u Mariboru i 1904 je bio raspore\u0111en u bh regimentu 2. Bio je jedan od rijetkih oficira, koji su zaista poticali iz Bosne.  Dodijeljen je bio pri III. bataljonu u garnizonski grad Banja Luku, a po\u010detkom rata ve\u0107 je u okviru dvanaeste brdske brigade postavljena u invaziji na Srbiju. Ova poznata kaznena ekspedicija za ubistvo prestolonasljednika Franca Ferdinanda se je zavr\u0161ila \u017eestokim protunapadom i mogla se je tek 1915. godine s pomo\u0107u njema\u010dkih saveznih partnera uspje\u0161no zavr\u0161iti.<\/p>\n<p>Bitka koja je Glogovca u\u010dinila Terezijinim vitezom i donijela mu naziv ma\u0111arskog barona, desila se 26. novembra 1914 godine u kojoj je Glogovac sprije\u010dio prodor Srbije.<\/p>\n<p>Tako\u0111er na Monte Meletti se je Glogovac dokazao, u me\u0111uvremenu unaprije\u0111en u kapetana, kao komandant juri\u0161ne jedinice. Poslije rata je bio prihva\u0107en u armiju u novoj SHS dr\u017eavi, kako se je tad zvala Jugoslavija, jer su trebali oficire sa iskustvom iako su bili na drugoj strani. U njegovoj kratkoj biografiji se mo\u017ee pro\u010ditati, da se tamo nije osje\u0107ao doma\u0107im i zbog toga se je preselio u Austriji i kasnije u Ma\u0111arsku.  Po\u0161to ni od jedne dr\u017eave nije bio prihva\u0107en u vojsku, jer nije bio dr\u017eavljanin, oku\u0161ao se je kao trgovac. Vrlo brzo je obolio od upale plu\u0107a i umro 1. marta 1922. godine u Budimpe\u0161ti.<br \/>\nDrugi vojni oficir 2. Bo\u0161nja\u010dke regimente bio je Rudolf Ritter von Jedina. Ro\u0111en 1886.godine u \u0160ibeniku, kao sin mornari\u010dkog oficira, i\u0161ao je u terezijsku vojnu akademiju i 1906 je bio raspore\u0111en u 2. bo\u0161nja\u010dku regimentu.  U okviru III. bataljona je sudjelovao u mnogim borbama na so\u010dkoj fronti. 21. jula 1916. bio je pogotkom u glavu u juri\u0161nom napadu te\u0161ko ranjen, da je izgubio vid.  Uprkos tome nije se predao, ostao je jedno vrijeme u nastavnom zboru vojne akademije , studirao je pravo, doktorirao je u Gracu, bio je kao major u vojnoj \u0161koli u Be\u010du. 1924. godine je unaprije\u0111en u natporu\u010dnika i onda se penzionisao. Umro je 1948. godine u Gracu.<\/p>\n<p>Ali nije samo njemu rat nanio zlo, nego i njegovom vjernom momku, oficirskom pomo\u0107niku, Ostoji Stojan\u010di\u0107u. To je bilo ovako: Jedina je u okviru III.bataljon  2. Bo\u0161nja\u010dke regimente u no\u0107i sa 27. na 28. juni  na uzvisini  Plava na So\u010di  neprimjetno proveo smjenu. U sljede\u0107oj no\u0107i su Italijani sproveli o\u010dekivani napad. Jedina je zapovjedio da zapo\u010dnu paljbu po naredbi. Kada su se napada\u010di zaka\u010dili na bodljikavu \u017eicu, deseta \u010deta je zapo\u010dela paljbu iz otprilike 250 pu\u0161aka. Napad je bio odbijen. Malo prije toga, Italijani su ponovo pucali manje ili vi\u0161e nekontrolisano u smjeru Bo\u0161njaka, zato su tra\u017eili skoni\u0161te, osjetio je kapetan Jedina blagi trzaj za rukav. Okrenuv\u0161i se vidio je truba\u010da Toma\u0161evi\u0107a, koji mu je pomo\u0107u palice gurnuo kabanicu. Na njegov upitni pogled doviknuo mu je truba\u010d s potisnutim glasom, da mu je na po\u010detku padanja ki\u0161e njegov oficirski sluga Ostoja htio donijeti kabanicu. Ali le\u017ei te\u0161ko povrije\u0111en iza jedne stijene. Jedina je bez rije\u010di oka\u010dio kabanicu, mislio si, \u201eto je bilo suvi\u0161no\u201c i poslao je ranjeniku nosa\u010da bolesnika. Po uspje\u0161noj borbi i nakon smjene, obi\u0161ao je Komandant \u010dete Brigadu Sanitetnog zavoda pri Gargaru, gdje je ranjenik bio smje\u0161ten. De\u017eurni doktor mu je rekao, da je njegov oficirski sluga, dobio pogodak u donji dio stomaka, \u0161to \u0107e imati do\u017eivorne posljedice. Na pitanje oficira njegovom pomo\u0107niku, da li je bilo zaista potrebno, iz sigurne rezervne postave donijeti njemu naprijed kabanicu, odgovorio je vjerni Bo\u0161njak:\u201c Ti (Bo\u0161njaci su poznavali samo \u201eTi\u201c) ti si ve\u0107 nekoliko dana te\u0161ko ka\u0161ljao i ja sam obe\u0107ao tvojoj gospodji, pri odlasku iz Banja Luke da \u0107u paziti na tebe.<\/p>\n<p>To su bile tri sudbine trojice pripadnika austro ugarske armije , druge bo\u0161nja\u010dke regimente, koji su zbog rata bila veoma o\u0161te\u0107eni. Mo\u017ee se re\u0107i, da su u najmanju ruku pre\u017eivjeli.<\/p>\n<p>Ovdje na o\u010duvanom i informacijskim tablama oboga\u0107enom groblju le\u017ee Bo\u0161njaci svih religija, kao i ostali vojnici iz Austro- Ugarske, Italije i Rusije, kojima je rat uzeo njihov mladi \u017eivot. Stoga moj Apel: Zagovarajmo uvijek, da vi\u0161e nikad ne do\u0111e do ovih u\u017easnih posljedica, koje donosi rat za sobom! Vjerni motu Austrijskog crnog krsta - RAD ZA MIR!\n\n\n\nSa njema\u010dkog prevela Emina Smajlovi\u0107<\/p>\n\n\t\t<\/div>\n\t<\/div>\n<\/div><\/div><\/div><\/div>","protected":false},"excerpt":{"rendered":"Meletta 2021 Am 6. Juni 2021 wurde der 105. Gedenktag von Monte Meletta-Fior gefeiert. Die Veranstaltung fand am Soldatennfriedhof in Lebring statt. Aus \u00d6sterreich waren die Vertreter der \u00f6sterreichischen Armee und der Lokalregierung, B\u00fcrgermeister der Stadt Lebring, die Vertreter der \u00f6sterreichische BosnierInnen, sowie italienische Delegation, anwesend. Die Rede von Oberst i.R. Wolfgang Wildberger, Pr\u00e4sident der \u00d6sterreichisch-Bosnischherzegowinischer Gesellschaft: Meine sehr geehrten Damen und Herren! Wir gedenken heute auf diesem Friedhof des ehemaligen Ausbildungslagers des k.u.k. b.h. InfR Nr.2 der heldenhaften Erst\u00fcrmung des Monte Meletta-Fior auf der Hochfl\u00e4che der Sette Comuni, also der Sieben Gemeinden am 7.Juni 1916. Dieses Ereignis wurde schon...","protected":false},"author":1,"featured_media":0,"parent":0,"menu_order":0,"comment_status":"closed","ping_status":"closed","template":"","meta":{"footnotes":""},"class_list":["post-1080","page","type-page","status-publish","hentry"],"yoast_head":"<!-- This site is optimized with the Yoast SEO plugin v20.3 - https:\/\/yoast.com\/wordpress\/plugins\/seo\/ -->\n<title>Meletta 2021 - Gesellschaft Bosnischer Akademiker<\/title>\n<meta name=\"robots\" content=\"index, follow, max-snippet:-1, max-image-preview:large, max-video-preview:-1\" \/>\n<link rel=\"canonical\" href=\"https:\/\/www.bhakademiker.org\/bs\/meletta-2021\/\" \/>\n<meta property=\"og:locale\" content=\"bs_BA\" \/>\n<meta property=\"og:type\" content=\"article\" \/>\n<meta property=\"og:title\" content=\"Meletta 2021 - Gesellschaft Bosnischer Akademiker\" \/>\n<meta property=\"og:url\" content=\"https:\/\/www.bhakademiker.org\/bs\/meletta-2021\/\" \/>\n<meta property=\"og:site_name\" content=\"Gesellschaft Bosnischer Akademiker\" \/>\n<meta property=\"article:modified_time\" content=\"2021-06-25T20:20:28+00:00\" \/>\n<meta property=\"og:image\" content=\"https:\/\/www.bhakademiker.org\/\/files\/pics\/meleta%202021-fotomelange_583_321.jpg\" \/>\n<meta name=\"twitter:card\" content=\"summary_large_image\" \/>\n<meta name=\"twitter:label1\" content=\"Est. reading time\" \/>\n\t<meta name=\"twitter:data1\" content=\"7 minuta\" \/>\n<script type=\"application\/ld+json\" class=\"yoast-schema-graph\">{\"@context\":\"https:\/\/schema.org\",\"@graph\":[{\"@type\":\"WebPage\",\"@id\":\"https:\/\/www.bhakademiker.org\/de\/meletta-2021\/\",\"url\":\"https:\/\/www.bhakademiker.org\/de\/meletta-2021\/\",\"name\":\"Meletta 2021 - Gesellschaft Bosnischer Akademiker\",\"isPartOf\":{\"@id\":\"https:\/\/www.bhakademiker.org\/bs\/#website\"},\"datePublished\":\"2021-06-25T20:19:07+00:00\",\"dateModified\":\"2021-06-25T20:20:28+00:00\",\"breadcrumb\":{\"@id\":\"https:\/\/www.bhakademiker.org\/de\/meletta-2021\/#breadcrumb\"},\"inLanguage\":\"bs-BA\",\"potentialAction\":[{\"@type\":\"ReadAction\",\"target\":[\"https:\/\/www.bhakademiker.org\/de\/meletta-2021\/\"]}]},{\"@type\":\"BreadcrumbList\",\"@id\":\"https:\/\/www.bhakademiker.org\/de\/meletta-2021\/#breadcrumb\",\"itemListElement\":[{\"@type\":\"ListItem\",\"position\":1,\"name\":\"Home\",\"item\":\"https:\/\/www.bhakademiker.org\/\"},{\"@type\":\"ListItem\",\"position\":2,\"name\":\"Meletta 2021\"}]},{\"@type\":\"WebSite\",\"@id\":\"https:\/\/www.bhakademiker.org\/bs\/#website\",\"url\":\"https:\/\/www.bhakademiker.org\/bs\/\",\"name\":\"Gesellschaft Bosnischer Akademiker\",\"description\":\"\",\"publisher\":{\"@id\":\"https:\/\/www.bhakademiker.org\/bs\/#organization\"},\"potentialAction\":[{\"@type\":\"SearchAction\",\"target\":{\"@type\":\"EntryPoint\",\"urlTemplate\":\"https:\/\/www.bhakademiker.org\/bs\/?s={search_term_string}\"},\"query-input\":\"required name=search_term_string\"}],\"inLanguage\":\"bs-BA\"},{\"@type\":\"Organization\",\"@id\":\"https:\/\/www.bhakademiker.org\/bs\/#organization\",\"name\":\"Gesellschaft Bosnischer Akademiker in \u00d6sterreich\",\"url\":\"https:\/\/www.bhakademiker.org\/bs\/\",\"logo\":{\"@type\":\"ImageObject\",\"inLanguage\":\"bs-BA\",\"@id\":\"https:\/\/www.bhakademiker.org\/bs\/#\/schema\/logo\/image\/\",\"url\":\"https:\/\/www.bhakademiker.org\/wp-content\/uploads\/2022\/01\/featured-GBAA.png\",\"contentUrl\":\"https:\/\/www.bhakademiker.org\/wp-content\/uploads\/2022\/01\/featured-GBAA.png\",\"width\":1200,\"height\":630,\"caption\":\"Gesellschaft Bosnischer Akademiker in \u00d6sterreich\"},\"image\":{\"@id\":\"https:\/\/www.bhakademiker.org\/bs\/#\/schema\/logo\/image\/\"}}]}<\/script>\n<!-- \/ Yoast SEO plugin. -->","yoast_head_json":{"title":"Meletta 2021 - Gesellschaft Bosnischer Akademiker","robots":{"index":"index","follow":"follow","max-snippet":"max-snippet:-1","max-image-preview":"max-image-preview:large","max-video-preview":"max-video-preview:-1"},"canonical":"https:\/\/www.bhakademiker.org\/bs\/meletta-2021\/","og_locale":"bs_BA","og_type":"article","og_title":"Meletta 2021 - Gesellschaft Bosnischer Akademiker","og_url":"https:\/\/www.bhakademiker.org\/bs\/meletta-2021\/","og_site_name":"Gesellschaft Bosnischer Akademiker","article_modified_time":"2021-06-25T20:20:28+00:00","og_image":[{"url":"https:\/\/www.bhakademiker.org\/\/files\/pics\/meleta%202021-fotomelange_583_321.jpg"}],"twitter_card":"summary_large_image","twitter_misc":{"Est. reading time":"7 minuta"},"schema":{"@context":"https:\/\/schema.org","@graph":[{"@type":"WebPage","@id":"https:\/\/www.bhakademiker.org\/de\/meletta-2021\/","url":"https:\/\/www.bhakademiker.org\/de\/meletta-2021\/","name":"Meletta 2021 - Gesellschaft Bosnischer Akademiker","isPartOf":{"@id":"https:\/\/www.bhakademiker.org\/bs\/#website"},"datePublished":"2021-06-25T20:19:07+00:00","dateModified":"2021-06-25T20:20:28+00:00","breadcrumb":{"@id":"https:\/\/www.bhakademiker.org\/de\/meletta-2021\/#breadcrumb"},"inLanguage":"bs-BA","potentialAction":[{"@type":"ReadAction","target":["https:\/\/www.bhakademiker.org\/de\/meletta-2021\/"]}]},{"@type":"BreadcrumbList","@id":"https:\/\/www.bhakademiker.org\/de\/meletta-2021\/#breadcrumb","itemListElement":[{"@type":"ListItem","position":1,"name":"Home","item":"https:\/\/www.bhakademiker.org\/"},{"@type":"ListItem","position":2,"name":"Meletta 2021"}]},{"@type":"WebSite","@id":"https:\/\/www.bhakademiker.org\/bs\/#website","url":"https:\/\/www.bhakademiker.org\/bs\/","name":"Gesellschaft Bosnischer Akademiker","description":"","publisher":{"@id":"https:\/\/www.bhakademiker.org\/bs\/#organization"},"potentialAction":[{"@type":"SearchAction","target":{"@type":"EntryPoint","urlTemplate":"https:\/\/www.bhakademiker.org\/bs\/?s={search_term_string}"},"query-input":"required name=search_term_string"}],"inLanguage":"bs-BA"},{"@type":"Organization","@id":"https:\/\/www.bhakademiker.org\/bs\/#organization","name":"Gesellschaft Bosnischer Akademiker in \u00d6sterreich","url":"https:\/\/www.bhakademiker.org\/bs\/","logo":{"@type":"ImageObject","inLanguage":"bs-BA","@id":"https:\/\/www.bhakademiker.org\/bs\/#\/schema\/logo\/image\/","url":"https:\/\/www.bhakademiker.org\/wp-content\/uploads\/2022\/01\/featured-GBAA.png","contentUrl":"https:\/\/www.bhakademiker.org\/wp-content\/uploads\/2022\/01\/featured-GBAA.png","width":1200,"height":630,"caption":"Gesellschaft Bosnischer Akademiker in \u00d6sterreich"},"image":{"@id":"https:\/\/www.bhakademiker.org\/bs\/#\/schema\/logo\/image\/"}}]}},"_links":{"self":[{"href":"https:\/\/www.bhakademiker.org\/bs\/wp-json\/wp\/v2\/pages\/1080","targetHints":{"allow":["GET"]}}],"collection":[{"href":"https:\/\/www.bhakademiker.org\/bs\/wp-json\/wp\/v2\/pages"}],"about":[{"href":"https:\/\/www.bhakademiker.org\/bs\/wp-json\/wp\/v2\/types\/page"}],"author":[{"embeddable":true,"href":"https:\/\/www.bhakademiker.org\/bs\/wp-json\/wp\/v2\/users\/1"}],"replies":[{"embeddable":true,"href":"https:\/\/www.bhakademiker.org\/bs\/wp-json\/wp\/v2\/comments?post=1080"}],"version-history":[{"count":2,"href":"https:\/\/www.bhakademiker.org\/bs\/wp-json\/wp\/v2\/pages\/1080\/revisions"}],"predecessor-version":[{"id":1083,"href":"https:\/\/www.bhakademiker.org\/bs\/wp-json\/wp\/v2\/pages\/1080\/revisions\/1083"}],"wp:attachment":[{"href":"https:\/\/www.bhakademiker.org\/bs\/wp-json\/wp\/v2\/media?parent=1080"}],"curies":[{"name":"wp","href":"https:\/\/api.w.org\/{rel}","templated":true}]}}