{"id":1240,"date":"2021-06-25T23:30:55","date_gmt":"2021-06-25T21:30:55","guid":{"rendered":"https:\/\/www.bhakademiker.org\/?page_id=1240"},"modified":"2021-06-25T23:49:08","modified_gmt":"2021-06-25T21:49:08","slug":"830-geburtstag-bosniens","status":"publish","type":"page","link":"https:\/\/www.bhakademiker.org\/bs\/830-geburtstag-bosniens\/","title":{"rendered":"830. ro\u0111endan Bosne"},"content":{"rendered":"<div class=\"vc_row wpb_row row\"><div class=\"wpb_column vc_column_container vc_col-sm-12\"><div class=\"vc_column-inner\"><div class=\"wpb_wrapper\"><h3 class=\"no-margin-top\" >830. ro\u0111endan Bosne<\/h3>\n\t<div class=\"wpb_text_column wpb_content_element\" >\n\t\t<div class=\"wpb_wrapper\">\n\t\t\t<h3 style=\"text-align: center;\"><strong>830. ro\u0111endan Bosne\/ Povelja Kulina bana<\/strong><br \/>\n(Ugovor izme\u0111u Bosne i Dubrovnika,29. avgust 1189.)<\/h3>\n<p>Srednjovjekovni putopisci dali su nama, Bosancima (svih vjeroispovijesti!), ime \u201edobri Bo\u0161njani\u201c. I oni su vrlo dobro znali za\u0161to je taj narod dobar. Mo\u017eemo li ponovo biti dobri Bo\u0161njani?<\/p>\n<p>Bosansko Akademsko Dru\u0161tvo u Austriji organizovalo je sve\u010danost povodom ro\u0111endana Bosne s ciljem da se oja\u010da svjesnost bosanskog duha i Bosanstva.<\/p>\n<p>Mit dem Ziel des Bewusstwerdens eines bosnischen Individuums bzw. des Bosnientums, organisierte die Gesellschaft Bosnischer Akademiker in \u00d6sterreich anl\u00e4sslich des Geburtstags Bosniens die Feierlichkeiten.<br \/>\nAm 11. Oktober 2019 wurde dementsprechend der Tag gefeiert, an dem die \u201ePovelja Kulina Bana\u201c (29. August 1189) unterzeichnet wurde.<\/p>\n<p>Die Feierlichkeit wurde von Senada Duhan mit einer Rezitation des Liedes \u201eZapis o zemlji\u201c von Mak Dizdar eingeleitet.<\/p>\n<p><img decoding=\"async\" class=\"img-responsive alignleft\" title=\"830. Geburtstag Bosniens - Povelja des Ban Kulin\" src=\"https:\/\/www.bhakademiker.org\/\/files\/pics\/slika_4.jpg\" alt=\"830. Geburtstag Bosniens - Povelja des Ban Kulin\" \/><img decoding=\"async\" class=\"img-responsive alignleft\" title=\"830. Geburtstag Bosniens - Povelja des Ban Kulin\" src=\"https:\/\/www.bhakademiker.org\/\/files\/pics\/slika_2.jpg\" alt=\"830. Geburtstag Bosniens - Povelja des Ban Kulin\" \/><\/p>\n<p>&nbsp;<\/p>\n<p>&nbsp;<\/p>\n<p>&nbsp;<\/p>\n<p>&nbsp;<\/p>\n<p>&nbsp;<\/p>\n<p>&nbsp;<\/p>\n<p>&nbsp;<\/p>\n<p>Poslije ovog umjetni\u010dkog doprinosa, osniva\u010d udru\u017eenja, Sira\u0111 Duhan, zvani\u010dno je otvorio ve\u010der s nekoliko rije\u010di u kojima je objasnio razloge i va\u017enost sve\u010danosti:<\/p>\n<p>&nbsp;<\/p>\n<p><img decoding=\"async\" class=\"img-responsive alignleft\" title=\"830. Geburtstag Bosniens - Povelja des Ban Kulin\" src=\"https:\/\/www.bhakademiker.org\/\/files\/pics\/slika_3.jpg\" alt=\"830. Geburtstag Bosniens - Povelja des Ban Kulin\" \/>Heute Abend feiern wir gemeinsam 830. Geburtstag Bosniens und 25. Geburtstag GBAA unter dem Motto: \u201eBosnier sind anders\u201c<br \/>\nVe\u010deras \u0107emo zajedno proslaviti 830. ro\u0111endan Bosne i 25. ro\u0111endan GBAA, pod motom: \"Bosanci su druga\u010diji\". Kolektivno sje\u0107anje na po\u010detke Bosne povezano je s banom Kulinom. Bosanci od Kulina bana, koji je omogu\u0107io nesmetanu trgovinu Dubrov\u010danima u Bosni, i dalje pokazuju da su druga\u010diji.\n\nJedan od dokaza za ovu tvrdnju daje profesorica Nada Klaji\u0107 citiraju\u0107i u svojoj knjizi \u201eSrednjovjekovna Bosna\u201c da ban Stjepan II. prvo daje zakletvu pred svjedocima \u201edobri Bosanci\u201c, a potom pred \u201ecijelom crkvom i Bosnom\u201c.<\/p>\n<p>&nbsp;<\/p>\n<p><strong><u><br \/>\nSlijedili su gosti:<\/u><\/strong><\/p>\n<p><img decoding=\"async\" class=\"img-responsive alignleft\" title=\"830. Geburtstag Bosniens - Povelja des Ban Kulin\" src=\"https:\/\/www.bhakademiker.org\/\/files\/pics\/slika_4.jpg\" alt=\"830. Geburtstag Bosniens - Povelja des Ban Kulin\" \/><strong>Dr. Kemal Kozari\u0107<\/strong>, Botschafter Bosnien und Herzegowina in \u00d6sterreich:<br \/>\nDr. Kemal Kozari\u0107, ambasador za Bosnu i Hercegovinu u Austriji:\nKroz historiju Bosne i Hercegovine pokazalo se izuzetno va\u017enim imati dobre dru\u0161tveno-politi\u010dke odnose sa kom\u0161ijama, \u0161to na\u017ealost nije tako lahko u na\u0161em svakodnevnom \u017eivotu. Republika Austrija je, iako nam nije najbli\u017ei kom\u0161ija,iskren prijatelj Bosne i Hercegovine i u svakom je pogledu izuzetno va\u017ena za Bosnu i Hercegovinu.<\/p>\n<p>Die Republik \u00d6sterreich ist, obwohl nicht unser unmittelbarer Nachbar, ein erwiesener Freund von Bosnien und Herzegowina und f\u00fcr Bosnien und Herzegowina in jeglicher Hinsicht ausgesprochen wichtig.<\/p>\n<p>&nbsp;<\/p>\n<p>&nbsp;<\/p>\n<p>&nbsp;<\/p>\n<p>&nbsp;<\/p>\n<div style=\"width: 310px\" class=\"wp-caption aligncenter\"><img fetchpriority=\"high\" decoding=\"async\" class=\"img-responsive\" title=\"830. Geburtstag Bosniens - Povelja des Ban Kulin\" src=\"https:\/\/www.bhakademiker.org\/\/files\/pics\/slika_5.jpg\" alt=\"830. Geburtstag Bosniens - Povelja des Ban Kulin\" width=\"300\" height=\"200\" \/><p class=\"wp-caption-text\">Abdulah Skaka, Gradona\u010delnik Sarajeva<\/p><\/div>\n<p>&nbsp;<\/p>\n<div style=\"width: 310px\" class=\"wp-caption aligncenter\"><img decoding=\"async\" class=\"img-responsive\" title=\"830. Geburtstag Bosniens - Povelja des Ban Kulin\" src=\"https:\/\/www.bhakademiker.org\/\/files\/pics\/slika_6.jpg\" alt=\"830. Geburtstag Bosniens - Povelja des Ban Kulin\" width=\"300\" height=\"209\" \/><p class=\"wp-caption-text\">Omar Al Rawi, Predstavnik gradona\u010delnika Be\u010da<\/p><\/div>\n<p>&nbsp;<\/p>\n<p><img decoding=\"async\" class=\"img-responsive alignleft\" title=\"830. Geburtstag Bosniens - Povelja des Ban Kulin\" src=\"https:\/\/www.bhakademiker.org\/\/files\/pics\/slika_7.jpg\" alt=\"830. Geburtstag Bosniens - Povelja des Ban Kulin\" \/><strong>\u017deljko Kom\u0161i\u0107,<\/strong> predsjednik Bosne i Hercegovine:\nZbog toga vjerujem da je budu\u0107nost Bosne i Hercegovine, izme\u0111u ostalog, u sve intenzivnijoj saradnji Bosne i Hercegovine s Bosancima i Hercegovcima, bez obzira gdje se danas nalazili, uklju\u010duju\u0107i Austriju.\nNa ovaj na\u010din ne\u0107emo izgubiti ni identitet, ni svoju kulturu, ve\u0107 \u0107emo ih samo oja\u010dati.<br \/>\nAko smo uspjeli trgovati i sklapati me\u0111udr\u017eavne ugovore prije 830 godina, a Povelja bana Kulina dokaz je toga, onda \u0107emo to mo\u0107i i u budu\u0107nosti.<br \/>\nDokle god postoje Bosanci i Hercegovci koji vole svoju domovinu i \u017eele je unaprijediti, niko joj ne\u0107e mo\u0107i oteti njenu budu\u0107nost.<br \/>\nSolange es Bosnier und Herzegowina gibt, die ihr Heimatland lieben und es voranbringen m\u00f6chten, wird ihm keiner seine Zukunft rauben k\u00f6nnen.<\/p>\n<p>&nbsp;<\/p>\n<p>&nbsp;<\/p>\n<div style=\"width: 310px\" class=\"wp-caption aligncenter\"><img decoding=\"async\" class=\"img-responsive\" title=\"830. Geburtstag Bosniens - Povelja des Ban Kulin\" src=\"https:\/\/www.bhakademiker.org\/\/files\/pics\/slika_8.jpg\" alt=\"830. Geburtstag Bosniens - Povelja des Ban Kulin\" width=\"300\" height=\"200\" \/><p class=\"wp-caption-text\">\u017denski hor \u201eMimoze\u201c<\/p><\/div>\n<p>&nbsp;<\/p>\n<p>Histori\u010darka Merisa Me\u0161anovi\u0107 je svojim izlaganjem vodila publiku kroz srednjovjekovnu Bosnu i dotakla vrijeme Bosne u osmanskom carstvu. Nakon toga je Nata\u0161a Mirkovi\u0107, anga\u017eirana vokalna solistica kojoj su klasi\u010dna umjetnost pjevanja, barokna muzika i tradicionalna narodna muzika u fokusu interesovanja, odu\u0161evila publiku otpjevav\u0161i dvije sefardske sevdalinke nastale u osmanskom periodu. <strong>Merisa Me\u0161anovi\u0107<\/strong> das Publikum<img decoding=\"async\" class=\"img-responsive alignleft\" title=\"830. Geburtstag Bosniens - Povelja des Ban Kulin\" src=\"https:\/\/www.bhakademiker.org\/\/files\/pics\/slika_9.jpg\" alt=\"830. Geburtstag Bosniens - Povelja des Ban Kulin\" \/>\u00a0zun\u00e4chst auf eine Reise durch das mittelalterliche Bosnien und ebenso durch das Bosnien unter osmanischer Herrschaft.<\/p>\n<p>&nbsp;<\/p>\n<p>&nbsp;<\/p>\n<p>&nbsp;<\/p>\n<p>&nbsp;<\/p>\n<p>&nbsp;<\/p>\n<p>&nbsp;<\/p>\n<p><img decoding=\"async\" class=\"img-responsive alignleft\" title=\"830. Geburtstag Bosniens - Povelja des Ban Kulin\" src=\"https:\/\/www.bhakademiker.org\/\/files\/pics\/slika_10.jpg\" alt=\"830. Geburtstag Bosniens - Povelja des Ban Kulin\" \/> Zatim je <strong>Tina Kordi\u0107<\/strong>pijanistica s internacionalnom koncertnom karijerom, odu\u0161evila s Nocturne, Op. 55 u ef-molukompozitora Frederika\u0160opena. Ova kompozicija je poznata. Me\u0111utim, manje je poznato da to muzi\u010dko djelo sadr\u017ei i slavenske elemente.<\/p>\n<p>&nbsp;<\/p>\n<p>&nbsp;<\/p>\n<p>&nbsp;<\/p>\n<p>&nbsp;<\/p>\n<p><img decoding=\"async\" class=\"img-responsive alignleft\" title=\"830. Geburtstag Bosniens - Povelja des Ban Kulin\" src=\"https:\/\/www.bhakademiker.org\/\/files\/pics\/slika_11.jpg\" alt=\"830. Geburtstag Bosniens - Povelja des Ban Kulin\" \/><strong>Mag. Dr. Christoph Hatschek,<\/strong> zamjenik direktora Muzeja vojne historije, odr\u017eao je predavanje o \u017eenama u ratu i Bosni u Austrougarskog monarhiji.<\/p>\n<p>&nbsp;<\/p>\n<p>&nbsp;<\/p>\n<p>&nbsp;<\/p>\n<p>&nbsp;<\/p>\n<p>&nbsp;<\/p>\n<p>&nbsp;<\/p>\n<p class=\" translation-block\"><img class=\"img-responsive alignleft\" title=\"830. Geburtstag Bosniens - Povelja des Ban Kulin\" src=\"https:\/\/www.bhakademiker.org\/\/files\/pics\/slika_12.jpg\" alt=\"830. Geburtstag Bosniens - Povelja des Ban Kulin\" data-trp-translate-id-src=\"565\" data-trp-node-group-src=\"Images\" data-trp-translate-id-title=\"571\" data-trp-node-group-title=\"String List\">Solistica Nata\u0161a Mirkovi\u0107, \u010diji je fokus na klasi\u010dnom i baroknom pjevanju kao i narodnoj muzici, i gitarista Pipo Corvino iz Crne Gore dali su jo\u0161 jedan umjetni\u010dki doprinos.<\/p>\n<p>&nbsp;<\/p>\n<p>&nbsp;<\/p>\n<p>&nbsp;<\/p>\n<p>&nbsp;<\/p>\n<p>&nbsp;<\/p>\n<p class=\" translation-block\"><img class=\"img-responsive alignleft trp-highlight\" title=\"830. Geburtstag Bosniens - Povelja des Ban Kulin\" src=\"https:\/\/www.bhakademiker.org\/\/files\/pics\/slika_13.jpg\" alt=\"830. Geburtstag Bosniens - Povelja des Ban Kulin\" data-trp-translate-id-src=\"566\" data-trp-node-group-src=\"Images\" data-trp-translate-id-title=\"571\" data-trp-node-group-title=\"String List\">Profesor Dr. D\u017eevad Karahasan, najzna\u010dajniji savremeni bosanski pisac:\nKnji\u017eevnost Vam ne mo\u017ee pomo\u0107i da bombardujete Bagdad, ali Vas mo\u017ee dovesti do op\u0161teg pitanja ljudske radnje: \u201c\u0160ta \u0107u ja u Bagdadu?\u201d Knji\u017eevnost Vam ne mo\u017ee pomo\u0107i da pobijedite na nekom takmi\u010denju, ali Vas mo\u017ee dovesti do pitanja, \u0161ta Vam ta pobjeda zna\u010di. Ona mo\u017ee i ne\u0161to dosta bitnije: da Vas podsjeti da je poraz ponekad bolji od pobjede, \u010dak i korisniji. Knji\u017eevnost Vas ne vodi do uspjeha ali Vas u\u010di da je neuspjeh, koji ste stvarno razumjeli i shvatili, bolji i korisniji od uspjeha koji Vam je doletio. Knji\u017eevnost ne uklanja bol u ruci, ali Vas podsje\u0107a kako je dobro i bitno imati ruku, koja mo\u017ee osje\u0107ati bol, jer je bol neotu\u0111iva karakteristika \u017eivota. I tako dalje i tako dalje.<\/p>\n<p>&nbsp;<\/p>\n<p>&nbsp;<\/p>\n<p><img decoding=\"async\" class=\"img-responsive alignleft\" title=\"830. Geburtstag Bosniens - Povelja des Ban Kulin\" src=\"https:\/\/www.bhakademiker.org\/\/files\/pics\/slika_14.jpg\" alt=\"830. Geburtstag Bosniens - Povelja des Ban Kulin\" \/>11. oktobra uru\u010den je GBAA-Award 2019 s nov\u010danom nagradom od 1000 EUR najboljem studentu bosanskog porijekla na austrijskim univerzitetima. Br\u010danka Amina \u010ca\u010dkovi\u0107 (23) diplomirala je sa izuzetnim uspjehom.<\/p>\n<p><strong>Amina \u010ca\u010dkovi\u0107<\/strong> , 23 Jahre, aus Br\u010dko, Bachelorstudium mit ausgezeichnetem Erfolg abgeschlossen.<\/p>\n<p class=\" translation-block\">Nagradu je uru\u010dio profesor D\u017eevad Karahasan, suosniva\u010d GBAA-a.<\/p>\n<p>&nbsp;<\/p>\n<p>&nbsp;<\/p>\n<p>&nbsp;<\/p>\n<p><img decoding=\"async\" class=\"img-responsive alignleft\" title=\"830. Geburtstag Bosniens - Povelja des Ban Kulin\" src=\"https:\/\/www.bhakademiker.org\/\/files\/pics\/slika_15.jpg\" alt=\"830. Geburtstag Bosniens - Povelja des Ban Kulin\" \/><strong>Selma Ajlovi\u0107<\/strong>odu\u0161evila je publiku motivima bosanske sevdalinke koja je izvedena u obliku operske arije.<\/p>\n<p>&nbsp;<\/p>\n<p>&nbsp;<\/p>\n<p>&nbsp;<\/p>\n<p>&nbsp;<\/p>\n<p>&nbsp;<\/p>\n<p>&nbsp;<\/p>\n<p class=\" translation-block\"><img class=\"img-responsive alignleft\" title=\"830. Geburtstag Bosniens - Povelja des Ban Kulin\" src=\"https:\/\/www.bhakademiker.org\/\/files\/pics\/slika_16.jpg\" alt=\"830. Geburtstag Bosniens - Povelja des Ban Kulin\">Povodom 830. ro\u0111endana Bosne\/ Povelje bana Kulina, Camilla Habsburg-Lothringen postala je po\u010dasni \u010dlan Bosanskog Akademskog Dru\u0161tva u Austriji.<\/p>\n<p>Po\u010dasno priznanje o \u010dlanstvu i GBAA-Award uru\u010dili su predsjedatelj Predsjedni\u0161tva Bosne i Hercegovine \u017deljko Kom\u0161i\u0107 i predsjednik Bosanskog Akademskog Dru\u0161tva u Austriji Sira\u0111 Duhan.<\/p>\n<p>&nbsp;<\/p>\n<p>&nbsp;<\/p>\n<p>&nbsp;<\/p>\n<p><img decoding=\"async\" class=\"img-responsive alignleft\" title=\"830. Geburtstag Bosniens - Povelja des Ban Kulin\" src=\"https:\/\/www.bhakademiker.org\/\/files\/pics\/slika_17.jpg\" alt=\"830. Geburtstag Bosniens - Povelja des Ban Kulin\" \/>Jakim aplauzom nagra\u0111ena je mlada i \u0161armantna voditeljica Esma Diman-Murselovi\u0107 za uspje\u0161no moderiranje. <strong>Esma Diman-Murselovi\u0107<\/strong> f\u00fcr ihre erfolgreiche Moderation durch den Abend belohnt.<\/p>\n<p>&nbsp;<\/p>\n<p>&nbsp;<\/p>\n<p>&nbsp;<\/p>\n<p>&nbsp;<\/p>\n<p>&nbsp;<\/p>\n<p>\u010cuvajmo pro\u0161lost, kako bismo imali budu\u0107nost.<\/p>\n\n\t\t<\/div>\n\t<\/div>\n<\/div><\/div><\/div><\/div>","protected":false},"excerpt":{"rendered":"830. Geburtstag Bosniens 830. Geburtstages Bosniens \/ Povelja des Ban Kulin (Vertrag zwischen Bosnien und Dubrovnik 29.August 1189.) Reiseschriftsteller des Mittelalters haben uns Bosniern (aller Glaubensrichtungen!) den Namen \u201egute Bosnier\u201c gegeben. Und sie wussten sehr gut, warum dieses Volk gut war. K\u00f6nnen wir denn wieder gute Bosnier sein? Mit dem Ziel des Bewusstwerdens eines bosnischen Individuums bzw. des Bosnientums, organisierte die Gesellschaft Bosnischer Akademiker in \u00d6sterreich anl\u00e4sslich des Geburtstags Bosniens die Feierlichkeiten. Am 11. Oktober 2019 wurde dementsprechend der Tag gefeiert, an dem die \u201ePovelja Kulina Bana\u201c (29. August 1189) unterzeichnet wurde. Die Feierlichkeit wurde von Senada Duhan mit einer...","protected":false},"author":1,"featured_media":0,"parent":0,"menu_order":0,"comment_status":"closed","ping_status":"closed","template":"","meta":{"footnotes":""},"class_list":["post-1240","page","type-page","status-publish","hentry"],"yoast_head":"<!-- This site is optimized with the Yoast SEO plugin v20.3 - https:\/\/yoast.com\/wordpress\/plugins\/seo\/ -->\n<title>830. Geburtstag Bosniens - Gesellschaft Bosnischer Akademiker<\/title>\n<meta name=\"robots\" content=\"index, follow, max-snippet:-1, max-image-preview:large, max-video-preview:-1\" \/>\n<link rel=\"canonical\" href=\"https:\/\/www.bhakademiker.org\/bs\/830-geburtstag-bosniens\/\" \/>\n<meta property=\"og:locale\" content=\"bs_BA\" \/>\n<meta property=\"og:type\" content=\"article\" \/>\n<meta property=\"og:title\" content=\"830. Geburtstag Bosniens - Gesellschaft Bosnischer Akademiker\" \/>\n<meta property=\"og:url\" content=\"https:\/\/www.bhakademiker.org\/bs\/830-geburtstag-bosniens\/\" \/>\n<meta property=\"og:site_name\" content=\"Gesellschaft Bosnischer Akademiker\" \/>\n<meta property=\"article:modified_time\" content=\"2021-06-25T21:49:08+00:00\" \/>\n<meta property=\"og:image\" content=\"https:\/\/www.bhakademiker.org\/\/files\/pics\/slika_1.jpg\" \/>\n<meta name=\"twitter:card\" content=\"summary_large_image\" \/>\n<meta name=\"twitter:label1\" content=\"Est. reading time\" \/>\n\t<meta name=\"twitter:data1\" content=\"5 minuta\" \/>\n<script type=\"application\/ld+json\" class=\"yoast-schema-graph\">{\"@context\":\"https:\/\/schema.org\",\"@graph\":[{\"@type\":\"WebPage\",\"@id\":\"https:\/\/www.bhakademiker.org\/de\/830-geburtstag-bosniens\/\",\"url\":\"https:\/\/www.bhakademiker.org\/de\/830-geburtstag-bosniens\/\",\"name\":\"830. Geburtstag Bosniens - Gesellschaft Bosnischer Akademiker\",\"isPartOf\":{\"@id\":\"https:\/\/www.bhakademiker.org\/bs\/#website\"},\"datePublished\":\"2021-06-25T21:30:55+00:00\",\"dateModified\":\"2021-06-25T21:49:08+00:00\",\"breadcrumb\":{\"@id\":\"https:\/\/www.bhakademiker.org\/de\/830-geburtstag-bosniens\/#breadcrumb\"},\"inLanguage\":\"bs-BA\",\"potentialAction\":[{\"@type\":\"ReadAction\",\"target\":[\"https:\/\/www.bhakademiker.org\/de\/830-geburtstag-bosniens\/\"]}]},{\"@type\":\"BreadcrumbList\",\"@id\":\"https:\/\/www.bhakademiker.org\/de\/830-geburtstag-bosniens\/#breadcrumb\",\"itemListElement\":[{\"@type\":\"ListItem\",\"position\":1,\"name\":\"Home\",\"item\":\"https:\/\/www.bhakademiker.org\/\"},{\"@type\":\"ListItem\",\"position\":2,\"name\":\"830. Geburtstag Bosniens\"}]},{\"@type\":\"WebSite\",\"@id\":\"https:\/\/www.bhakademiker.org\/bs\/#website\",\"url\":\"https:\/\/www.bhakademiker.org\/bs\/\",\"name\":\"Gesellschaft Bosnischer Akademiker\",\"description\":\"\",\"publisher\":{\"@id\":\"https:\/\/www.bhakademiker.org\/bs\/#organization\"},\"potentialAction\":[{\"@type\":\"SearchAction\",\"target\":{\"@type\":\"EntryPoint\",\"urlTemplate\":\"https:\/\/www.bhakademiker.org\/bs\/?s={search_term_string}\"},\"query-input\":\"required name=search_term_string\"}],\"inLanguage\":\"bs-BA\"},{\"@type\":\"Organization\",\"@id\":\"https:\/\/www.bhakademiker.org\/bs\/#organization\",\"name\":\"Gesellschaft Bosnischer Akademiker in \u00d6sterreich\",\"url\":\"https:\/\/www.bhakademiker.org\/bs\/\",\"logo\":{\"@type\":\"ImageObject\",\"inLanguage\":\"bs-BA\",\"@id\":\"https:\/\/www.bhakademiker.org\/bs\/#\/schema\/logo\/image\/\",\"url\":\"https:\/\/www.bhakademiker.org\/wp-content\/uploads\/2022\/01\/featured-GBAA.png\",\"contentUrl\":\"https:\/\/www.bhakademiker.org\/wp-content\/uploads\/2022\/01\/featured-GBAA.png\",\"width\":1200,\"height\":630,\"caption\":\"Gesellschaft Bosnischer Akademiker in \u00d6sterreich\"},\"image\":{\"@id\":\"https:\/\/www.bhakademiker.org\/bs\/#\/schema\/logo\/image\/\"}}]}<\/script>\n<!-- \/ Yoast SEO plugin. -->","yoast_head_json":{"title":"830. Geburtstag Bosniens - Gesellschaft Bosnischer Akademiker","robots":{"index":"index","follow":"follow","max-snippet":"max-snippet:-1","max-image-preview":"max-image-preview:large","max-video-preview":"max-video-preview:-1"},"canonical":"https:\/\/www.bhakademiker.org\/bs\/830-geburtstag-bosniens\/","og_locale":"bs_BA","og_type":"article","og_title":"830. Geburtstag Bosniens - Gesellschaft Bosnischer Akademiker","og_url":"https:\/\/www.bhakademiker.org\/bs\/830-geburtstag-bosniens\/","og_site_name":"Gesellschaft Bosnischer Akademiker","article_modified_time":"2021-06-25T21:49:08+00:00","og_image":[{"url":"https:\/\/www.bhakademiker.org\/\/files\/pics\/slika_1.jpg"}],"twitter_card":"summary_large_image","twitter_misc":{"Est. reading time":"5 minuta"},"schema":{"@context":"https:\/\/schema.org","@graph":[{"@type":"WebPage","@id":"https:\/\/www.bhakademiker.org\/de\/830-geburtstag-bosniens\/","url":"https:\/\/www.bhakademiker.org\/de\/830-geburtstag-bosniens\/","name":"830. Geburtstag Bosniens - Gesellschaft Bosnischer Akademiker","isPartOf":{"@id":"https:\/\/www.bhakademiker.org\/bs\/#website"},"datePublished":"2021-06-25T21:30:55+00:00","dateModified":"2021-06-25T21:49:08+00:00","breadcrumb":{"@id":"https:\/\/www.bhakademiker.org\/de\/830-geburtstag-bosniens\/#breadcrumb"},"inLanguage":"bs-BA","potentialAction":[{"@type":"ReadAction","target":["https:\/\/www.bhakademiker.org\/de\/830-geburtstag-bosniens\/"]}]},{"@type":"BreadcrumbList","@id":"https:\/\/www.bhakademiker.org\/de\/830-geburtstag-bosniens\/#breadcrumb","itemListElement":[{"@type":"ListItem","position":1,"name":"Home","item":"https:\/\/www.bhakademiker.org\/"},{"@type":"ListItem","position":2,"name":"830. Geburtstag Bosniens"}]},{"@type":"WebSite","@id":"https:\/\/www.bhakademiker.org\/bs\/#website","url":"https:\/\/www.bhakademiker.org\/bs\/","name":"Gesellschaft Bosnischer Akademiker","description":"","publisher":{"@id":"https:\/\/www.bhakademiker.org\/bs\/#organization"},"potentialAction":[{"@type":"SearchAction","target":{"@type":"EntryPoint","urlTemplate":"https:\/\/www.bhakademiker.org\/bs\/?s={search_term_string}"},"query-input":"required name=search_term_string"}],"inLanguage":"bs-BA"},{"@type":"Organization","@id":"https:\/\/www.bhakademiker.org\/bs\/#organization","name":"Gesellschaft Bosnischer Akademiker in \u00d6sterreich","url":"https:\/\/www.bhakademiker.org\/bs\/","logo":{"@type":"ImageObject","inLanguage":"bs-BA","@id":"https:\/\/www.bhakademiker.org\/bs\/#\/schema\/logo\/image\/","url":"https:\/\/www.bhakademiker.org\/wp-content\/uploads\/2022\/01\/featured-GBAA.png","contentUrl":"https:\/\/www.bhakademiker.org\/wp-content\/uploads\/2022\/01\/featured-GBAA.png","width":1200,"height":630,"caption":"Gesellschaft Bosnischer Akademiker in \u00d6sterreich"},"image":{"@id":"https:\/\/www.bhakademiker.org\/bs\/#\/schema\/logo\/image\/"}}]}},"_links":{"self":[{"href":"https:\/\/www.bhakademiker.org\/bs\/wp-json\/wp\/v2\/pages\/1240","targetHints":{"allow":["GET"]}}],"collection":[{"href":"https:\/\/www.bhakademiker.org\/bs\/wp-json\/wp\/v2\/pages"}],"about":[{"href":"https:\/\/www.bhakademiker.org\/bs\/wp-json\/wp\/v2\/types\/page"}],"author":[{"embeddable":true,"href":"https:\/\/www.bhakademiker.org\/bs\/wp-json\/wp\/v2\/users\/1"}],"replies":[{"embeddable":true,"href":"https:\/\/www.bhakademiker.org\/bs\/wp-json\/wp\/v2\/comments?post=1240"}],"version-history":[{"count":9,"href":"https:\/\/www.bhakademiker.org\/bs\/wp-json\/wp\/v2\/pages\/1240\/revisions"}],"predecessor-version":[{"id":1259,"href":"https:\/\/www.bhakademiker.org\/bs\/wp-json\/wp\/v2\/pages\/1240\/revisions\/1259"}],"wp:attachment":[{"href":"https:\/\/www.bhakademiker.org\/bs\/wp-json\/wp\/v2\/media?parent=1240"}],"curies":[{"name":"wp","href":"https:\/\/api.w.org\/{rel}","templated":true}]}}