{"id":2605,"date":"2023-05-10T11:58:12","date_gmt":"2023-05-10T09:58:12","guid":{"rendered":"https:\/\/www.bhakademiker.org\/?page_id=2605"},"modified":"2023-05-10T13:36:23","modified_gmt":"2023-05-10T11:36:23","slug":"832-geburtstag","status":"publish","type":"page","link":"https:\/\/www.bhakademiker.org\/bs\/832-geburtstag\/","title":{"rendered":"832. Ro\u0111endan"},"content":{"rendered":"<h1 style=\"text-align: center;\">832. Ro\u0111endan<\/h1>\n<hr \/>\n<p>Bosansko Akademsko Dru\u0161tvo u Austriji tradicionalno organizuje sve\u010danost povodom ro\u0111endana Bosne s ciljem da se oja\u010da svjesnost bosanskog duha i Bosanstva.<\/p>\n<p>15. oktobra 2021. godine proslavljen je 832. ro\u0111endan, dan kada je potpisana Povelja Kulina bana (29. avgusta 1189.).<\/p>\n<p class=\" translation-block\">Sve\u010danost je otvorila <strong>Senada Duhan<\/strong> recitacijom pjesme \u201eZapis o zemlji\u201c Maka Dizdara koja je postala himna manifestacije u Be\u010du. Ova pjesma, \u010diji zavr\u0161etak \u201eBosna... prkosna od sna\u201c, daje mnogo prostora za razmi\u0161ljanje.<\/p>\n<p><a href=\"https:\/\/www.bhakademiker.org\/wp-content\/uploads\/2023\/05\/Bild1.jpg\"><img fetchpriority=\"high\" decoding=\"async\" class=\"wp-image-2608 aligncenter\" src=\"https:\/\/www.bhakademiker.org\/wp-content\/uploads\/2023\/05\/Bild1.jpg\" alt=\"\" width=\"362\" height=\"203\" srcset=\"https:\/\/www.bhakademiker.org\/wp-content\/uploads\/2023\/05\/Bild1.jpg 640w, https:\/\/www.bhakademiker.org\/wp-content\/uploads\/2023\/05\/Bild1-300x168.jpg 300w, https:\/\/www.bhakademiker.org\/wp-content\/uploads\/2023\/05\/Bild1-18x10.jpg 18w\" sizes=\"(max-width: 362px) 100vw, 362px\" \/><\/a><\/p>\n<p>Poslije ovog umjetni\u010dkog po\u010detka, pozdravljeni su svi prisutni i po\u010dasni gosti ve\u010deri:<\/p>\n<p>Bogi\u0107 Bogi\u0107evi\u0107,  knji\u017eevnik akademik univ. prof. dr. D\u017eevad Karahasan, fudbalska legenda i fudbalski filozof Ivica Osim, Dr. Kemal Kozari\u0107 - ambasodor BiH u Austriji, Silvio Kus - opunomo\u0107eni ministar republike Hrvatske u Austriji, Dr. J\u00f6rg Hofreiter - po\u010dasni konzul BiH u Austriji za  \u0160tajersku, Dipl.Ing. Davul Ljuhar - po\u010dasni konzul BiH u Austriji za Be\u010d i Donju Austriju, univ. prof. Dr. Anis Bajrektarevi\u0107, Peter Haider Predsjednik - federacije za svjetski mir u Austriji, austrijski reporter i stru\u010dnjak za Balkan Christian Wehrsch\u00fctz.<\/p>\n<p>Uvodnim govorom osniva\u010d udru\u017eenja, ZT Dipl. Ing. Sira\u0111 Duhan, zvani\u010dno je otvorio ve\u010der s nekoliko re\u010denica:<a href=\"https:\/\/www.bhakademiker.org\/wp-content\/uploads\/2023\/05\/Bild2.jpg\"><img decoding=\"async\" class=\"alignleft wp-image-2609\" src=\"https:\/\/www.bhakademiker.org\/wp-content\/uploads\/2023\/05\/Bild2.jpg\" alt=\"\" width=\"332\" height=\"221\" srcset=\"https:\/\/www.bhakademiker.org\/wp-content\/uploads\/2023\/05\/Bild2.jpg 615w, https:\/\/www.bhakademiker.org\/wp-content\/uploads\/2023\/05\/Bild2-300x200.jpg 300w, https:\/\/www.bhakademiker.org\/wp-content\/uploads\/2023\/05\/Bild2-18x12.jpg 18w, https:\/\/www.bhakademiker.org\/wp-content\/uploads\/2023\/05\/Bild2-500x335.jpg 500w, https:\/\/www.bhakademiker.org\/wp-content\/uploads\/2023\/05\/Bild2-150x100.jpg 150w\" sizes=\"(max-width: 332px) 100vw, 332px\" \/><\/a><\/p>\n<p>\u201eOd izuzetne je va\u017enosti \u010duvati i obnavljati sje\u0107anje na bana Kulina i Povelju,  \u010dime obnavljamo sje\u0107anje na svoje po\u010detke i na dobre Bo\u0161njane (Bosance) koji su kroz historiju uvijek pokazivali da su druga\u010diji, stolje\u0107ima zajedno \u017eive\u0107i, respektiraju\u0107i druge u njihovoj razli\u010ditosti i drugima ne \u010dine\u0107i zlo. Od historije u\u010dimo da je Bosna bila najstarija razvijena dr\u017eava na zapadnom Balkanu. Stolje\u0107ima su granice Bosne, od Une do Drine i od Save do mora, mo\u017eda najpostojanije granice jedne evropske dr\u017eave...\u201c<\/p>\n<p>&nbsp;<\/p>\n<p>&nbsp;<\/p>\n<p>&nbsp;<\/p>\n<p><a href=\"https:\/\/www.bhakademiker.org\/wp-content\/uploads\/2023\/05\/Bild3.jpg\"><img decoding=\"async\" class=\"alignleft wp-image-2610\" src=\"https:\/\/www.bhakademiker.org\/wp-content\/uploads\/2023\/05\/Bild3.jpg\" alt=\"\" width=\"330\" height=\"220\" srcset=\"https:\/\/www.bhakademiker.org\/wp-content\/uploads\/2023\/05\/Bild3.jpg 588w, https:\/\/www.bhakademiker.org\/wp-content\/uploads\/2023\/05\/Bild3-300x201.jpg 300w, https:\/\/www.bhakademiker.org\/wp-content\/uploads\/2023\/05\/Bild3-18x12.jpg 18w, https:\/\/www.bhakademiker.org\/wp-content\/uploads\/2023\/05\/Bild3-500x335.jpg 500w, https:\/\/www.bhakademiker.org\/wp-content\/uploads\/2023\/05\/Bild3-150x100.jpg 150w\" sizes=\"(max-width: 330px) 100vw, 330px\" \/><\/a>Dr. Kemal Kozari\u0107, ambasador za Bosnu i Hercegovinu u Austriji, uru\u010dio je nakon kratkog pozdravnog govora poklon Bosanskom Akademskom Dru\u0161tvu u Austriji, sliku mostova u Sarajevu. Zahvaljuju\u0107i se na\u0161em radu na promociji vrijednosti Bosne i Hercegovine, ambasador Kozari\u0107 je najavio uskoro otvaranje kulturnog centra u Be\u010du.<\/p>\n<p><em>\u00a0<\/em><\/p>\n<p>&nbsp;<\/p>\n<p>&nbsp;<\/p>\n<p>&nbsp;<\/p>\n<p><a href=\"https:\/\/www.bhakademiker.org\/wp-content\/uploads\/2023\/05\/Bild4.jpg\"><img loading=\"lazy\" decoding=\"async\" class=\"alignleft wp-image-2611\" src=\"https:\/\/www.bhakademiker.org\/wp-content\/uploads\/2023\/05\/Bild4.jpg\" alt=\"\" width=\"330\" height=\"184\" srcset=\"https:\/\/www.bhakademiker.org\/wp-content\/uploads\/2023\/05\/Bild4.jpg 564w, https:\/\/www.bhakademiker.org\/wp-content\/uploads\/2023\/05\/Bild4-300x168.jpg 300w, https:\/\/www.bhakademiker.org\/wp-content\/uploads\/2023\/05\/Bild4-18x10.jpg 18w\" sizes=\"(max-width: 330px) 100vw, 330px\" \/><\/a>Potom je histori\u010darka Merisa Me\u0161anovi\u0107 povela publiku na putovanje kroz srednjovjekovnu Bosnu, i precizirala detalje nastanka i va\u017enosti Povelje.<\/p>\n<p>&nbsp;<\/p>\n<p>&nbsp;<\/p>\n<p>&nbsp;<\/p>\n<p>&nbsp;<\/p>\n<p>&nbsp;<\/p>\n<p><a href=\"https:\/\/www.bhakademiker.org\/wp-content\/uploads\/2023\/05\/Bild5.jpg\"><img loading=\"lazy\" decoding=\"async\" class=\"alignleft wp-image-2612\" src=\"https:\/\/www.bhakademiker.org\/wp-content\/uploads\/2023\/05\/Bild5.jpg\" alt=\"\" width=\"329\" height=\"220\" srcset=\"https:\/\/www.bhakademiker.org\/wp-content\/uploads\/2023\/05\/Bild5.jpg 511w, https:\/\/www.bhakademiker.org\/wp-content\/uploads\/2023\/05\/Bild5-300x200.jpg 300w, https:\/\/www.bhakademiker.org\/wp-content\/uploads\/2023\/05\/Bild5-18x12.jpg 18w, https:\/\/www.bhakademiker.org\/wp-content\/uploads\/2023\/05\/Bild5-263x177.jpg 263w, https:\/\/www.bhakademiker.org\/wp-content\/uploads\/2023\/05\/Bild5-500x335.jpg 500w, https:\/\/www.bhakademiker.org\/wp-content\/uploads\/2023\/05\/Bild5-150x100.jpg 150w\" sizes=\"(max-width: 329px) 100vw, 329px\" \/><\/a>Christian Wehrsch\u00fctz, novinar austrijske dr\u017eavne televizije:<\/p>\n<p>\u201eBosna i Hercegovina je puna dobrih ljudi, ali na\u017ealost, politi\u010dari i sistem moraju biti promijenjeni ukoliko se \u017eeli napredak zemlje.\u201c<\/p>\n<p>&nbsp;<\/p>\n<p>&nbsp;<\/p>\n<p>&nbsp;<\/p>\n<p>&nbsp;<\/p>\n<p>&nbsp;<\/p>\n<p>Kulturni dio manifestacije pratile su Maja Mijatovi\u0107 na \u010dembalu i sopranistkinja Selma Aljovi\u0107 koje su odu\u0161evile i bosansku i austrijsku publiku.<\/p>\n<p>&nbsp;<\/p>\n<p><a href=\"https:\/\/www.bhakademiker.org\/wp-content\/uploads\/2023\/05\/Screenshot-2023-05-10-103559.png\"><img loading=\"lazy\" decoding=\"async\" class=\"wp-image-2627 aligncenter\" src=\"https:\/\/www.bhakademiker.org\/wp-content\/uploads\/2023\/05\/Screenshot-2023-05-10-103559.png\" alt=\"\" width=\"803\" height=\"262\" srcset=\"https:\/\/www.bhakademiker.org\/wp-content\/uploads\/2023\/05\/Screenshot-2023-05-10-103559.png 1011w, https:\/\/www.bhakademiker.org\/wp-content\/uploads\/2023\/05\/Screenshot-2023-05-10-103559-300x98.png 300w, https:\/\/www.bhakademiker.org\/wp-content\/uploads\/2023\/05\/Screenshot-2023-05-10-103559-768x251.png 768w, https:\/\/www.bhakademiker.org\/wp-content\/uploads\/2023\/05\/Screenshot-2023-05-10-103559-18x6.png 18w\" sizes=\"(max-width: 803px) 100vw, 803px\" \/><\/a><\/p>\n<p><a href=\"https:\/\/www.bhakademiker.org\/wp-content\/uploads\/2023\/05\/Bild8.jpg\"><img loading=\"lazy\" decoding=\"async\" class=\"alignleft wp-image-2615\" src=\"https:\/\/www.bhakademiker.org\/wp-content\/uploads\/2023\/05\/Bild8.jpg\" alt=\"\" width=\"321\" height=\"215\" srcset=\"https:\/\/www.bhakademiker.org\/wp-content\/uploads\/2023\/05\/Bild8.jpg 705w, https:\/\/www.bhakademiker.org\/wp-content\/uploads\/2023\/05\/Bild8-300x200.jpg 300w, https:\/\/www.bhakademiker.org\/wp-content\/uploads\/2023\/05\/Bild8-18x12.jpg 18w, https:\/\/www.bhakademiker.org\/wp-content\/uploads\/2023\/05\/Bild8-263x177.jpg 263w, https:\/\/www.bhakademiker.org\/wp-content\/uploads\/2023\/05\/Bild8-500x335.jpg 500w, https:\/\/www.bhakademiker.org\/wp-content\/uploads\/2023\/05\/Bild8-150x100.jpg 150w\" sizes=\"(max-width: 321px) 100vw, 321px\" \/><\/a>Jedno od iznena\u0111enja ve\u010deri priredila je 14-godi\u0161nja Aldina Pinji\u0107 \u010ditanjem svog teksta \u201eSarajevski Romeo i Julija\u201c, pri\u010da o Bo\u0161ku i Admiri. Cijeli tekst \u0107e biti objavljen na na\u0161im stranicama.<\/p>\n<p>&nbsp;<\/p>\n<p>&nbsp;<\/p>\n<p>&nbsp;<\/p>\n<p>&nbsp;<\/p>\n<p>&nbsp;<\/p>\n<p><a href=\"https:\/\/www.bhakademiker.org\/wp-content\/uploads\/2023\/05\/Bild9.jpg\"><img loading=\"lazy\" decoding=\"async\" class=\"alignleft wp-image-2616\" src=\"https:\/\/www.bhakademiker.org\/wp-content\/uploads\/2023\/05\/Bild9.jpg\" alt=\"\" width=\"320\" height=\"213\" srcset=\"https:\/\/www.bhakademiker.org\/wp-content\/uploads\/2023\/05\/Bild9.jpg 748w, https:\/\/www.bhakademiker.org\/wp-content\/uploads\/2023\/05\/Bild9-300x200.jpg 300w, https:\/\/www.bhakademiker.org\/wp-content\/uploads\/2023\/05\/Bild9-18x12.jpg 18w, https:\/\/www.bhakademiker.org\/wp-content\/uploads\/2023\/05\/Bild9-500x335.jpg 500w, https:\/\/www.bhakademiker.org\/wp-content\/uploads\/2023\/05\/Bild9-150x100.jpg 150w\" sizes=\"(max-width: 320px) 100vw, 320px\" \/><\/a>Glavni govornik ve\u010deri Bogi\u0107 Bogi\u0107evi\u0107 je govorio o sada\u0161njem stanju u BiH. Iznio je mnogo podataka koji ne idu u prilog razvoju dr\u017eave, ali je naglasio da jedino dijaspora koja voli Bosnu, a ne bilo koji stranci, mo\u017ee preokrenuti postoje\u0107e stanje u BiH, ukoliko se ujedini na bosanskom putu.<\/p>\n<p>&nbsp;<\/p>\n<p>&nbsp;<\/p>\n<p>&nbsp;<\/p>\n<p>&nbsp;<\/p>\n<p><a href=\"https:\/\/www.bhakademiker.org\/wp-content\/uploads\/2023\/05\/Bild10.jpg\"><img loading=\"lazy\" decoding=\"async\" class=\"alignleft wp-image-2618\" src=\"https:\/\/www.bhakademiker.org\/wp-content\/uploads\/2023\/05\/Bild10.jpg\" alt=\"\" width=\"320\" height=\"213\" srcset=\"https:\/\/www.bhakademiker.org\/wp-content\/uploads\/2023\/05\/Bild10.jpg 660w, https:\/\/www.bhakademiker.org\/wp-content\/uploads\/2023\/05\/Bild10-300x200.jpg 300w, https:\/\/www.bhakademiker.org\/wp-content\/uploads\/2023\/05\/Bild10-18x12.jpg 18w, https:\/\/www.bhakademiker.org\/wp-content\/uploads\/2023\/05\/Bild10-500x335.jpg 500w, https:\/\/www.bhakademiker.org\/wp-content\/uploads\/2023\/05\/Bild10-150x100.jpg 150w\" sizes=\"(max-width: 320px) 100vw, 320px\" \/><\/a>Profesor Dr. D\u017eevad Karahasan, iz knjige \u201eDnevnik selidbe\u201c: \u201eTreba li nakon toga obja\u0161njavati da ovako fina i ovako komplicirana cjelina, kakva je Sarajevo u kojem se kao u ogledalu odra\u017eava cijela Bosna i Hercegovina, mora biti krhka? Treba li posebno napominjati koliko je prirodno da takva cjelina privla\u010di i op\u010dinjava zato\u010denike epske kulture onako kako cvijet u staklencu privla\u010di i op\u010dinjava divljake?\u201c<\/p>\n<p>Cijeli tekst bit \u0107e objavljen na na\u0161im stranicama.<\/p>\n<p>&nbsp;<\/p>\n<p>&nbsp;<\/p>\n<p>Dodjela studentskih nagrada spada u sastavni dio manifestacije \u201eRo\u0111endan Bosne\u201c jer samo obrazovana Bosna mo\u017ee da iznese izvana nametnuti teret.<\/p>\n<p>Ove godine nagra\u0111eni su najuspje\u0161niji studenti u pojedinim kategorijama:<\/p>\n<p>Bajri\u0107 Una, Buko Ai\u0161a, Grkavac Jelena, Ku\u0161ljugi\u0107 Mirna, Hubana Tarik.<\/p>\n<p><a href=\"https:\/\/www.bhakademiker.org\/wp-content\/uploads\/2023\/05\/Screenshot-2023-05-10-102218.png\"><img loading=\"lazy\" decoding=\"async\" class=\"wp-image-2619 aligncenter\" src=\"https:\/\/www.bhakademiker.org\/wp-content\/uploads\/2023\/05\/Screenshot-2023-05-10-102218.png\" alt=\"\" width=\"552\" height=\"246\" srcset=\"https:\/\/www.bhakademiker.org\/wp-content\/uploads\/2023\/05\/Screenshot-2023-05-10-102218.png 844w, https:\/\/www.bhakademiker.org\/wp-content\/uploads\/2023\/05\/Screenshot-2023-05-10-102218-300x134.png 300w, https:\/\/www.bhakademiker.org\/wp-content\/uploads\/2023\/05\/Screenshot-2023-05-10-102218-768x342.png 768w, https:\/\/www.bhakademiker.org\/wp-content\/uploads\/2023\/05\/Screenshot-2023-05-10-102218-18x8.png 18w\" sizes=\"(max-width: 552px) 100vw, 552px\" \/><\/a><\/p>\n<p>&nbsp;<\/p>\n<p>O njima \u0107emo tako\u0111er objaviti posebnu informaciju na na\u0161im stranicama.<\/p>\n<p>Nakon dodjele studentskih nagrada, pomo\u0107nica gradona\u010delnice grada Sarajeva za obrazovanje, kulturu, spor<a href=\"https:\/\/www.bhakademiker.org\/wp-content\/uploads\/2023\/05\/Bild11.jpg\"><img loading=\"lazy\" decoding=\"async\" class=\"alignleft wp-image-2620\" src=\"https:\/\/www.bhakademiker.org\/wp-content\/uploads\/2023\/05\/Bild11.jpg\" alt=\"\" width=\"330\" height=\"220\" srcset=\"https:\/\/www.bhakademiker.org\/wp-content\/uploads\/2023\/05\/Bild11.jpg 629w, https:\/\/www.bhakademiker.org\/wp-content\/uploads\/2023\/05\/Bild11-300x200.jpg 300w, https:\/\/www.bhakademiker.org\/wp-content\/uploads\/2023\/05\/Bild11-18x12.jpg 18w, https:\/\/www.bhakademiker.org\/wp-content\/uploads\/2023\/05\/Bild11-500x335.jpg 500w, https:\/\/www.bhakademiker.org\/wp-content\/uploads\/2023\/05\/Bild11-150x100.jpg 150w\" sizes=\"(max-width: 330px) 100vw, 330px\" \/><\/a>t i mlade, Amina Deljkovi\u0107, pozdravila je skup i uru\u010dila Bosanskom Akademskom Dru\u0161tvu u Austriji poklon grada Sarajeva. Za uzvrat dospo\u0111i Amini Deljkovi\u0107, Sira\u0111 Duhan je ispred GBAA poklonio knjigu D\u017eevada Karahasana \u201eNo\u0107no vije\u0107e\u201c.<\/p>\n<p>&nbsp;<\/p>\n<p>&nbsp;<\/p>\n<p>&nbsp;<\/p>\n<p>&nbsp;<\/p>\n<p>&nbsp;<\/p>\n<p><a href=\"https:\/\/www.bhakademiker.org\/wp-content\/uploads\/2023\/05\/Bild12.jpg\"><img loading=\"lazy\" decoding=\"async\" class=\"alignleft wp-image-2621\" src=\"https:\/\/www.bhakademiker.org\/wp-content\/uploads\/2023\/05\/Bild12.jpg\" alt=\"\" width=\"330\" height=\"221\" srcset=\"https:\/\/www.bhakademiker.org\/wp-content\/uploads\/2023\/05\/Bild12.jpg 552w, https:\/\/www.bhakademiker.org\/wp-content\/uploads\/2023\/05\/Bild12-300x201.jpg 300w, https:\/\/www.bhakademiker.org\/wp-content\/uploads\/2023\/05\/Bild12-18x12.jpg 18w, https:\/\/www.bhakademiker.org\/wp-content\/uploads\/2023\/05\/Bild12-263x177.jpg 263w, https:\/\/www.bhakademiker.org\/wp-content\/uploads\/2023\/05\/Bild12-500x335.jpg 500w, https:\/\/www.bhakademiker.org\/wp-content\/uploads\/2023\/05\/Bild12-150x100.jpg 150w\" sizes=\"(max-width: 330px) 100vw, 330px\" \/><\/a>Na samom kraju manifestacije, Bosansko Akademsko Dru\u0161tvo postalo je bogatije za nova dva \u010dlana: Ivicu Osima i Bogi\u0107a Bogi\u0107evi\u0107a. Njima je uru\u010den poseban pokal na\u0161e organizacije<\/p>\n<p>&nbsp;<\/p>\n<p>&nbsp;<\/p>\n<p>&nbsp;<\/p>\n<p>&nbsp;<\/p>\n<p>&nbsp;<\/p>\n<p>&nbsp;<\/p>\n<p><a href=\"https:\/\/www.bhakademiker.org\/wp-content\/uploads\/2023\/05\/Bild13.jpg\"><img loading=\"lazy\" decoding=\"async\" class=\"alignleft wp-image-2622\" src=\"https:\/\/www.bhakademiker.org\/wp-content\/uploads\/2023\/05\/Bild13.jpg\" alt=\"\" width=\"331\" height=\"220\" srcset=\"https:\/\/www.bhakademiker.org\/wp-content\/uploads\/2023\/05\/Bild13.jpg 588w, https:\/\/www.bhakademiker.org\/wp-content\/uploads\/2023\/05\/Bild13-300x200.jpg 300w, https:\/\/www.bhakademiker.org\/wp-content\/uploads\/2023\/05\/Bild13-18x12.jpg 18w, https:\/\/www.bhakademiker.org\/wp-content\/uploads\/2023\/05\/Bild13-150x100.jpg 150w\" sizes=\"(max-width: 331px) 100vw, 331px\" \/><\/a>Jakim aplauzom nagra\u0111ena je mlada i \u0161armantna voditeljica Amina \u010ca\u010dkovi\u0107 za uspje\u0161no moderiranje cijelog skupa.<\/p>\n<p>&nbsp;<\/p>\n<p>&nbsp;<\/p>\n<p>&nbsp;<\/p>\n<p>&nbsp;<\/p>\n<p>&nbsp;<\/p>\n<p>&nbsp;<\/p>\n<p>Tim koji je radio na ovom projektu pod rukovodstvom Alene Bukvi\u0107:<\/p>\n<p><a href=\"https:\/\/www.bhakademiker.org\/wp-content\/uploads\/2023\/05\/Bild14.jpg\"><img loading=\"lazy\" decoding=\"async\" class=\"wp-image-2623 aligncenter\" src=\"https:\/\/www.bhakademiker.org\/wp-content\/uploads\/2023\/05\/Bild14.jpg\" alt=\"\" width=\"370\" height=\"248\" srcset=\"https:\/\/www.bhakademiker.org\/wp-content\/uploads\/2023\/05\/Bild14.jpg 667w, https:\/\/www.bhakademiker.org\/wp-content\/uploads\/2023\/05\/Bild14-300x201.jpg 300w, https:\/\/www.bhakademiker.org\/wp-content\/uploads\/2023\/05\/Bild14-18x12.jpg 18w, https:\/\/www.bhakademiker.org\/wp-content\/uploads\/2023\/05\/Bild14-263x177.jpg 263w, https:\/\/www.bhakademiker.org\/wp-content\/uploads\/2023\/05\/Bild14-500x335.jpg 500w, https:\/\/www.bhakademiker.org\/wp-content\/uploads\/2023\/05\/Bild14-150x100.jpg 150w\" sizes=\"(max-width: 370px) 100vw, 370px\" \/><\/a><\/p>\n<p>&nbsp;<\/p>\n<p>Jo\u0161 par utisaka sa skupa:<\/p>\n<p>&nbsp;<\/p>\n<p><a href=\"https:\/\/www.bhakademiker.org\/wp-content\/uploads\/2023\/05\/Screenshot-2023-05-10-102416.png\"><img loading=\"lazy\" decoding=\"async\" class=\"wp-image-2624 aligncenter\" src=\"https:\/\/www.bhakademiker.org\/wp-content\/uploads\/2023\/05\/Screenshot-2023-05-10-102416.png\" alt=\"\" width=\"729\" height=\"247\" srcset=\"https:\/\/www.bhakademiker.org\/wp-content\/uploads\/2023\/05\/Screenshot-2023-05-10-102416.png 1214w, https:\/\/www.bhakademiker.org\/wp-content\/uploads\/2023\/05\/Screenshot-2023-05-10-102416-300x102.png 300w, https:\/\/www.bhakademiker.org\/wp-content\/uploads\/2023\/05\/Screenshot-2023-05-10-102416-1024x347.png 1024w, https:\/\/www.bhakademiker.org\/wp-content\/uploads\/2023\/05\/Screenshot-2023-05-10-102416-768x260.png 768w, https:\/\/www.bhakademiker.org\/wp-content\/uploads\/2023\/05\/Screenshot-2023-05-10-102416-18x6.png 18w\" sizes=\"(max-width: 729px) 100vw, 729px\" \/><\/a><\/p>\n<p style=\"text-align: center;\"><em>\u010cuvajmo pro\u0161lost, kako bismo imali budu\u0107nost.<\/em><\/p>","protected":false},"excerpt":{"rendered":"<p>832. Geburtstag Die Gesellschaft Bosnischer Akademiker in \u00d6sterreich veranstaltet traditionell anl\u00e4sslich des Geburtstages Bosniens eine Veranstaltung mit dem Ziel, das Bewusstsein f\u00fcr den bosnischen Geist und Bosnien zu st\u00e4rken. Am 15. Oktober 2021 wurde der 832. Geburtstag gefeiert, der Tag der Unterzeichnung der Urkunde-Kulin-Ban (29. August 1189). Die Zeremonie wurde von Senada Duhan mit der Rezitation von Mak Dizdars Lied \u201eZapis o zemlji\u201c er\u00f6ffnet, das zur Hymne der Veranstaltung in Wien wurde. Dieses Gedicht, dessen Ende \u201eBosnien&#8230; dem Schlaf trotzend\u201c lautet, gibt viel Raum zum Nachdenken. Nach diesem k\u00fcnstlerischen Beginn wurden alle anwesenden und geehrten G\u00e4ste des Abends begr\u00fc\u00dft: Bogi\u0107&#8230;<\/p>","protected":false},"author":1,"featured_media":0,"parent":0,"menu_order":0,"comment_status":"closed","ping_status":"closed","template":"","meta":{"footnotes":""},"class_list":["post-2605","page","type-page","status-publish","hentry"],"yoast_head":"<!-- This site is optimized with the Yoast SEO plugin v20.3 - https:\/\/yoast.com\/wordpress\/plugins\/seo\/ -->\n<title>832. Geburtstag - Gesellschaft Bosnischer Akademiker<\/title>\n<meta name=\"robots\" content=\"index, follow, max-snippet:-1, max-image-preview:large, max-video-preview:-1\" \/>\n<link rel=\"canonical\" href=\"https:\/\/www.bhakademiker.org\/bs\/832-geburtstag\/\" \/>\n<meta property=\"og:locale\" content=\"bs_BA\" \/>\n<meta property=\"og:type\" content=\"article\" \/>\n<meta property=\"og:title\" content=\"832. Geburtstag - Gesellschaft Bosnischer Akademiker\" \/>\n<meta property=\"og:description\" content=\"832. Geburtstag Die Gesellschaft Bosnischer Akademiker in \u00d6sterreich veranstaltet traditionell anl\u00e4sslich des Geburtstages Bosniens eine Veranstaltung mit dem Ziel, das Bewusstsein f\u00fcr den bosnischen Geist und Bosnien zu st\u00e4rken. Am 15. Oktober 2021 wurde der 832. Geburtstag gefeiert, der Tag der Unterzeichnung der Urkunde-Kulin-Ban (29. August 1189). Die Zeremonie wurde von Senada Duhan mit der Rezitation von Mak Dizdars Lied \u201eZapis o zemlji\u201c er\u00f6ffnet, das zur Hymne der Veranstaltung in Wien wurde. Dieses Gedicht, dessen Ende \u201eBosnien&#8230; dem Schlaf trotzend\u201c lautet, gibt viel Raum zum Nachdenken. Nach diesem k\u00fcnstlerischen Beginn wurden alle anwesenden und geehrten G\u00e4ste des Abends begr\u00fc\u00dft: Bogi\u0107...\" \/>\n<meta property=\"og:url\" content=\"https:\/\/www.bhakademiker.org\/bs\/832-geburtstag\/\" \/>\n<meta property=\"og:site_name\" content=\"Gesellschaft Bosnischer Akademiker\" \/>\n<meta property=\"article:modified_time\" content=\"2023-05-10T11:36:23+00:00\" \/>\n<meta property=\"og:image\" content=\"https:\/\/www.bhakademiker.org\/wp-content\/uploads\/2023\/05\/Bild1.jpg\" \/>\n<meta name=\"twitter:card\" content=\"summary_large_image\" \/>\n<meta name=\"twitter:label1\" content=\"Est. reading time\" \/>\n\t<meta name=\"twitter:data1\" content=\"7 minuta\" \/>\n<script type=\"application\/ld+json\" class=\"yoast-schema-graph\">{\"@context\":\"https:\/\/schema.org\",\"@graph\":[{\"@type\":\"WebPage\",\"@id\":\"https:\/\/www.bhakademiker.org\/832-geburtstag\/\",\"url\":\"https:\/\/www.bhakademiker.org\/832-geburtstag\/\",\"name\":\"832. Geburtstag - Gesellschaft Bosnischer Akademiker\",\"isPartOf\":{\"@id\":\"https:\/\/www.bhakademiker.org\/bs\/#website\"},\"datePublished\":\"2023-05-10T09:58:12+00:00\",\"dateModified\":\"2023-05-10T11:36:23+00:00\",\"breadcrumb\":{\"@id\":\"https:\/\/www.bhakademiker.org\/832-geburtstag\/#breadcrumb\"},\"inLanguage\":\"bs-BA\",\"potentialAction\":[{\"@type\":\"ReadAction\",\"target\":[\"https:\/\/www.bhakademiker.org\/832-geburtstag\/\"]}]},{\"@type\":\"BreadcrumbList\",\"@id\":\"https:\/\/www.bhakademiker.org\/832-geburtstag\/#breadcrumb\",\"itemListElement\":[{\"@type\":\"ListItem\",\"position\":1,\"name\":\"Home\",\"item\":\"https:\/\/www.bhakademiker.org\/\"},{\"@type\":\"ListItem\",\"position\":2,\"name\":\"832. Geburtstag\"}]},{\"@type\":\"WebSite\",\"@id\":\"https:\/\/www.bhakademiker.org\/bs\/#website\",\"url\":\"https:\/\/www.bhakademiker.org\/bs\/\",\"name\":\"Gesellschaft Bosnischer Akademiker\",\"description\":\"\",\"publisher\":{\"@id\":\"https:\/\/www.bhakademiker.org\/bs\/#organization\"},\"potentialAction\":[{\"@type\":\"SearchAction\",\"target\":{\"@type\":\"EntryPoint\",\"urlTemplate\":\"https:\/\/www.bhakademiker.org\/bs\/?s={search_term_string}\"},\"query-input\":\"required name=search_term_string\"}],\"inLanguage\":\"bs-BA\"},{\"@type\":\"Organization\",\"@id\":\"https:\/\/www.bhakademiker.org\/bs\/#organization\",\"name\":\"Gesellschaft Bosnischer Akademiker in \u00d6sterreich\",\"url\":\"https:\/\/www.bhakademiker.org\/bs\/\",\"logo\":{\"@type\":\"ImageObject\",\"inLanguage\":\"bs-BA\",\"@id\":\"https:\/\/www.bhakademiker.org\/bs\/#\/schema\/logo\/image\/\",\"url\":\"https:\/\/www.bhakademiker.org\/wp-content\/uploads\/2022\/01\/featured-GBAA.png\",\"contentUrl\":\"https:\/\/www.bhakademiker.org\/wp-content\/uploads\/2022\/01\/featured-GBAA.png\",\"width\":1200,\"height\":630,\"caption\":\"Gesellschaft Bosnischer Akademiker in \u00d6sterreich\"},\"image\":{\"@id\":\"https:\/\/www.bhakademiker.org\/bs\/#\/schema\/logo\/image\/\"}}]}<\/script>\n<!-- \/ Yoast SEO plugin. -->","yoast_head_json":{"title":"832. Geburtstag - Gesellschaft Bosnischer Akademiker","robots":{"index":"index","follow":"follow","max-snippet":"max-snippet:-1","max-image-preview":"max-image-preview:large","max-video-preview":"max-video-preview:-1"},"canonical":"https:\/\/www.bhakademiker.org\/bs\/832-geburtstag\/","og_locale":"bs_BA","og_type":"article","og_title":"832. Geburtstag - Gesellschaft Bosnischer Akademiker","og_description":"832. Geburtstag Die Gesellschaft Bosnischer Akademiker in \u00d6sterreich veranstaltet traditionell anl\u00e4sslich des Geburtstages Bosniens eine Veranstaltung mit dem Ziel, das Bewusstsein f\u00fcr den bosnischen Geist und Bosnien zu st\u00e4rken. Am 15. Oktober 2021 wurde der 832. Geburtstag gefeiert, der Tag der Unterzeichnung der Urkunde-Kulin-Ban (29. August 1189). Die Zeremonie wurde von Senada Duhan mit der Rezitation von Mak Dizdars Lied \u201eZapis o zemlji\u201c er\u00f6ffnet, das zur Hymne der Veranstaltung in Wien wurde. Dieses Gedicht, dessen Ende \u201eBosnien&#8230; dem Schlaf trotzend\u201c lautet, gibt viel Raum zum Nachdenken. Nach diesem k\u00fcnstlerischen Beginn wurden alle anwesenden und geehrten G\u00e4ste des Abends begr\u00fc\u00dft: Bogi\u0107...","og_url":"https:\/\/www.bhakademiker.org\/bs\/832-geburtstag\/","og_site_name":"Gesellschaft Bosnischer Akademiker","article_modified_time":"2023-05-10T11:36:23+00:00","og_image":[{"url":"https:\/\/www.bhakademiker.org\/wp-content\/uploads\/2023\/05\/Bild1.jpg"}],"twitter_card":"summary_large_image","twitter_misc":{"Est. reading time":"7 minuta"},"schema":{"@context":"https:\/\/schema.org","@graph":[{"@type":"WebPage","@id":"https:\/\/www.bhakademiker.org\/832-geburtstag\/","url":"https:\/\/www.bhakademiker.org\/832-geburtstag\/","name":"832. Geburtstag - Gesellschaft Bosnischer Akademiker","isPartOf":{"@id":"https:\/\/www.bhakademiker.org\/bs\/#website"},"datePublished":"2023-05-10T09:58:12+00:00","dateModified":"2023-05-10T11:36:23+00:00","breadcrumb":{"@id":"https:\/\/www.bhakademiker.org\/832-geburtstag\/#breadcrumb"},"inLanguage":"bs-BA","potentialAction":[{"@type":"ReadAction","target":["https:\/\/www.bhakademiker.org\/832-geburtstag\/"]}]},{"@type":"BreadcrumbList","@id":"https:\/\/www.bhakademiker.org\/832-geburtstag\/#breadcrumb","itemListElement":[{"@type":"ListItem","position":1,"name":"Home","item":"https:\/\/www.bhakademiker.org\/"},{"@type":"ListItem","position":2,"name":"832. Geburtstag"}]},{"@type":"WebSite","@id":"https:\/\/www.bhakademiker.org\/bs\/#website","url":"https:\/\/www.bhakademiker.org\/bs\/","name":"Gesellschaft Bosnischer Akademiker","description":"","publisher":{"@id":"https:\/\/www.bhakademiker.org\/bs\/#organization"},"potentialAction":[{"@type":"SearchAction","target":{"@type":"EntryPoint","urlTemplate":"https:\/\/www.bhakademiker.org\/bs\/?s={search_term_string}"},"query-input":"required name=search_term_string"}],"inLanguage":"bs-BA"},{"@type":"Organization","@id":"https:\/\/www.bhakademiker.org\/bs\/#organization","name":"Gesellschaft Bosnischer Akademiker in \u00d6sterreich","url":"https:\/\/www.bhakademiker.org\/bs\/","logo":{"@type":"ImageObject","inLanguage":"bs-BA","@id":"https:\/\/www.bhakademiker.org\/bs\/#\/schema\/logo\/image\/","url":"https:\/\/www.bhakademiker.org\/wp-content\/uploads\/2022\/01\/featured-GBAA.png","contentUrl":"https:\/\/www.bhakademiker.org\/wp-content\/uploads\/2022\/01\/featured-GBAA.png","width":1200,"height":630,"caption":"Gesellschaft Bosnischer Akademiker in \u00d6sterreich"},"image":{"@id":"https:\/\/www.bhakademiker.org\/bs\/#\/schema\/logo\/image\/"}}]}},"_links":{"self":[{"href":"https:\/\/www.bhakademiker.org\/bs\/wp-json\/wp\/v2\/pages\/2605","targetHints":{"allow":["GET"]}}],"collection":[{"href":"https:\/\/www.bhakademiker.org\/bs\/wp-json\/wp\/v2\/pages"}],"about":[{"href":"https:\/\/www.bhakademiker.org\/bs\/wp-json\/wp\/v2\/types\/page"}],"author":[{"embeddable":true,"href":"https:\/\/www.bhakademiker.org\/bs\/wp-json\/wp\/v2\/users\/1"}],"replies":[{"embeddable":true,"href":"https:\/\/www.bhakademiker.org\/bs\/wp-json\/wp\/v2\/comments?post=2605"}],"version-history":[{"count":10,"href":"https:\/\/www.bhakademiker.org\/bs\/wp-json\/wp\/v2\/pages\/2605\/revisions"}],"predecessor-version":[{"id":2639,"href":"https:\/\/www.bhakademiker.org\/bs\/wp-json\/wp\/v2\/pages\/2605\/revisions\/2639"}],"wp:attachment":[{"href":"https:\/\/www.bhakademiker.org\/bs\/wp-json\/wp\/v2\/media?parent=2605"}],"curies":[{"name":"wp","href":"https:\/\/api.w.org\/{rel}","templated":true}]}}