{"id":637,"date":"2016-04-29T13:56:32","date_gmt":"2016-04-29T13:56:32","guid":{"rendered":"http:\/\/velikorodnov.com\/dev\/candidate\/?page_id=637"},"modified":"2026-03-28T19:14:18","modified_gmt":"2026-03-28T18:14:18","slug":"bada","status":"publish","type":"page","link":"https:\/\/www.bhakademiker.org\/bs\/","title":{"rendered":"Home"},"content":{"rendered":"<div data-vc-full-width=\"true\" data-vc-full-width-init=\"false\" class=\"vc_row wpb_row row full-width-bg top-none vc_custom_1563433310446 vc_row-has-fill\"><div class=\"wpb_column vc_column_container vc_col-sm-12\"><div class=\"vc_column-inner\"><div class=\"wpb_wrapper\"><div class=\"wpb_revslider_element wpb_content_element\">\n\t\t\t<!-- START Slider3 REVOLUTION SLIDER 6.4.11 --><p class=\"rs-p-wp-fix\"><\/p>\n\t\t\t<rs-module-wrap id=\"rev_slider_2_1_wrapper\" data-source=\"gallery\" style=\"background:#E9E9E9;padding:0;margin:0px auto;margin-top:0;margin-bottom:0;\">\n\t\t\t\t<rs-module id=\"rev_slider_2_1\" style=\"\" data-version=\"6.4.11\">\n\t\t\t\t\t<rs-slides>\n\t\t\t\t\t\t<rs-slide data-key=\"rs-62\" data-title=\"Slide\" data-thumb=\"\/\/www.bhakademiker.org\/wp-content\/uploads\/2024\/04\/Meletta_slider.png\" data-in=\"o:0;x:100%;\" data-out=\"a:false;\">\n\t\t\t\t\t\t\t<img decoding=\"async\" src=\"\/\/www.bhakademiker.org\/wp-content\/plugins\/revslider\/public\/assets\/assets\/transparent.png\" alt=\"Slide\" class=\"rev-slidebg tp-rs-img\" data-bg=\"c:#ffffff;f:43% 100%;\" data-no-retina>\n<!--\n\t\t\t\t\t\t\t--><rs-layer\n\t\t\t\t\t\t\t\tid=\"slider-2-slide-62-layer-6\" \n\t\t\t\t\t\t\t\tdata-type=\"image\"\n\t\t\t\t\t\t\t\tdata-rsp_ch=\"on\"\n\t\t\t\t\t\t\t\tdata-xy=\"x:c;yo:51px,67px,26px,22px;\"\n\t\t\t\t\t\t\t\tdata-text=\"w:normal;s:20,19,14,8;l:0,24,18,11;\"\n\t\t\t\t\t\t\t\tdata-dim=\"w:477px,596px,634px,480px;h:477px,596px,634px,480px;\"\n\t\t\t\t\t\t\t\tdata-frame_999=\"o:0;st:w;\"\n\t\t\t\t\t\t\t\tstyle=\"z-index:8;background-color:#545454;\"\n\t\t\t\t\t\t\t><img fetchpriority=\"high\" decoding=\"async\" src=\"\/\/www.bhakademiker.org\/wp-content\/uploads\/2026\/03\/save-the-date.png\" class=\"tp-rs-img\" width=\"1654\" height=\"1654\" data-no-retina> \n\t\t\t\t\t\t\t<\/rs-layer><!--\n\n\t\t\t\t\t\t\t--><rs-layer\n\t\t\t\t\t\t\t\tid=\"slider-2-slide-62-layer-13\" \n\t\t\t\t\t\t\t\tdata-type=\"text\"\n\t\t\t\t\t\t\t\tdata-color=\"rgba(255,255,255,1)\"\n\t\t\t\t\t\t\t\tdata-rsp_ch=\"on\"\n\t\t\t\t\t\t\t\tdata-xy=\"x:c;xo:9px,0,0,0;y:t,m,m,m;yo:567px,331px,295px,248px;\"\n\t\t\t\t\t\t\t\tdata-text=\"l:22;a:left,center,center,center;\"\n\t\t\t\t\t\t\t\tdata-frame_0=\"o:1;\"\n\t\t\t\t\t\t\t\tdata-frame_1=\"st:1800;\"\n\t\t\t\t\t\t\t\tdata-frame_999=\"st:w;auto:true;\"\n\t\t\t\t\t\t\t\tstyle=\"z-index:10;background-color:#faf6e5;font-family:Verdana, Geneva, sans-serif;\"\n\t\t\t\t\t\t\t><a href='https:\/\/www.bhakademiker.org\/bs\/2026\/03\/06\/wirtschaftstreffen-in-graz-2026\/' class='tp-button darkgrey big'>saznaj vi\u0161e<\/a> \n\t\t\t\t\t\t\t<\/rs-layer><!--\n-->\t\t\t\t\t\t<\/rs-slide>\n\t\t\t\t\t\t<rs-slide data-key=\"rs-58\" data-title=\"Slide\" data-thumb=\"\/\/www.bhakademiker.org\/wp-content\/uploads\/2024\/04\/Meletta_slider.png\" data-in=\"o:0;x:100%;\" data-out=\"a:false;\">\n\t\t\t\t\t\t\t<img decoding=\"async\" src=\"\/\/www.bhakademiker.org\/wp-content\/plugins\/revslider\/public\/assets\/assets\/transparent.png\" alt=\"Slide\" class=\"rev-slidebg tp-rs-img\" data-bg=\"c:#ffffff;f:43% 100%;\" data-no-retina>\n<!--\n\t\t\t\t\t\t\t--><rs-layer\n\t\t\t\t\t\t\t\tid=\"slider-2-slide-58-layer-6\" \n\t\t\t\t\t\t\t\tdata-type=\"image\"\n\t\t\t\t\t\t\t\tdata-rsp_ch=\"on\"\n\t\t\t\t\t\t\t\tdata-xy=\"x:c;yo:19px,46px,97px,115px;\"\n\t\t\t\t\t\t\t\tdata-text=\"w:normal;s:20,19,14,8;l:0,24,18,11;\"\n\t\t\t\t\t\t\t\tdata-dim=\"w:915px,892px,763px,470px;h:515px,502px,429px,264px;\"\n\t\t\t\t\t\t\t\tdata-frame_999=\"o:0;st:w;\"\n\t\t\t\t\t\t\t\tstyle=\"z-index:8;\"\n\t\t\t\t\t\t\t><img decoding=\"async\" src=\"\/\/www.bhakademiker.org\/wp-content\/uploads\/2026\/03\/Plakat-web-1.jpg\" class=\"tp-rs-img\" width=\"720\" height=\"405\" data-no-retina> \n\t\t\t\t\t\t\t<\/rs-layer><!--\n\n\t\t\t\t\t\t\t--><rs-layer\n\t\t\t\t\t\t\t\tid=\"slider-2-slide-58-layer-13\" \n\t\t\t\t\t\t\t\tdata-type=\"text\"\n\t\t\t\t\t\t\t\tdata-color=\"rgba(255,255,255,1)\"\n\t\t\t\t\t\t\t\tdata-rsp_ch=\"on\"\n\t\t\t\t\t\t\t\tdata-xy=\"x:c;xo:9px,0,0,0;y:t,m,m,m;yo:567px,331px,295px,248px;\"\n\t\t\t\t\t\t\t\tdata-text=\"l:22;a:left,center,center,center;\"\n\t\t\t\t\t\t\t\tdata-frame_0=\"o:1;\"\n\t\t\t\t\t\t\t\tdata-frame_1=\"st:1800;\"\n\t\t\t\t\t\t\t\tdata-frame_999=\"st:w;auto:true;\"\n\t\t\t\t\t\t\t\tstyle=\"z-index:10;font-family:Verdana, Geneva, sans-serif;\"\n\t\t\t\t\t\t\t><a href='https:\/\/www.bhakademiker.org\/bs\/2026\/03\/06\/bosnien-und-herzegowina-in-der-eu\/' class='tp-button darkgrey big'>saznaj vi\u0161e<\/a> \n\t\t\t\t\t\t\t<\/rs-layer><!--\n-->\t\t\t\t\t\t<\/rs-slide>\n\t\t\t\t\t\t<rs-slide data-key=\"rs-63\" data-title=\"Slide\" data-thumb=\"\/\/www.bhakademiker.org\/wp-content\/uploads\/2024\/04\/Meletta_slider.png\" data-in=\"o:0;x:100%;\" data-out=\"a:false;\">\n\t\t\t\t\t\t\t<img decoding=\"async\" src=\"\/\/www.bhakademiker.org\/wp-content\/plugins\/revslider\/public\/assets\/assets\/transparent.png\" alt=\"Slide\" class=\"rev-slidebg tp-rs-img\" data-bg=\"c:#fecb00;f:43% 100%;\" data-no-retina>\n<!--\n\t\t\t\t\t\t\t--><rs-layer\n\t\t\t\t\t\t\t\tid=\"slider-2-slide-63-layer-1\" \n\t\t\t\t\t\t\t\tdata-type=\"image\"\n\t\t\t\t\t\t\t\tdata-rsp_ch=\"on\"\n\t\t\t\t\t\t\t\tdata-xy=\"x:c;yo:11px,46px,44px,58px;\"\n\t\t\t\t\t\t\t\tdata-text=\"w:normal;s:20,19,14,8;l:0,24,18,11;\"\n\t\t\t\t\t\t\t\tdata-dim=\"w:635px,774px,759px,486px;h:532px,649px,636px,407px;\"\n\t\t\t\t\t\t\t\tdata-frame_999=\"o:0;st:w;\"\n\t\t\t\t\t\t\t\tstyle=\"z-index:10;\"\n\t\t\t\t\t\t\t><img decoding=\"async\" src=\"\/\/www.bhakademiker.org\/wp-content\/uploads\/2026\/03\/Save-the-date-1.jpeg\" class=\"tp-rs-img\" width=\"940\" height=\"788\" data-no-retina> \n\t\t\t\t\t\t\t<\/rs-layer><!--\n\n\t\t\t\t\t\t\t--><rs-layer\n\t\t\t\t\t\t\t\tid=\"slider-2-slide-63-layer-17\" \n\t\t\t\t\t\t\t\tdata-type=\"object\"\n\t\t\t\t\t\t\t\tdata-rsp_ch=\"on\"\n\t\t\t\t\t\t\t\tdata-xy=\"xo:50px,48px,36px,22px;yo:50px,48px,36px,22px;\"\n\t\t\t\t\t\t\t\tdata-text=\"w:normal;s:20,19,14,8;l:0,24,18,11;\"\n\t\t\t\t\t\t\t\tdata-frame_999=\"o:0;st:w;\"\n\t\t\t\t\t\t\t\tstyle=\"z-index:9;font-family:Roboto;\"\n\t\t\t\t\t\t\t> \n\t\t\t\t\t\t\t<\/rs-layer><!--\n\n\t\t\t\t\t\t\t--><rs-layer\n\t\t\t\t\t\t\t\tid=\"slider-2-slide-63-layer-18\" \n\t\t\t\t\t\t\t\tdata-type=\"text\"\n\t\t\t\t\t\t\t\tdata-color=\"rgba(255,255,255,1)\"\n\t\t\t\t\t\t\t\tdata-rsp_ch=\"on\"\n\t\t\t\t\t\t\t\tdata-xy=\"x:c;y:t,m,m,m;yo:570px,347px,329px,199px;\"\n\t\t\t\t\t\t\t\tdata-text=\"l:22;a:left,center,center,center;\"\n\t\t\t\t\t\t\t\tdata-frame_0=\"o:1;\"\n\t\t\t\t\t\t\t\tdata-frame_1=\"st:1800;\"\n\t\t\t\t\t\t\t\tdata-frame_999=\"st:w;auto:true;\"\n\t\t\t\t\t\t\t\tstyle=\"z-index:9;font-family:Verdana, Geneva, sans-serif;\"\n\t\t\t\t\t\t\t><a href='https:\/\/www.bhakademiker.org\/bs\/2026\/03\/06\/837-geburtstag\/' class='tp-button darkgrey big'>saznaj vi\u0161e<\/a> \n\t\t\t\t\t\t\t<\/rs-layer><!--\n-->\t\t\t\t\t\t<\/rs-slide>\n\t\t\t\t\t\t<rs-slide data-key=\"rs-54\" data-title=\"Slide\" data-thumb=\"\/\/www.bhakademiker.org\/wp-content\/uploads\/2024\/04\/Meletta_slider.png\" data-in=\"o:0;x:100%;\" data-out=\"a:false;\">\n\t\t\t\t\t\t\t<img decoding=\"async\" src=\"\/\/www.bhakademiker.org\/wp-content\/plugins\/revslider\/public\/assets\/assets\/transparent.png\" alt=\"Slide\" class=\"rev-slidebg tp-rs-img\" data-bg=\"c:#ffffff;f:43% 100%;\" data-no-retina>\n<!--\n\t\t\t\t\t\t\t--><rs-layer\n\t\t\t\t\t\t\t\tid=\"slider-2-slide-54-layer-13\" \n\t\t\t\t\t\t\t\tdata-type=\"text\"\n\t\t\t\t\t\t\t\tdata-color=\"rgba(255,255,255,1)\"\n\t\t\t\t\t\t\t\tdata-rsp_ch=\"on\"\n\t\t\t\t\t\t\t\tdata-xy=\"x:c;xo:9px,0,0,0;y:t,m,m,m;yo:567px,331px,295px,264px;\"\n\t\t\t\t\t\t\t\tdata-text=\"l:22;a:left,center,center,center;\"\n\t\t\t\t\t\t\t\tdata-frame_0=\"o:1;\"\n\t\t\t\t\t\t\t\tdata-frame_1=\"st:1800;\"\n\t\t\t\t\t\t\t\tdata-frame_999=\"st:w;auto:true;\"\n\t\t\t\t\t\t\t\tstyle=\"z-index:9;font-family:Verdana, Geneva, sans-serif;\"\n\t\t\t\t\t\t\t><a href='https:\/\/www.bhakademiker.org\/bs\/2025\/01\/20\/gbaa-bada-award-2026\/' class='tp-button darkgrey big'>saznaj vi\u0161e<\/a> \n\t\t\t\t\t\t\t<\/rs-layer><!--\n\n\t\t\t\t\t\t\t--><rs-layer\n\t\t\t\t\t\t\t\tid=\"slider-2-slide-54-layer-14\" \n\t\t\t\t\t\t\t\tdata-type=\"image\"\n\t\t\t\t\t\t\t\tdata-rsp_ch=\"on\"\n\t\t\t\t\t\t\t\tdata-xy=\"x:c;xo:1px,0,0,0;yo:-68px,-6px,104px,-50px;\"\n\t\t\t\t\t\t\t\tdata-text=\"w:normal;s:20,19,14,8;l:0,24,18,11;\"\n\t\t\t\t\t\t\t\tdata-dim=\"w:1041px,1033px,971px,911px;h:586px,582px,547px,513px;\"\n\t\t\t\t\t\t\t\tdata-frame_999=\"o:0;st:w;\"\n\t\t\t\t\t\t\t\tstyle=\"z-index:8;\"\n\t\t\t\t\t\t\t><img loading=\"lazy\" decoding=\"async\" src=\"\/\/www.bhakademiker.org\/wp-content\/uploads\/2026\/03\/Student-847x477-1.png\" class=\"tp-rs-img\" width=\"847\" height=\"477\" data-no-retina> \n\t\t\t\t\t\t\t<\/rs-layer><!--\n-->\t\t\t\t\t\t<\/rs-slide>\n\t\t\t\t\t\t<rs-slide data-key=\"rs-44\" data-title=\"Slide\" data-thumb=\"\/\/www.bhakademiker.org\/wp-content\/uploads\/2024\/04\/Meletta_slider.png\" data-in=\"o:0;x:100%;\" data-out=\"a:false;\">\n\t\t\t\t\t\t\t<img decoding=\"async\" src=\"\/\/www.bhakademiker.org\/wp-content\/plugins\/revslider\/public\/assets\/assets\/transparent.png\" alt=\"Slide\" class=\"rev-slidebg tp-rs-img\" data-bg=\"c:#fecb00;f:43% 100%;\" data-no-retina>\n<!--\n\t\t\t\t\t\t\t--><rs-layer\n\t\t\t\t\t\t\t\tid=\"slider-2-slide-44-layer-1\" \n\t\t\t\t\t\t\t\tdata-type=\"image\"\n\t\t\t\t\t\t\t\tdata-rsp_ch=\"on\"\n\t\t\t\t\t\t\t\tdata-xy=\"x:c;xo:0,0,-20px,2px;yo:11px,64px,44px,58px;\"\n\t\t\t\t\t\t\t\tdata-text=\"w:normal;s:20,19,14,8;l:0,24,18,11;\"\n\t\t\t\t\t\t\t\tdata-dim=\"w:764px,937px,805px,581px;h:570px,625px,537px,415px;\"\n\t\t\t\t\t\t\t\tdata-frame_999=\"o:0;st:w;\"\n\t\t\t\t\t\t\t\tstyle=\"z-index:10;\"\n\t\t\t\t\t\t\t><img loading=\"lazy\" decoding=\"async\" src=\"\/\/www.bhakademiker.org\/wp-content\/uploads\/2025\/01\/03.png\" class=\"tp-rs-img\" width=\"940\" height=\"701\" data-no-retina> \n\t\t\t\t\t\t\t<\/rs-layer><!--\n\n\t\t\t\t\t\t\t--><rs-layer\n\t\t\t\t\t\t\t\tid=\"slider-2-slide-44-layer-17\" \n\t\t\t\t\t\t\t\tdata-type=\"object\"\n\t\t\t\t\t\t\t\tdata-rsp_ch=\"on\"\n\t\t\t\t\t\t\t\tdata-xy=\"xo:50px,48px,36px,22px;yo:50px,48px,36px,22px;\"\n\t\t\t\t\t\t\t\tdata-text=\"w:normal;s:20,19,14,8;l:0,24,18,11;\"\n\t\t\t\t\t\t\t\tdata-frame_999=\"o:0;st:w;\"\n\t\t\t\t\t\t\t\tstyle=\"z-index:9;font-family:Roboto;\"\n\t\t\t\t\t\t\t> \n\t\t\t\t\t\t\t<\/rs-layer><!--\n\n\t\t\t\t\t\t\t--><rs-layer\n\t\t\t\t\t\t\t\tid=\"slider-2-slide-44-layer-18\" \n\t\t\t\t\t\t\t\tdata-type=\"text\"\n\t\t\t\t\t\t\t\tdata-color=\"rgba(255,255,255,1)\"\n\t\t\t\t\t\t\t\tdata-rsp_ch=\"on\"\n\t\t\t\t\t\t\t\tdata-xy=\"x:c;y:t,m,m,m;yo:570px,347px,329px,199px;\"\n\t\t\t\t\t\t\t\tdata-text=\"l:22;a:left,center,center,center;\"\n\t\t\t\t\t\t\t\tdata-frame_0=\"o:1;\"\n\t\t\t\t\t\t\t\tdata-frame_1=\"st:1800;\"\n\t\t\t\t\t\t\t\tdata-frame_999=\"st:w;auto:true;\"\n\t\t\t\t\t\t\t\tstyle=\"z-index:9;font-family:Verdana, Geneva, sans-serif;\"\n\t\t\t\t\t\t\t><a href='https:\/\/www.bhakademiker.org\/bs\/badeu-sku\/kuenstler-in-2026\/' class='tp-button darkgrey big'>saznaj vi\u0161e<\/a> \n\t\t\t\t\t\t\t<\/rs-layer><!--\n-->\t\t\t\t\t\t<\/rs-slide>\n\t\t\t\t\t\t<rs-slide data-key=\"rs-60\" data-title=\"Slide\" data-thumb=\"\/\/www.bhakademiker.org\/wp-content\/uploads\/2024\/04\/Meletta_slider.png\" data-in=\"o:0;x:100%;\" data-out=\"a:false;\">\n\t\t\t\t\t\t\t<img decoding=\"async\" src=\"\/\/www.bhakademiker.org\/wp-content\/plugins\/revslider\/public\/assets\/assets\/transparent.png\" alt=\"Slide\" class=\"rev-slidebg tp-rs-img\" data-bg=\"c:#fecb00;f:43% 100%;\" data-no-retina>\n<!--\n\t\t\t\t\t\t\t--><rs-layer\n\t\t\t\t\t\t\t\tid=\"slider-2-slide-60-layer-1\" \n\t\t\t\t\t\t\t\tdata-type=\"image\"\n\t\t\t\t\t\t\t\tdata-rsp_ch=\"on\"\n\t\t\t\t\t\t\t\tdata-xy=\"x:c;xo:0,0,0,2px;yo:5px,64px,44px,58px;\"\n\t\t\t\t\t\t\t\tdata-text=\"w:normal;s:20,19,14,8;l:0,24,18,11;\"\n\t\t\t\t\t\t\t\tdata-dim=\"w:809px,937px,922px,581px;h:607px,625px,631px,415px;\"\n\t\t\t\t\t\t\t\tdata-frame_999=\"o:0;st:w;\"\n\t\t\t\t\t\t\t\tstyle=\"z-index:10;\"\n\t\t\t\t\t\t\t><img loading=\"lazy\" decoding=\"async\" src=\"\/\/www.bhakademiker.org\/wp-content\/uploads\/2025\/01\/001.png\" class=\"tp-rs-img\" width=\"940\" height=\"705\" data-no-retina> \n\t\t\t\t\t\t\t<\/rs-layer><!--\n\n\t\t\t\t\t\t\t--><rs-layer\n\t\t\t\t\t\t\t\tid=\"slider-2-slide-60-layer-17\" \n\t\t\t\t\t\t\t\tdata-type=\"object\"\n\t\t\t\t\t\t\t\tdata-rsp_ch=\"on\"\n\t\t\t\t\t\t\t\tdata-xy=\"xo:50px,48px,36px,22px;yo:50px,48px,36px,22px;\"\n\t\t\t\t\t\t\t\tdata-text=\"w:normal;s:20,19,14,8;l:0,24,18,11;\"\n\t\t\t\t\t\t\t\tdata-frame_999=\"o:0;st:w;\"\n\t\t\t\t\t\t\t\tstyle=\"z-index:9;font-family:Roboto;\"\n\t\t\t\t\t\t\t> \n\t\t\t\t\t\t\t<\/rs-layer><!--\n\n\t\t\t\t\t\t\t--><rs-layer\n\t\t\t\t\t\t\t\tid=\"slider-2-slide-60-layer-18\" \n\t\t\t\t\t\t\t\tdata-type=\"text\"\n\t\t\t\t\t\t\t\tdata-color=\"rgba(255,255,255,1)\"\n\t\t\t\t\t\t\t\tdata-rsp_ch=\"on\"\n\t\t\t\t\t\t\t\tdata-xy=\"x:c;y:t,m,m,m;yo:570px,347px,329px,199px;\"\n\t\t\t\t\t\t\t\tdata-text=\"l:22;a:left,center,center,center;\"\n\t\t\t\t\t\t\t\tdata-frame_0=\"o:1;\"\n\t\t\t\t\t\t\t\tdata-frame_1=\"st:1800;\"\n\t\t\t\t\t\t\t\tdata-frame_999=\"st:w;auto:true;\"\n\t\t\t\t\t\t\t\tstyle=\"z-index:9;font-family:Verdana, Geneva, sans-serif;\"\n\t\t\t\t\t\t\t><a href='https:\/\/www.bhakademiker.org\/bs\/2025\/01\/24\/badeu-award-naturwissenschaftlerinnen-2026\/' class='tp-button darkgrey big'>saznaj vi\u0161e<\/a> \n\t\t\t\t\t\t\t<\/rs-layer><!--\n-->\t\t\t\t\t\t<\/rs-slide>\n\t\t\t\t\t\t<rs-slide data-key=\"rs-61\" data-title=\"Slide\" data-thumb=\"\/\/www.bhakademiker.org\/wp-content\/uploads\/2024\/04\/Meletta_slider.png\" data-in=\"o:0;x:100%;\" data-out=\"a:false;\">\n\t\t\t\t\t\t\t<img decoding=\"async\" src=\"\/\/www.bhakademiker.org\/wp-content\/plugins\/revslider\/public\/assets\/assets\/transparent.png\" alt=\"Slide\" class=\"rev-slidebg tp-rs-img\" data-bg=\"c:#fecb00;f:43% 100%;\" data-no-retina>\n<!--\n\t\t\t\t\t\t\t--><rs-layer\n\t\t\t\t\t\t\t\tid=\"slider-2-slide-61-layer-1\" \n\t\t\t\t\t\t\t\tdata-type=\"image\"\n\t\t\t\t\t\t\t\tdata-rsp_ch=\"on\"\n\t\t\t\t\t\t\t\tdata-xy=\"x:c;xo:0,0,0,2px;yo:5px,64px,44px,58px;\"\n\t\t\t\t\t\t\t\tdata-text=\"w:normal;s:20,19,14,8;l:0,24,18,11;\"\n\t\t\t\t\t\t\t\tdata-dim=\"w:809px,937px,922px,581px;h:604px,625px,631px,397px;\"\n\t\t\t\t\t\t\t\tdata-frame_999=\"o:0;st:w;\"\n\t\t\t\t\t\t\t\tstyle=\"z-index:10;\"\n\t\t\t\t\t\t\t><img loading=\"lazy\" decoding=\"async\" src=\"\/\/www.bhakademiker.org\/wp-content\/uploads\/2025\/01\/02.png\" class=\"tp-rs-img\" width=\"940\" height=\"702\" data-no-retina> \n\t\t\t\t\t\t\t<\/rs-layer><!--\n\n\t\t\t\t\t\t\t--><rs-layer\n\t\t\t\t\t\t\t\tid=\"slider-2-slide-61-layer-17\" \n\t\t\t\t\t\t\t\tdata-type=\"object\"\n\t\t\t\t\t\t\t\tdata-rsp_ch=\"on\"\n\t\t\t\t\t\t\t\tdata-xy=\"xo:50px,48px,36px,22px;yo:50px,48px,36px,22px;\"\n\t\t\t\t\t\t\t\tdata-text=\"w:normal;s:20,19,14,8;l:0,24,18,11;\"\n\t\t\t\t\t\t\t\tdata-frame_999=\"o:0;st:w;\"\n\t\t\t\t\t\t\t\tstyle=\"z-index:9;font-family:Roboto;\"\n\t\t\t\t\t\t\t> \n\t\t\t\t\t\t\t<\/rs-layer><!--\n\n\t\t\t\t\t\t\t--><rs-layer\n\t\t\t\t\t\t\t\tid=\"slider-2-slide-61-layer-18\" \n\t\t\t\t\t\t\t\tdata-type=\"text\"\n\t\t\t\t\t\t\t\tdata-color=\"rgba(255,255,255,1)\"\n\t\t\t\t\t\t\t\tdata-rsp_ch=\"on\"\n\t\t\t\t\t\t\t\tdata-xy=\"x:c;y:t,m,m,m;yo:570px,347px,329px,199px;\"\n\t\t\t\t\t\t\t\tdata-text=\"l:22;a:left,center,center,center;\"\n\t\t\t\t\t\t\t\tdata-frame_0=\"o:1;\"\n\t\t\t\t\t\t\t\tdata-frame_1=\"st:1800;\"\n\t\t\t\t\t\t\t\tdata-frame_999=\"st:w;auto:true;\"\n\t\t\t\t\t\t\t\tstyle=\"z-index:9;font-family:Verdana, Geneva, sans-serif;\"\n\t\t\t\t\t\t\t><a href='https:\/\/www.bhakademiker.org\/bs\/2025\/01\/26\/badeu-award-geistes-kultur-und-sozialwissenschaftlerinnen-2026\/' class='tp-button darkgrey big'>saznaj vi\u0161e<\/a> \n\t\t\t\t\t\t\t<\/rs-layer><!--\n-->\t\t\t\t\t\t<\/rs-slide>\n\t\t\t\t\t\t<rs-slide data-key=\"rs-64\" data-title=\"Slide\" data-thumb=\"\/\/www.bhakademiker.org\/wp-content\/uploads\/2024\/04\/Meletta_slider.png\" data-in=\"o:0;x:100%;\" data-out=\"a:false;\">\n\t\t\t\t\t\t\t<img decoding=\"async\" src=\"\/\/www.bhakademiker.org\/wp-content\/plugins\/revslider\/public\/assets\/assets\/transparent.png\" alt=\"Slide\" class=\"rev-slidebg tp-rs-img\" data-bg=\"c:#ffffff;f:43% 100%;\" data-no-retina>\n<!--\n\t\t\t\t\t\t\t--><rs-layer\n\t\t\t\t\t\t\t\tid=\"slider-2-slide-64-layer-6\" \n\t\t\t\t\t\t\t\tdata-type=\"image\"\n\t\t\t\t\t\t\t\tdata-rsp_ch=\"on\"\n\t\t\t\t\t\t\t\tdata-xy=\"x:c;yo:-6px,-42px,26px,22px;\"\n\t\t\t\t\t\t\t\tdata-text=\"w:normal;s:20,19,14,8;l:0,24,18,11;\"\n\t\t\t\t\t\t\t\tdata-dim=\"w:825px,1018px,802px,480px;h:552px,681px,537px,321px;\"\n\t\t\t\t\t\t\t\tdata-frame_999=\"o:0;st:w;\"\n\t\t\t\t\t\t\t\tstyle=\"z-index:8;background-color:#545454;\"\n\t\t\t\t\t\t\t><img loading=\"lazy\" decoding=\"async\" src=\"\/\/www.bhakademiker.org\/wp-content\/uploads\/2026\/03\/02-scaled.jpeg\" class=\"tp-rs-img\" width=\"2560\" height=\"1713\" data-no-retina> \n\t\t\t\t\t\t\t<\/rs-layer><!--\n\n\t\t\t\t\t\t\t--><rs-layer\n\t\t\t\t\t\t\t\tid=\"slider-2-slide-64-layer-13\" \n\t\t\t\t\t\t\t\tdata-type=\"text\"\n\t\t\t\t\t\t\t\tdata-color=\"rgba(255,255,255,1)\"\n\t\t\t\t\t\t\t\tdata-rsp_ch=\"on\"\n\t\t\t\t\t\t\t\tdata-xy=\"x:c;xo:9px,0,0,0;y:t,m,m,m;yo:567px,331px,295px,248px;\"\n\t\t\t\t\t\t\t\tdata-text=\"l:22;a:left,center,center,center;\"\n\t\t\t\t\t\t\t\tdata-frame_0=\"o:1;\"\n\t\t\t\t\t\t\t\tdata-frame_1=\"st:1800;\"\n\t\t\t\t\t\t\t\tdata-frame_999=\"st:w;auto:true;\"\n\t\t\t\t\t\t\t\tstyle=\"z-index:10;font-family:Verdana, Geneva, sans-serif;\"\n\t\t\t\t\t\t\t><a href='https:\/\/www.bhakademiker.org\/bs\/2026\/03\/06\/meletta-2026\/' class='tp-button darkgrey big'>saznaj vi\u0161e<\/a> \n\t\t\t\t\t\t\t<\/rs-layer><!--\n-->\t\t\t\t\t\t<\/rs-slide>\n\t\t\t\t\t<\/rs-slides>\n\t\t\t\t\t<rs-static-layers><!--\n\t\t\t\t\t--><\/rs-static-layers>\n\t\t\t\t<\/rs-module>\n\t\t\t\t<script type=\"text\/javascript\">\n\t\t\t\t\tsetREVStartSize({c: 'rev_slider_2_1',rl:[1240,1024,778,480],el:[620,768,800,600],gw:[1050,1024,778,480],gh:[620,768,800,600],type:'standard',justify:'',layout:'fullwidth',mh:\"487\"});\n\t\t\t\t\tvar\trevapi2,\n\t\t\t\t\t\ttpj;\n\t\t\t\t\tfunction revinit_revslider21() {\n\t\t\t\t\tjQuery(function() {\n\t\t\t\t\t\ttpj = jQuery;\n\t\t\t\t\t\trevapi2 = tpj(\"#rev_slider_2_1\");\n\t\t\t\t\t\ttpj.noConflict();\n\t\t\t\t\t\tif(revapi2==undefined || revapi2.revolution == undefined){\n\t\t\t\t\t\t\trevslider_showDoubleJqueryError(\"rev_slider_2_1\");\n\t\t\t\t\t\t}else{\n\t\t\t\t\t\t\trevapi2.revolution({\n\t\t\t\t\t\t\t\tDPR:\"dpr\",\n\t\t\t\t\t\t\t\tsliderLayout:\"fullwidth\",\n\t\t\t\t\t\t\t\tduration:\"5000ms\",\n\t\t\t\t\t\t\t\tvisibilityLevels:\"1240,1024,778,480\",\n\t\t\t\t\t\t\t\tgridwidth:\"1050,1024,778,480\",\n\t\t\t\t\t\t\t\tgridheight:\"620,768,800,600\",\n\t\t\t\t\t\t\t\tminHeight:487,\n\t\t\t\t\t\t\t\tspinner:\"spinner0\",\n\t\t\t\t\t\t\t\tperspective:600,\n\t\t\t\t\t\t\t\tperspectiveType:\"local\",\n\t\t\t\t\t\t\t\teditorheight:\"620,768,800,600\",\n\t\t\t\t\t\t\t\tresponsiveLevels:\"1240,1024,778,480\",\n\t\t\t\t\t\t\t\tprogressBar: {\n\t\t\t\t\t\t\t\t\tcolor:\"rgba(0,0,0,0.15)\",\n\t\t\t\t\t\t\t\t\tvertical:\"top\",\n\t\t\t\t\t\t\t\t\tsize:5\n\t\t\t\t\t\t\t\t},\n\t\t\t\t\t\t\t\tnavigation: {\n\t\t\t\t\t\t\t\t\tmouseScrollNavigation:false,\n\t\t\t\t\t\t\t\t\twheelCallDelay:1000,\n\t\t\t\t\t\t\t\t\ttouch: {\n\t\t\t\t\t\t\t\t\t\ttouchenabled:true,\n\t\t\t\t\t\t\t\t\t\tswipe_threshold:0\n\t\t\t\t\t\t\t\t\t},\n\t\t\t\t\t\t\t\t\tarrows: {\n\t\t\t\t\t\t\t\t\t\tenable:true,\n\t\t\t\t\t\t\t\t\t\tstyle:\"custom\",\n\t\t\t\t\t\t\t\t\t\tleft: {\n\t\t\t\t\t\t\t\t\t\t\th_offset:0\n\t\t\t\t\t\t\t\t\t\t},\n\t\t\t\t\t\t\t\t\t\tright: {\n\t\t\t\t\t\t\t\t\t\t\th_offset:0,\n\t\t\t\t\t\t\t\t\t\t\tv_offset:1\n\t\t\t\t\t\t\t\t\t\t}\n\t\t\t\t\t\t\t\t\t}\n\t\t\t\t\t\t\t\t},\n\t\t\t\t\t\t\t\tfallbacks: {\n\t\t\t\t\t\t\t\t\tallowHTML5AutoPlayOnAndroid:true\n\t\t\t\t\t\t\t\t},\n\t\t\t\t\t\t\t});\n\t\t\t\t\t\t}\n\t\t\t\t\t\t\n\t\t\t\t\t});\n\t\t\t\t\t} \/\/ End of RevInitScript\n\t\t\t\tvar once_revslider21 = false;\n\t\t\t\tif (document.readyState === \"loading\") {document.addEventListener('readystatechange',function() { if((document.readyState === \"interactive\" || document.readyState === \"complete\") && !once_revslider21 ) { once_revslider21 = true; revinit_revslider21();}});} else {once_revslider21 = true; revinit_revslider21();}\n\t\t\t\t<\/script>\n\t\t\t\t<script>\n\t\t\t\t\tvar htmlDivCss = unescape(\"%23rev_slider_2_1_wrapper%20.custom.tparrows%20%7B%0A%09cursor%3Apointer%3B%0A%09background%3A%23000%3B%0A%09background%3Argba%280%2C0%2C0%2C0.5%29%3B%0A%09width%3A40px%3B%0A%09height%3A40px%3B%0A%09position%3Aabsolute%3B%0A%09display%3Ablock%3B%0A%09z-index%3A1000%3B%0A%7D%0A%23rev_slider_2_1_wrapper%20.custom.tparrows.rs-touchhover%20%7B%0A%09background%3A%23000%3B%0A%7D%0A%23rev_slider_2_1_wrapper%20.custom.tparrows%3Abefore%20%7B%0A%09font-family%3A%20%27revicons%27%3B%0A%09font-size%3A15px%3B%0A%09color%3A%23fff%3B%0A%09display%3Ablock%3B%0A%09line-height%3A%2040px%3B%0A%09text-align%3A%20center%3B%0A%7D%0A%23rev_slider_2_1_wrapper%20.custom.tparrows.tp-leftarrow%3Abefore%20%7B%0A%09content%3A%20%27%5Ce824%27%3B%0A%7D%0A%23rev_slider_2_1_wrapper%20.custom.tparrows.tp-rightarrow%3Abefore%20%7B%0A%09content%3A%20%27%5Ce825%27%3B%0A%7D%0A%0A%0A\");\n\t\t\t\t\tvar htmlDiv = document.getElementById('rs-plugin-settings-inline-css');\n\t\t\t\t\tif(htmlDiv) {\n\t\t\t\t\t\thtmlDiv.innerHTML = htmlDiv.innerHTML + htmlDivCss;\n\t\t\t\t\t}else{\n\t\t\t\t\t\tvar htmlDiv = document.createElement('div');\n\t\t\t\t\t\thtmlDiv.innerHTML = '<style>' + htmlDivCss + '<\/style>';\n\t\t\t\t\t\tdocument.getElementsByTagName('head')[0].appendChild(htmlDiv.childNodes[0]);\n\t\t\t\t\t}\n\t\t\t\t<\/script>\n\t\t\t\t<script>\n\t\t\t\t\tvar htmlDivCss = unescape(\"%0A%0A%0A%0A%0A%0A%0A%0A\");\n\t\t\t\t\tvar htmlDiv = document.getElementById('rs-plugin-settings-inline-css');\n\t\t\t\t\tif(htmlDiv) {\n\t\t\t\t\t\thtmlDiv.innerHTML = htmlDiv.innerHTML + htmlDivCss;\n\t\t\t\t\t}else{\n\t\t\t\t\t\tvar htmlDiv = document.createElement('div');\n\t\t\t\t\t\thtmlDiv.innerHTML = '<style>' + htmlDivCss + '<\/style>';\n\t\t\t\t\t\tdocument.getElementsByTagName('head')[0].appendChild(htmlDiv.childNodes[0]);\n\t\t\t\t\t}\n\t\t\t\t<\/script>\n\t\t\t<\/rs-module-wrap>\n\t\t\t<!-- END REVOLUTION SLIDER -->\n<\/div><div class=\"vc_row wpb_row vc_inner row banners vc_column-gap-5 vc_row-o-content-middle vc_row-flex\"><div class=\"vc_col-lg-3 vc_col-md-3 wpb_column vc_column_container vc_col-sm-3\"><div class=\"vc_column-inner\"><div class=\"wpb_wrapper\"><div class=\"banner-wrapper mystyle2\">\n\t\t\t\t\t<a class=\"banner\" href=\"https:\/\/www.bhakademiker.org\/bs\/events\/\" target=\"_blank\"   >\n\t\t\t\t\t\t<i class=\"icons icon-calendar\"><\/i>\n\t\t\t\t\t\t<h4>De\u0161avanja<\/h4>\n\t\t\t\t\t\t<p>Prona\u0111i manifestaciju<\/p>\n\t\t\t\t\t<\/a>\n\t\t\t\t<\/div><\/div><\/div><\/div><div class=\"wpb_column vc_column_container vc_col-sm-6\"><div class=\"vc_column-inner\"><div class=\"wpb_wrapper\"><div class=\"banner-wrapper mystyle2\">\n\t\t\t\t\t<a class=\"banner\" href=\"https:\/\/www.bhakademiker.org\/bs\/unterstuetzung\/\" target=\"_blank\"   >\n\t\t\t\t\t\t<i class=\"icons icon-docs\"><\/i>\n\t\t\t\t\t\t<h4>\u010dlan\/sponzor<\/h4>\n\t\t\t\t\t\t<p>Podr\u017ei<\/p>\n\t\t\t\t\t<\/a>\n\t\t\t\t<\/div><\/div><\/div><\/div><div class=\"wpb_column vc_column_container vc_col-sm-3\"><div class=\"vc_column-inner\"><div class=\"wpb_wrapper\"><div class=\"banner-wrapper mystyle2\">\n\t\t\t\t\t<a class=\"banner\" href=\"https:\/\/www.paypal.com\/donate\/?hosted_button_id=6H6SAQ3FMUZTN\" target=\"\"   style=\"background:#dda6a6\"  >\n\t\t\t\t\t\t<i class=\"icons icon-money-2\"><\/i>\n\t\t\t\t\t\t<h4>PODR\u0160KA<\/h4>\n\t\t\t\t\t\t<p>BADA<\/p>\n\t\t\t\t\t<\/a>\n\t\t\t\t<\/div><\/div><\/div><\/div><\/div><\/div><\/div><\/div><\/div><div class=\"vc_row-full-width vc_clearfix\"><\/div><div class=\"vc_row wpb_row row vc_custom_1462554316927\"><div class=\"wpb_column vc_column_container vc_col-sm-12\"><div class=\"vc_column-inner\"><div class=\"wpb_wrapper\">\n<div class=\"vc_grid-container-wrapper vc_clearfix\">\n\t<div class=\"vc_grid-container vc_clearfix wpb_content_element vc_basic_grid\" data-initial-loading-animation=\"none\" data-vc-grid-settings=\"{&quot;page_id&quot;:637,&quot;style&quot;:&quot;all&quot;,&quot;action&quot;:&quot;vc_get_vc_grid_data&quot;,&quot;shortcode_id&quot;:&quot;1773848518766-47b0caa9-2c25-1&quot;,&quot;tag&quot;:&quot;vc_basic_grid&quot;}\" data-vc-request=\"https:\/\/www.bhakademiker.org\/wp-admin\/admin-ajax.php\" data-vc-post-id=\"637\" data-vc-public-nonce=\"e6fdd3e087\">\n\t\t<style data-type=\"vc_shortcodes-custom-css\">.vc_custom_1419251874438{background-color: #f9f9f9 !important;}.vc_custom_1419251931135{background-color: rgba(0,0,0,0.3) !important;*background-color: rgb(0,0,0) !important;}<\/style><div class=\"vc_grid vc_row vc_grid-gutter-15px vc_pageable-wrapper vc_hook_hover\" data-vc-pageable-content=\"true\"><div class=\"vc_pageable-slide-wrapper vc_clearfix\" data-vc-grid-content=\"true\"><div class=\"vc_grid-item vc_clearfix vc_col-sm-3 vc_grid-item-zone-c-bottom\"><div class=\"vc_grid-item-mini vc_clearfix\"><div class=\"vc_gitem-animated-block  vc_gitem-animate vc_gitem-animate-slideBottom\"  data-vc-animation=\"slideBottom\"\"><div class=\"vc_gitem-zone vc_gitem-zone-a vc-gitem-zone-height-mode-auto vc-gitem-zone-height-mode-auto-1-1 vc_gitem-is-link\" style=\"background-image: url('https:\/\/www.bhakademiker.org\/wp-content\/uploads\/2026\/04\/2601-1024x680.jpg') !important;\"><a href=\"https:\/\/www.bhakademiker.org\/bs\/2026\/04\/02\/newsletter-26-01\/\" title=\"Newsletter 26\/01\" class=\"vc_gitem-link vc-zone-link\"><\/a><img decoding=\"async\" src=\"https:\/\/www.bhakademiker.org\/wp-content\/uploads\/2026\/04\/2601-1024x680.jpg\" class=\"vc_gitem-zone-img\" alt=\"\"><div class=\"vc_gitem-zone-mini\"><\/div><\/div><div class=\"vc_gitem-zone vc_gitem-zone-b vc_custom_1419251931135 vc-gitem-zone-height-mode-auto vc_gitem-is-link\"><a href=\"https:\/\/www.bhakademiker.org\/bs\/2026\/04\/02\/newsletter-26-01\/\" title=\"Newsletter 26\/01\" class=\"vc_gitem-link vc-zone-link\"><\/a><div class=\"vc_gitem-zone-mini\"><div class=\"vc_gitem_row vc_row vc_gitem-row-position-middle\"><div class=\"vc_col-sm-12 vc_gitem-col vc_gitem-col-align-\"><div class=\"vc_icon_element vc_icon_element-outer  vc_icon_element-align-center\"><div class=\"vc_icon_element-inner vc_icon_element-color-white  vc_icon_element-size-md  vc_icon_element-style- vc_icon_element-background-color-white\" ><span class=\"vc_icon_element-icon fa fa-search\" ><\/span><\/div><\/div><\/div><\/div><\/div><\/div><\/div><div class=\"vc_gitem-zone vc_gitem-zone-c vc_custom_1419251874438\"><div class=\"vc_gitem-zone-mini\"><div class=\"vc_gitem_row vc_row vc_gitem-row-position-top\"><div class=\"vc_col-sm-12 vc_gitem-col vc_gitem-col-align-\"><div class=\"vc_custom_heading vc_gitem-post-data vc_gitem-post-data-source-post_title\" ><h4 style=\"text-align: center\" >Newsletter 26\/01<\/h4><\/div><div class=\"vc_custom_heading vc_gitem-post-data vc_gitem-post-data-source-post_excerpt\" ><p style=\"text-align: center\" ><p>1.Quartal-2026-BADA-Newsletter<\/p>\n<\/p><\/div><div class=\"vc_btn3-container vc_btn3-center\"><a class=\"vc_general vc_btn3 vc_btn3-size-md vc_btn3-shape-rounded vc_btn3-style-flat vc_btn3-color-juicy-pink\" a href=\"https:\/\/www.bhakademiker.org\/bs\/2026\/04\/02\/newsletter-26-01\/\" title=\"Read more\">Read more<\/a><\/div><\/div><\/div><\/div><\/div><\/div><div class=\"vc_clearfix\"><\/div><\/div><div class=\"vc_grid-item vc_clearfix vc_col-sm-3 vc_grid-item-zone-c-bottom\"><div class=\"vc_grid-item-mini vc_clearfix\"><div class=\"vc_gitem-animated-block  vc_gitem-animate vc_gitem-animate-slideBottom\"  data-vc-animation=\"slideBottom\"\"><div class=\"vc_gitem-zone vc_gitem-zone-a vc-gitem-zone-height-mode-auto vc-gitem-zone-height-mode-auto-1-1 vc_gitem-is-link\" style=\"background-image: url('https:\/\/www.bhakademiker.org\/wp-content\/uploads\/2026\/03\/save-the-date-1024x1024.png') !important;\"><a href=\"https:\/\/www.bhakademiker.org\/bs\/2026\/03\/06\/wirtschaftstreffen-in-graz-2026\/\" title=\"Privredni skup u Grazu 2026\" class=\"vc_gitem-link vc-zone-link\"><\/a><img decoding=\"async\" src=\"https:\/\/www.bhakademiker.org\/wp-content\/uploads\/2026\/03\/save-the-date-1024x1024.png\" class=\"vc_gitem-zone-img\" alt=\"\"><div class=\"vc_gitem-zone-mini\"><\/div><\/div><div class=\"vc_gitem-zone vc_gitem-zone-b vc_custom_1419251931135 vc-gitem-zone-height-mode-auto vc_gitem-is-link\"><a href=\"https:\/\/www.bhakademiker.org\/bs\/2026\/03\/06\/wirtschaftstreffen-in-graz-2026\/\" title=\"Privredni skup u Grazu 2026\" class=\"vc_gitem-link vc-zone-link\"><\/a><div class=\"vc_gitem-zone-mini\"><div class=\"vc_gitem_row vc_row vc_gitem-row-position-middle\"><div class=\"vc_col-sm-12 vc_gitem-col vc_gitem-col-align-\"><div class=\"vc_icon_element vc_icon_element-outer  vc_icon_element-align-center\"><div class=\"vc_icon_element-inner vc_icon_element-color-white  vc_icon_element-size-md  vc_icon_element-style- vc_icon_element-background-color-white\" ><span class=\"vc_icon_element-icon fa fa-search\" ><\/span><\/div><\/div><\/div><\/div><\/div><\/div><\/div><div class=\"vc_gitem-zone vc_gitem-zone-c vc_custom_1419251874438\"><div class=\"vc_gitem-zone-mini\"><div class=\"vc_gitem_row vc_row vc_gitem-row-position-top\"><div class=\"vc_col-sm-12 vc_gitem-col vc_gitem-col-align-\"><div class=\"vc_custom_heading vc_gitem-post-data vc_gitem-post-data-source-post_title\" ><h4 style=\"text-align: center\" >Privredni skup u Grazu 2026<\/h4><\/div><div class=\"vc_custom_heading vc_gitem-post-data vc_gitem-post-data-source-post_excerpt\" ><p style=\"text-align: center\" ><p>Privredni skup u Grazu 2026<\/p>\n<\/p><\/div><div class=\"vc_btn3-container vc_btn3-center\"><a class=\"vc_general vc_btn3 vc_btn3-size-md vc_btn3-shape-rounded vc_btn3-style-flat vc_btn3-color-juicy-pink\" a href=\"https:\/\/www.bhakademiker.org\/bs\/2026\/03\/06\/wirtschaftstreffen-in-graz-2026\/\" title=\"Read more\">Read more<\/a><\/div><\/div><\/div><\/div><\/div><\/div><div class=\"vc_clearfix\"><\/div><\/div><div class=\"vc_grid-item vc_clearfix vc_col-sm-3 vc_grid-item-zone-c-bottom\"><div class=\"vc_grid-item-mini vc_clearfix\"><div class=\"vc_gitem-animated-block  vc_gitem-animate vc_gitem-animate-slideBottom\"  data-vc-animation=\"slideBottom\"\"><div class=\"vc_gitem-zone vc_gitem-zone-a vc-gitem-zone-height-mode-auto vc-gitem-zone-height-mode-auto-1-1 vc_gitem-is-link\" style=\"background-image: url('https:\/\/www.bhakademiker.org\/wp-content\/uploads\/2026\/03\/Plakat-web.jpg') !important;\"><a href=\"https:\/\/www.bhakademiker.org\/bs\/2026\/03\/06\/bosnien-und-herzegowina-in-der-eu\/\" title=\"Bosnien und Herzegowina in der EU\" class=\"vc_gitem-link vc-zone-link\"><\/a><img decoding=\"async\" src=\"https:\/\/www.bhakademiker.org\/wp-content\/uploads\/2026\/03\/Plakat-web.jpg\" class=\"vc_gitem-zone-img\" alt=\"\"><div class=\"vc_gitem-zone-mini\"><\/div><\/div><div class=\"vc_gitem-zone vc_gitem-zone-b vc_custom_1419251931135 vc-gitem-zone-height-mode-auto vc_gitem-is-link\"><a href=\"https:\/\/www.bhakademiker.org\/bs\/2026\/03\/06\/bosnien-und-herzegowina-in-der-eu\/\" title=\"Bosnien und Herzegowina in der EU\" class=\"vc_gitem-link vc-zone-link\"><\/a><div class=\"vc_gitem-zone-mini\"><div class=\"vc_gitem_row vc_row vc_gitem-row-position-middle\"><div class=\"vc_col-sm-12 vc_gitem-col vc_gitem-col-align-\"><div class=\"vc_icon_element vc_icon_element-outer  vc_icon_element-align-center\"><div class=\"vc_icon_element-inner vc_icon_element-color-white  vc_icon_element-size-md  vc_icon_element-style- vc_icon_element-background-color-white\" ><span class=\"vc_icon_element-icon fa fa-search\" ><\/span><\/div><\/div><\/div><\/div><\/div><\/div><\/div><div class=\"vc_gitem-zone vc_gitem-zone-c vc_custom_1419251874438\"><div class=\"vc_gitem-zone-mini\"><div class=\"vc_gitem_row vc_row vc_gitem-row-position-top\"><div class=\"vc_col-sm-12 vc_gitem-col vc_gitem-col-align-\"><div class=\"vc_custom_heading vc_gitem-post-data vc_gitem-post-data-source-post_title\" ><h4 style=\"text-align: center\" >Bosnien und Herzegowina in der EU<\/h4><\/div><div class=\"vc_custom_heading vc_gitem-post-data vc_gitem-post-data-source-post_excerpt\" ><p style=\"text-align: center\" ><p>Wien, 27. Februar \u2013 Anl\u00e4sslich des 1. M\u00e4rz, des Unabh\u00e4ngigkeitstages von Bosnien und Herzegowina, fand im \u00f6sterreichischen Parlament eine Konferenz unter dem Titel \u201eBosnien und Herzegowina in der EU\u201c statt. Die Veranstaltung wurde von der Gesellschaft Bosnischer Akademiker in \u00d6sterreich und der \u00d6sterreichisch-Bosnisch-Herzegowinischen Gesellschaft organisiert, mit Unterst\u00fctzung des \u00f6sterreichischen Parlaments. Auf der Konferenz sprachen zahlreiche hochrangige G\u00e4ste. Seitens \u00d6sterreichs wandten sich Beate Meinl-Reisinger, die \u00f6sterreichische Au\u00dfenministerin, Helmut Brandst\u00e4tter, Mitglied des Europ\u00e4ischen Parlaments, sowie Andreas Minnich, Mitglied des \u00f6sterreichischen Nationalrats, an die Teilnehmer. F\u00fcr Bosnien und Herzegowina sprachen Elmedin Konakovi\u0107, Au\u00dfenminister von Bosnien und Herzegowina, sowie Danka Savi\u0107, Botschafterin von Bosnien&#8230;<\/p>\n<\/p><\/div><div class=\"vc_btn3-container vc_btn3-center\"><a class=\"vc_general vc_btn3 vc_btn3-size-md vc_btn3-shape-rounded vc_btn3-style-flat vc_btn3-color-juicy-pink\" a href=\"https:\/\/www.bhakademiker.org\/bs\/2026\/03\/06\/bosnien-und-herzegowina-in-der-eu\/\" title=\"Read more\">Read more<\/a><\/div><\/div><\/div><\/div><\/div><\/div><div class=\"vc_clearfix\"><\/div><\/div><div class=\"vc_grid-item vc_clearfix vc_col-sm-3 vc_grid-item-zone-c-bottom\"><div class=\"vc_grid-item-mini vc_clearfix\"><div class=\"vc_gitem-animated-block  vc_gitem-animate vc_gitem-animate-slideBottom\"  data-vc-animation=\"slideBottom\"\"><div class=\"vc_gitem-zone vc_gitem-zone-a vc-gitem-zone-height-mode-auto vc-gitem-zone-height-mode-auto-1-1 vc_gitem-is-link\" style=\"background-image: url('https:\/\/www.bhakademiker.org\/wp-content\/uploads\/2026\/03\/Save-the-date-1.jpeg') !important;\"><a href=\"https:\/\/www.bhakademiker.org\/bs\/2026\/03\/06\/837-geburtstag\/\" title=\"837. Geburtstag\" class=\"vc_gitem-link vc-zone-link\"><\/a><img decoding=\"async\" src=\"https:\/\/www.bhakademiker.org\/wp-content\/uploads\/2026\/03\/Save-the-date-1.jpeg\" class=\"vc_gitem-zone-img\" alt=\"\"><div class=\"vc_gitem-zone-mini\"><\/div><\/div><div class=\"vc_gitem-zone vc_gitem-zone-b vc_custom_1419251931135 vc-gitem-zone-height-mode-auto vc_gitem-is-link\"><a href=\"https:\/\/www.bhakademiker.org\/bs\/2026\/03\/06\/837-geburtstag\/\" title=\"837. Geburtstag\" class=\"vc_gitem-link vc-zone-link\"><\/a><div class=\"vc_gitem-zone-mini\"><div class=\"vc_gitem_row vc_row vc_gitem-row-position-middle\"><div class=\"vc_col-sm-12 vc_gitem-col vc_gitem-col-align-\"><div class=\"vc_icon_element vc_icon_element-outer  vc_icon_element-align-center\"><div class=\"vc_icon_element-inner vc_icon_element-color-white  vc_icon_element-size-md  vc_icon_element-style- vc_icon_element-background-color-white\" ><span class=\"vc_icon_element-icon fa fa-search\" ><\/span><\/div><\/div><\/div><\/div><\/div><\/div><\/div><div class=\"vc_gitem-zone vc_gitem-zone-c vc_custom_1419251874438\"><div class=\"vc_gitem-zone-mini\"><div class=\"vc_gitem_row vc_row vc_gitem-row-position-top\"><div class=\"vc_col-sm-12 vc_gitem-col vc_gitem-col-align-\"><div class=\"vc_custom_heading vc_gitem-post-data vc_gitem-post-data-source-post_title\" ><h4 style=\"text-align: center\" >837. Geburtstag<\/h4><\/div><div class=\"vc_custom_heading vc_gitem-post-data vc_gitem-post-data-source-post_excerpt\" ><p style=\"text-align: center\" ><p>Geschichte Kultur Bildung Wissenschaft Willkommen am 2. Oktober 2026 Bosnische Volksgruppe in \u00d6sterreich<\/p>\n<\/p><\/div><div class=\"vc_btn3-container vc_btn3-center\"><a class=\"vc_general vc_btn3 vc_btn3-size-md vc_btn3-shape-rounded vc_btn3-style-flat vc_btn3-color-juicy-pink\" a href=\"https:\/\/www.bhakademiker.org\/bs\/2026\/03\/06\/837-geburtstag\/\" title=\"Read more\">Read more<\/a><\/div><\/div><\/div><\/div><\/div><\/div><div class=\"vc_clearfix\"><\/div><\/div><\/div><\/div>\n\t<\/div>\n<\/div><\/div><\/div><\/div><\/div><div class=\"vc_row wpb_row row vc_custom_1640465028978\"><div class=\"wpb_column vc_column_container vc_col-sm-12\"><div class=\"vc_column-inner\"><div class=\"wpb_wrapper\"><div class=\"vc_row wpb_row vc_inner row\"><div class=\"col-lg-6 col-md-6 wpb_column vc_column_container vc_col-sm-12\"><div class=\"vc_column-inner vc_custom_1498568729039\"><div class=\"wpb_wrapper\"><!-- Owl Carousel -->\n\t\t\t\t\t\t<div class=\"owl-carousel-container block_other stories\">\n\t\t\t\t\t\t\t\n\t\t\t\t\t\t\t<div class=\"owl-header\">\n\t\t\t\t\t\t\t\t\n\t\t\t\t\t\t\t\t<h3 class=\"no-margin-top animate-onscroll\">GBAA Video<\/h3><div class=\"carousel-arrows animate-onscroll\">\n\t\t\t\t\t\t\t\t\t<span class=\"left-arrow\"><i class=\"icons icon-left-dir\"><\/i><\/span>\n\t\t\t\t\t\t\t\t\t<span class=\"right-arrow\"><i class=\"icons icon-right-dir\"><\/i><\/span>\n\t\t\t\t\t\t\t\t<\/div><\/div>\n\t<div class=\"owl-carousel owl-carousel14\" data-max-items=\"2\"><!-- Owl Item -->\n\t\t\t\t<div>\n\t\t\t\t\t\n\t\t\t\t\t<!-- Blog Post -->\n\t\t\t\t\t<div class=\"blog-post animate-onscroll\"><div class=\"post-image\"><a href=\"https:\/\/www.bhakademiker.org\/bs\/2024\/06\/24\/statement-dr-wolfgang-petritsch-zu-tag-der-volksgruppe-oesterreichische-bosnierinnen-vom-23-juni-2024\/\">\n\t\t\t\t\t\t\t<img loading=\"lazy\" decoding=\"async\" width=\"500\" height=\"335\" src=\"https:\/\/www.bhakademiker.org\/wp-content\/uploads\/2024\/06\/Screenshot-2024-06-24-145549-500x335.png\" class=\"attachment-portfolio3 size-portfolio3 wp-post-image\" alt=\"\" srcset=\"https:\/\/www.bhakademiker.org\/wp-content\/uploads\/2024\/06\/Screenshot-2024-06-24-145549-500x335.png 500w, https:\/\/www.bhakademiker.org\/wp-content\/uploads\/2024\/06\/Screenshot-2024-06-24-145549-16x12.png 16w, https:\/\/www.bhakademiker.org\/wp-content\/uploads\/2024\/06\/Screenshot-2024-06-24-145549-263x177.png 263w, https:\/\/www.bhakademiker.org\/wp-content\/uploads\/2024\/06\/Screenshot-2024-06-24-145549-150x100.png 150w\" sizes=\"(max-width: 500px) 100vw, 500px\" \/>\n\t\t\t\t\t\t<\/a><\/div><h4 class=\"post-title\"><a href=\"https:\/\/www.bhakademiker.org\/bs\/2024\/06\/24\/statement-dr-wolfgang-petritsch-zu-tag-der-volksgruppe-oesterreichische-bosnierinnen-vom-23-juni-2024\/\">Statement Dr. Wolfgang Petritsch zu &#8220;Tag der Volksgruppe \u00d6sterreichische Bosnier:innen&#8221; vom 23. Juni 2024<\/a><\/h4><p class=\"post-description\" >Statement Dr. Wolfgang Petritsch<\/p>\n\t\t\t\t\t\t\n\t\t\t\t\t\t<a href=\"https:\/\/www.bhakademiker.org\/bs\/2024\/06\/24\/statement-dr-wolfgang-petritsch-zu-tag-der-volksgruppe-oesterreichische-bosnierinnen-vom-23-juni-2024\/\" class=\"button read-more-button big button-arrow\">Read More<\/a><\/div>\n\t\t\t\t\t<!-- \/Blog Post -->\n\t\t\t\t\t\n\t\t\t\t<\/div>\n\t\t\t\t<!-- \/Owl Item --><!-- Owl Item -->\n\t\t\t\t<div>\n\t\t\t\t\t\n\t\t\t\t\t<!-- Blog Post -->\n\t\t\t\t\t<div class=\"blog-post animate-onscroll\"><div class=\"post-image\"><a href=\"https:\/\/www.bhakademiker.org\/bs\/2022\/11\/15\/833-rodjendan-bosne-geburtstag-bosniens-wien-2022\/\">\n\t\t\t\t\t\t\t<img loading=\"lazy\" decoding=\"async\" width=\"500\" height=\"335\" src=\"https:\/\/www.bhakademiker.org\/wp-content\/uploads\/2022\/11\/Rodjendan-Bosne_833-500x335.png\" class=\"attachment-portfolio3 size-portfolio3 wp-post-image\" alt=\"\" srcset=\"https:\/\/www.bhakademiker.org\/wp-content\/uploads\/2022\/11\/Rodjendan-Bosne_833-500x335.png 500w, https:\/\/www.bhakademiker.org\/wp-content\/uploads\/2022\/11\/Rodjendan-Bosne_833-263x177.png 263w, https:\/\/www.bhakademiker.org\/wp-content\/uploads\/2022\/11\/Rodjendan-Bosne_833-150x100.png 150w\" sizes=\"(max-width: 500px) 100vw, 500px\" \/>\n\t\t\t\t\t\t<\/a><\/div><h4 class=\"post-title\"><a href=\"https:\/\/www.bhakademiker.org\/bs\/2022\/11\/15\/833-rodjendan-bosne-geburtstag-bosniens-wien-2022\/\">833. Rodjendan Bosne\/Geburtstag Bosniens &#8211; Wien 2022<\/a><\/h4><p class=\"post-description\" >833. Rodjendan Bosne\/Geburtstag Bosniens &#8211; Wien 2022 &nbsp;<\/p>\n\t\t\t\t\t\t\n\t\t\t\t\t\t<a href=\"https:\/\/www.bhakademiker.org\/bs\/2022\/11\/15\/833-rodjendan-bosne-geburtstag-bosniens-wien-2022\/\" class=\"button read-more-button big button-arrow\">Read More<\/a><\/div>\n\t\t\t\t\t<!-- \/Blog Post -->\n\t\t\t\t\t\n\t\t\t\t<\/div>\n\t\t\t\t<!-- \/Owl Item --><!-- Owl Item -->\n\t\t\t\t<div>\n\t\t\t\t\t\n\t\t\t\t\t<!-- Blog Post -->\n\t\t\t\t\t<div class=\"blog-post animate-onscroll\"><div class=\"post-image\"><a href=\"https:\/\/www.bhakademiker.org\/bs\/2021\/07\/22\/830-rodjendan-bosne-geburtstag-bosniens-wien-2019-teil-1-2\/\">\n\t\t\t\t\t\t\t<img loading=\"lazy\" decoding=\"async\" width=\"500\" height=\"335\" src=\"https:\/\/www.bhakademiker.org\/wp-content\/uploads\/2021\/07\/zeljko-komsic-500x335.jpg\" class=\"attachment-portfolio3 size-portfolio3 wp-post-image\" alt=\"zeljko komsic\" srcset=\"https:\/\/www.bhakademiker.org\/wp-content\/uploads\/2021\/07\/zeljko-komsic.jpg 500w, https:\/\/www.bhakademiker.org\/wp-content\/uploads\/2021\/07\/zeljko-komsic-300x201.jpg 300w, https:\/\/www.bhakademiker.org\/wp-content\/uploads\/2021\/07\/zeljko-komsic-16x12.jpg 16w, https:\/\/www.bhakademiker.org\/wp-content\/uploads\/2021\/07\/zeljko-komsic-263x177.jpg 263w, https:\/\/www.bhakademiker.org\/wp-content\/uploads\/2021\/07\/zeljko-komsic-150x100.jpg 150w\" sizes=\"(max-width: 500px) 100vw, 500px\" \/>\n\t\t\t\t\t\t<\/a><\/div><h4 class=\"post-title\"><a href=\"https:\/\/www.bhakademiker.org\/bs\/2021\/07\/22\/830-rodjendan-bosne-geburtstag-bosniens-wien-2019-teil-1-2\/\">830. Rodjendan Bosne\/Geburtstag Bosniens &#8211; Wien 2019 &#8211; Teil 1\/2<\/a><\/h4><p class=\"post-description\" >830. Rodjendan Bosne\/Geburtstag Bosniens &#8211; Wien 2019 &#8211; Teil 1\/2<\/p>\n\t\t\t\t\t\t\n\t\t\t\t\t\t<a href=\"https:\/\/www.bhakademiker.org\/bs\/2021\/07\/22\/830-rodjendan-bosne-geburtstag-bosniens-wien-2019-teil-1-2\/\" class=\"button read-more-button big button-arrow\">Read More<\/a><\/div>\n\t\t\t\t\t<!-- \/Blog Post -->\n\t\t\t\t\t\n\t\t\t\t<\/div>\n\t\t\t\t<!-- \/Owl Item --><!-- Owl Item -->\n\t\t\t\t<div>\n\t\t\t\t\t\n\t\t\t\t\t<!-- Blog Post -->\n\t\t\t\t\t<div class=\"blog-post animate-onscroll\"><div class=\"post-image\"><a href=\"https:\/\/www.bhakademiker.org\/bs\/2021\/07\/22\/830-rodjendan-bosne-geburtstag-bosniens-wien-2019-teil-2-2\/\">\n\t\t\t\t\t\t\t<img loading=\"lazy\" decoding=\"async\" width=\"500\" height=\"335\" src=\"https:\/\/www.bhakademiker.org\/wp-content\/uploads\/2021\/07\/studentska-nagrada-500x335.jpg\" class=\"attachment-portfolio3 size-portfolio3 wp-post-image\" alt=\"studentska nagrada\" srcset=\"https:\/\/www.bhakademiker.org\/wp-content\/uploads\/2021\/07\/studentska-nagrada.jpg 500w, https:\/\/www.bhakademiker.org\/wp-content\/uploads\/2021\/07\/studentska-nagrada-300x201.jpg 300w, https:\/\/www.bhakademiker.org\/wp-content\/uploads\/2021\/07\/studentska-nagrada-16x12.jpg 16w, https:\/\/www.bhakademiker.org\/wp-content\/uploads\/2021\/07\/studentska-nagrada-263x177.jpg 263w, https:\/\/www.bhakademiker.org\/wp-content\/uploads\/2021\/07\/studentska-nagrada-150x100.jpg 150w\" sizes=\"(max-width: 500px) 100vw, 500px\" \/>\n\t\t\t\t\t\t<\/a><\/div><h4 class=\"post-title\"><a href=\"https:\/\/www.bhakademiker.org\/bs\/2021\/07\/22\/830-rodjendan-bosne-geburtstag-bosniens-wien-2019-teil-2-2\/\">830. Rodjendan Bosne\/Geburtstag Bosniens &#8211; Wien 2019 &#8211; Teil 2\/2<\/a><\/h4><p class=\"post-description\" >830. Rodjendan Bosne\/Geburtstag Bosniens &#8211; Wien 2019 &#8211; Teil 2\/2<\/p>\n\t\t\t\t\t\t\n\t\t\t\t\t\t<a href=\"https:\/\/www.bhakademiker.org\/bs\/2021\/07\/22\/830-rodjendan-bosne-geburtstag-bosniens-wien-2019-teil-2-2\/\" class=\"button read-more-button big button-arrow\">Read More<\/a><\/div>\n\t\t\t\t\t<!-- \/Blog Post -->\n\t\t\t\t\t\n\t\t\t\t<\/div>\n\t\t\t\t<!-- \/Owl Item --><\/div><\/div><\/div><\/div><\/div><\/div><\/div><\/div><\/div><\/div><div data-vc-full-width=\"true\" data-vc-full-width-init=\"false\" class=\"vc_row wpb_row row vc_custom_1462554352325 vc_row-has-fill\"><div class=\"wpb_column vc_column_container vc_col-sm-12\"><div class=\"vc_column-inner\"><div class=\"wpb_wrapper\"><!-- Owl Carousel -->\n\t\t\t\t\t\t<div class=\"owl-carousel-container\">\n\t\t\t\t\t\t\t\n\t\t\t\t\t\t\t<div class=\"owl-header\">\n\t\t\t\t\t\t\t\t\n\t\t\t\t\t\t\t\t<h3 class=\"brands_carousel_title animate-onscroll\">Sponzori<\/h3><div class=\"carousel-arrows animate-onscroll\">\n\t\t\t\t\t\t\t\t\t<span class=\"left-arrow\"><i class=\"icons icon-left-dir\"><\/i><\/span>\n\t\t\t\t\t\t\t\t\t<span class=\"right-arrow\"><i class=\"icons icon-right-dir\"><\/i><\/span>\n\t\t\t\t\t\t\t\t<\/div><\/div>\n\t<div class=\"owl-carousel brands_carousel\" data-max-items=\"6\"><div class=\"item\"><a target=\"_blank\" href=\"https:\/\/www.baucov.at\/\" class=\"d_block frame_container\"><img loading=\"lazy\" decoding=\"async\"  class=\"\" src=\"https:\/\/www.bhakademiker.org\/wp-content\/uploads\/2026\/03\/Prasentation-logo_2-165x100.jpg\" width=\"165\" height=\"100\" alt=\"Pr\u00e4sentation-logo_2\" title=\"Pr\u00e4sentation-logo_2\" \/><\/a><\/div><div class=\"item\"><a target=\"_blank\" href=\"https:\/\/empj-solutions.com\/\" class=\"d_block frame_container\"><img loading=\"lazy\" decoding=\"async\"  class=\"\" src=\"https:\/\/www.bhakademiker.org\/wp-content\/uploads\/2025\/07\/Screenshot-2025-07-18-212337-165x100.jpg\" width=\"165\" height=\"100\" alt=\"Screenshot 2025-07-18 212337\" title=\"Screenshot 2025-07-18 212337\" \/><\/a><\/div><div class=\"item\"><a target=\"_blank\" href=\"https:\/\/www.team23tax.at\/\" class=\"d_block frame_container\"><img loading=\"lazy\" decoding=\"async\"  class=\"\" src=\"https:\/\/www.bhakademiker.org\/wp-content\/uploads\/2024\/09\/team23-Markenlogos-03-165x100.png\" width=\"165\" height=\"100\" alt=\"team23-Markenlogos-03\" title=\"team23-Markenlogos-03\" \/><\/a><\/div><div class=\"item\"><a target=\"_blank\" href=\"https:\/\/www.algopoint.at\/\" class=\"d_block frame_container\"><img loading=\"lazy\" decoding=\"async\"  class=\"\" src=\"https:\/\/www.bhakademiker.org\/wp-content\/uploads\/2022\/12\/Algopoint.png\" width=\"165\" height=\"100\" alt=\"Algopoint Logo\" title=\"Algopoint\" \/><\/a><\/div><div class=\"item\"><a target=\"_blank\" href=\"https:\/\/www.restaurant-xxxl.at\/\" class=\"d_block frame_container\"><img loading=\"lazy\" decoding=\"async\"  class=\"\" src=\"https:\/\/www.bhakademiker.org\/wp-content\/uploads\/2025\/08\/Screenshot-2025-08-26-131620-165x100.png\" width=\"165\" height=\"100\" alt=\"Screenshot 2025-08-26 131620\" title=\"Screenshot 2025-08-26 131620\" \/><\/a><\/div><div class=\"item\"><a target=\"_blank\" href=\"https:\/\/www.hatic.at\/\" class=\"d_block frame_container\"><img loading=\"lazy\" decoding=\"async\"  class=\"\" src=\"https:\/\/www.bhakademiker.org\/wp-content\/uploads\/2021\/06\/hatic.png\" width=\"165\" height=\"100\" alt=\"Hatic logo\" title=\"hatic\" \/><\/a><\/div><div class=\"item\"><a target=\"_blank\" href=\"https:\/\/kombiflex.com\/\" class=\"d_block frame_container\"><img loading=\"lazy\" decoding=\"async\"  class=\"\" src=\"https:\/\/www.bhakademiker.org\/wp-content\/uploads\/2022\/12\/Kombiflex-logo.png\" width=\"165\" height=\"100\" alt=\"Kombiflex logo\" title=\"Kombiflex logo\" \/><\/a><\/div><\/div><\/div>\n\t<div class=\"wpb_text_column wpb_content_element\" >\n\t\t<div class=\"wpb_wrapper\">\n\t\t\t<h6 style=\"font-size: 3px;\"><span style=\"color: #ffffff;\">Der Verein \u201eGesellschaft Bosnischer Akademiker in \u00d6sterreich\u201c erstreckt seine T\u00e4tigkeit auf die F\u00f6rderung der wirtschaftlichen Beziehungen sowie die Pflege der historischen und kulturellen Verbindungen zwischen \u00d6sterreich und Bosnien und Herzegowina.<\/span><\/h6>\n\n\t\t<\/div>\n\t<\/div>\n<\/div><\/div><\/div><\/div><div class=\"vc_row-full-width vc_clearfix\"><\/div><div data-vc-full-width=\"true\" data-vc-full-width-init=\"false\" class=\"vc_row wpb_row row vc_custom_1462554352325 vc_row-has-fill\"><div class=\"wpb_column vc_column_container vc_col-sm-12\"><div class=\"vc_column-inner\"><div class=\"wpb_wrapper\">\n\t<div class=\"wpb_text_column wpb_content_element\" >\n\t\t<div class=\"wpb_wrapper\">\n\t\t\t<h6 style=\"font-size: 3px;\"><span style=\"color: #ffffff;\">Der Verein \u201eGesellschaft Bosnischer Akademiker in \u00d6sterreich\u201c erstreckt seine T\u00e4tigkeit auf die F\u00f6rderung der wirtschaftlichen Beziehungen sowie die Pflege der historischen und kulturellen Verbindungen zwischen \u00d6sterreich und Bosnien und Herzegowina.<\/span><\/h6>\n\n\t\t<\/div>\n\t<\/div>\n<!-- Owl Carousel -->\n\t\t\t\t\t\t<div class=\"owl-carousel-container\">\n\t\t\t\t\t\t\t\n\t\t\t\t\t\t\t<div class=\"owl-header\">\n\t\t\t\t\t\t\t\t\n\t\t\t\t\t\t\t\t<h3 class=\"brands_carousel_title animate-onscroll\">Prijatelji BADA<\/h3><\/div>\n\t<div class=\"owl-carousel brands_carousel\" data-max-items=\"6\"><div class=\"item\"><a target=\"_blank\" href=\"https:\/\/www.bhaaas.org\/\" class=\"d_block frame_container\"><img loading=\"lazy\" decoding=\"async\"  class=\"\" src=\"https:\/\/www.bhakademiker.org\/wp-content\/uploads\/2026\/03\/LOGO_BHAAAS_4.png\" width=\"159\" height=\"50\" alt=\"LOGO_BHAAAS_4\" title=\"LOGO_BHAAAS_4\" \/><\/a><\/div><div class=\"item\"><a target=\"_blank\" href=\"https:\/\/makdizdar.ba\/category\/o-maku-dizdaru\/\" class=\"d_block frame_container\"><img loading=\"lazy\" decoding=\"async\"  class=\"\" src=\"https:\/\/www.bhakademiker.org\/wp-content\/uploads\/2026\/03\/Mak-Dizdar_2-165x66.jpg\" width=\"165\" height=\"66\" alt=\"Mak Dizdar_2\" title=\"Mak Dizdar_2\" \/><\/a><\/div><div class=\"item\"><a target=\"_blank\" href=\"https:\/\/bads.si\/\" class=\"d_block frame_container\"><img loading=\"lazy\" decoding=\"async\"  class=\"\" src=\"https:\/\/www.bhakademiker.org\/wp-content\/uploads\/2022\/08\/BADS-logo.jpg\" width=\"165\" height=\"100\" alt=\"BIV Logo\" title=\"BADS logo\" \/><\/a><\/div><div class=\"item\"><a target=\"_blank\" href=\"https:\/\/akademskiimenik.ba\/\" class=\"d_block frame_container\"><img loading=\"lazy\" decoding=\"async\"  class=\"\" src=\"https:\/\/www.bhakademiker.org\/wp-content\/uploads\/2024\/06\/BH-Akademski-Imenik-1-165x100.jpg\" width=\"165\" height=\"100\" alt=\"BH Akademski Imenik\" title=\"BH Akademski Imenik\" \/><\/a><\/div><div class=\"item\"><a target=\"_blank\" href=\"https:\/\/bhdinfodesk.com\/2022\/05\/29\/badea-potrebno-je-odrzanje-i-njegovanje-sarolikog-bosanskog-identiteta-u-zemljama-eu\/\" class=\"d_block frame_container\"><img loading=\"lazy\" decoding=\"async\"  class=\"\" src=\"https:\/\/www.bhakademiker.org\/wp-content\/uploads\/2022\/06\/infodesk.jpg\" width=\"165\" height=\"100\" alt=\"bhdinfodesk\" title=\"bhdinfodesk\" \/><\/a><\/div><div class=\"item\"><a target=\"_blank\" href=\"https:\/\/bizbos.at\/listing-category\/vereine\/\" class=\"d_block frame_container\"><img loading=\"lazy\" decoding=\"async\"  class=\"\" src=\"https:\/\/www.bhakademiker.org\/wp-content\/uploads\/2024\/02\/Bizbos_2-165x100.png\" width=\"165\" height=\"100\" alt=\"Bizbos_2\" title=\"Bizbos_2\" \/><\/a><\/div><\/div><\/div><\/div><\/div><\/div><\/div><div class=\"vc_row-full-width vc_clearfix\"><\/div><div data-vc-full-width=\"true\" data-vc-full-width-init=\"false\" class=\"vc_row wpb_row row vc_custom_1640469814293 vc_row-has-fill\"><div class=\"wpb_column vc_column_container vc_col-sm-6\"><div class=\"vc_column-inner vc_custom_1462462683058\"><div class=\"wpb_wrapper\">\n\t<div class=\"wpb_text_column wpb_content_element\" >\n\t\t<div class=\"wpb_wrapper\">\n\t\t\t<h5 style=\"text-align: right;\"><span style=\"color: #ffffff;\"><strong>PRIJAVI SE<\/strong><\/span><br \/>\n<span style=\"color: #ffffff;\">ZA NOVOSTI<\/span><\/h5>\n\n\t\t<\/div>\n\t<\/div>\n<\/div><\/div><\/div><div class=\"wpb_column vc_column_container vc_col-sm-6\"><div class=\"vc_column-inner\"><div class=\"wpb_wrapper\">\n\t<div class=\"wpb_text_column wpb_content_element\" >\n\t\t<div class=\"wpb_wrapper\">\n\t\t\t<p style=\"text-align: left;\"><script>(function() {\n\twindow.mc4wp = window.mc4wp || {\n\t\tlisteners: [],\n\t\tforms: {\n\t\t\ton: function(evt, cb) {\n\t\t\t\twindow.mc4wp.listeners.push(\n\t\t\t\t\t{\n\t\t\t\t\t\tevent   : evt,\n\t\t\t\t\t\tcallback: cb\n\t\t\t\t\t}\n\t\t\t\t);\n\t\t\t}\n\t\t}\n\t}\n})();\n<\/script><!-- Mailchimp for WordPress v4.9.17 - https:\/\/wordpress.org\/plugins\/mailchimp-for-wp\/ --><form id=\"mc4wp-form-1\" class=\"mc4wp-form mc4wp-form-2055 mc4wp-form-basic\" method=\"post\" data-id=\"2055\" data-name=\"Newsletter\" ><div class=\"mc4wp-form-fields\"><div class=\"newsletter-form\">\r\n\t\t\t\t\t\t\r\n\t\t\t\t\t\t\t<div class=\"newsletter-email\">\r\n\t\t\t\t\t\t\t\t<input type=\"email\" name=\"EMAIL\" placeholder=\"E-mail\"\r\n    required=\"\"> \r\n\t\t\t\t\t\t\t<\/div>\r\n\t\t\t\t\t\t\t\r\n\t\t\t\t\t\t\t<div>&nbsp;&nbsp;<\/div>\r\n\t\t\t\t\t\t\t\r\n\t\t\t\t\t\t\t<div class=\"newsletter-submit\">\r\n\t\t\t\t\t\t\t\t<input type=\"submit\" id=\"signup_submit\" name=\"newsletter-submit\" value=\"Abonnieren\">\r\n\t\t\t\t\t\t\t\t<i class=\"icons icon-right-thin\"><\/i><input type=\"submit\" value=\"Abonnieren\">\r\n\t\t\t\t\t\t\t<\/div>\r\n\t\t\t\t\t\t\t\r\n\t\t\t\t\t\t<\/div>\r\n<\/div><label style=\"display: none !important;\">Leave this field empty if you're human: <input type=\"text\" name=\"_mc4wp_honeypot\" value=\"\" tabindex=\"-1\" autocomplete=\"off\" \/><\/label><input type=\"hidden\" name=\"_mc4wp_timestamp\" value=\"1777364744\" \/><input type=\"hidden\" name=\"_mc4wp_form_id\" value=\"2055\" \/><input type=\"hidden\" name=\"_mc4wp_form_element_id\" value=\"mc4wp-form-1\" \/><div class=\"mc4wp-response\"><\/div><input type=\"hidden\" name=\"trp-form-language\" value=\"bs\"\/><\/form><!-- \/ Mailchimp for WordPress Plugin --><\/p>\n\n\t\t<\/div>\n\t<\/div>\n<\/div><\/div><\/div><\/div><div class=\"vc_row-full-width vc_clearfix\"><\/div>","protected":false},"excerpt":{"rendered":"Mehr erfahren Mehr erfahren Mehr erfahren Mehr erfahren Mehr erfahren Mehr erfahren Mehr erfahren Mehr erfahren Veranstaltung Finde Veranstaltungen Mitglied\/Sponsor Jetzt unterst\u00fctzen Unterst\u00fctzung GBAA Wirtschaftstreffen in Graz 2026Wirtschaftstreffen in Graz 2026 Read more837. GeburtstagGeschichte Kultur Bildung Wissenschaft Willkommen am 2. Oktober 2026 Bosnische Volksgruppe in \u00d6sterreich Read more GBAA Video Statement Dr. Wolfgang Petritsch zu &#8220;Tag der Volksgruppe \u00d6sterreichische Bosnier:innen&#8221; vom 23. Juni 2024Statement Dr. Wolfgang Petritsch Read More 833. Rodjendan Bosne\/Geburtstag Bosniens &#8211; Wien 2022833. Rodjendan Bosne\/Geburtstag Bosniens &#8211; Wien 2022 &nbsp; Read More 830. Rodjendan Bosne\/Geburtstag Bosniens &#8211; Wien 2019 &#8211; Teil 1\/2830. Rodjendan Bosne\/Geburtstag Bosniens &#8211; Wien...","protected":false},"author":1,"featured_media":2018,"parent":0,"menu_order":0,"comment_status":"closed","ping_status":"closed","template":"page_home.php","meta":{"footnotes":""},"class_list":["post-637","page","type-page","status-publish","has-post-thumbnail","hentry"],"yoast_head":"<!-- This site is optimized with the Yoast SEO plugin v20.3 - https:\/\/yoast.com\/wordpress\/plugins\/seo\/ -->\n<title>Gesellschaft Bosnischer Akademiker \u00d6sterreich<\/title>\n<meta name=\"description\" content=\"Gesellschaft Bosnischer Akademiker in \u00d6sterreich erstreckt seine T\u00e4tigkeit auf die F\u00f6rderung der wirtschaftlichen Beziehungen\" \/>\n<meta name=\"robots\" content=\"index, follow, max-snippet:-1, max-image-preview:large, max-video-preview:-1\" \/>\n<link rel=\"canonical\" href=\"https:\/\/www.bhakademiker.org\/bs\/\" \/>\n<meta property=\"og:locale\" content=\"bs_BA\" \/>\n<meta property=\"og:type\" content=\"article\" \/>\n<meta property=\"og:title\" content=\"Gesellschaft Bosnischer Akademiker \u00d6sterreich\" \/>\n<meta property=\"og:description\" content=\"Gesellschaft Bosnischer Akademiker in \u00d6sterreich erstreckt seine T\u00e4tigkeit auf die F\u00f6rderung der wirtschaftlichen Beziehungen\" \/>\n<meta property=\"og:url\" content=\"https:\/\/www.bhakademiker.org\/bs\/\" \/>\n<meta property=\"og:site_name\" content=\"Gesellschaft Bosnischer Akademiker\" \/>\n<meta property=\"article:modified_time\" content=\"2026-03-28T18:14:18+00:00\" \/>\n<meta property=\"og:image\" content=\"https:\/\/www.bhakademiker.org\/wp-content\/uploads\/2022\/01\/featured-GBAA.png\" \/>\n\t<meta property=\"og:image:width\" content=\"1200\" \/>\n\t<meta property=\"og:image:height\" content=\"630\" \/>\n\t<meta property=\"og:image:type\" content=\"image\/png\" \/>\n<meta name=\"twitter:card\" content=\"summary_large_image\" \/>\n<meta name=\"twitter:label1\" content=\"Est. reading time\" \/>\n\t<meta name=\"twitter:data1\" content=\"2 minute\" \/>\n<script type=\"application\/ld+json\" class=\"yoast-schema-graph\">{\"@context\":\"https:\/\/schema.org\",\"@graph\":[{\"@type\":\"WebPage\",\"@id\":\"https:\/\/www.bhakademiker.org\/\",\"url\":\"https:\/\/www.bhakademiker.org\/\",\"name\":\"Gesellschaft Bosnischer Akademiker \u00d6sterreich\",\"isPartOf\":{\"@id\":\"https:\/\/www.bhakademiker.org\/bs\/#website\"},\"datePublished\":\"2016-04-29T13:56:32+00:00\",\"dateModified\":\"2026-03-28T18:14:18+00:00\",\"description\":\"Gesellschaft Bosnischer Akademiker in \u00d6sterreich erstreckt seine T\u00e4tigkeit auf die F\u00f6rderung der wirtschaftlichen Beziehungen\",\"breadcrumb\":{\"@id\":\"https:\/\/www.bhakademiker.org\/#breadcrumb\"},\"inLanguage\":\"bs-BA\",\"potentialAction\":[{\"@type\":\"ReadAction\",\"target\":[\"https:\/\/www.bhakademiker.org\/\"]}]},{\"@type\":\"BreadcrumbList\",\"@id\":\"https:\/\/www.bhakademiker.org\/#breadcrumb\",\"itemListElement\":[{\"@type\":\"ListItem\",\"position\":1,\"name\":\"Home\",\"item\":\"https:\/\/www.bhakademiker.org\/\"},{\"@type\":\"ListItem\",\"position\":2,\"name\":\"Home\"}]},{\"@type\":\"WebSite\",\"@id\":\"https:\/\/www.bhakademiker.org\/bs\/#website\",\"url\":\"https:\/\/www.bhakademiker.org\/bs\/\",\"name\":\"Gesellschaft Bosnischer Akademiker\",\"description\":\"\",\"publisher\":{\"@id\":\"https:\/\/www.bhakademiker.org\/bs\/#organization\"},\"potentialAction\":[{\"@type\":\"SearchAction\",\"target\":{\"@type\":\"EntryPoint\",\"urlTemplate\":\"https:\/\/www.bhakademiker.org\/bs\/?s={search_term_string}\"},\"query-input\":\"required name=search_term_string\"}],\"inLanguage\":\"bs-BA\"},{\"@type\":\"Organization\",\"@id\":\"https:\/\/www.bhakademiker.org\/bs\/#organization\",\"name\":\"Gesellschaft Bosnischer Akademiker in \u00d6sterreich\",\"url\":\"https:\/\/www.bhakademiker.org\/bs\/\",\"logo\":{\"@type\":\"ImageObject\",\"inLanguage\":\"bs-BA\",\"@id\":\"https:\/\/www.bhakademiker.org\/bs\/#\/schema\/logo\/image\/\",\"url\":\"https:\/\/www.bhakademiker.org\/wp-content\/uploads\/2022\/01\/featured-GBAA.png\",\"contentUrl\":\"https:\/\/www.bhakademiker.org\/wp-content\/uploads\/2022\/01\/featured-GBAA.png\",\"width\":1200,\"height\":630,\"caption\":\"Gesellschaft Bosnischer Akademiker in \u00d6sterreich\"},\"image\":{\"@id\":\"https:\/\/www.bhakademiker.org\/bs\/#\/schema\/logo\/image\/\"}}]}<\/script>\n<!-- \/ Yoast SEO plugin. -->","yoast_head_json":{"title":"Gesellschaft Bosnischer Akademiker \u00d6sterreich","description":"Gesellschaft Bosnischer Akademiker in \u00d6sterreich erstreckt seine T\u00e4tigkeit auf die F\u00f6rderung der wirtschaftlichen Beziehungen","robots":{"index":"index","follow":"follow","max-snippet":"max-snippet:-1","max-image-preview":"max-image-preview:large","max-video-preview":"max-video-preview:-1"},"canonical":"https:\/\/www.bhakademiker.org\/bs\/","og_locale":"bs_BA","og_type":"article","og_title":"Gesellschaft Bosnischer Akademiker \u00d6sterreich","og_description":"Gesellschaft Bosnischer Akademiker in \u00d6sterreich erstreckt seine T\u00e4tigkeit auf die F\u00f6rderung der wirtschaftlichen Beziehungen","og_url":"https:\/\/www.bhakademiker.org\/bs\/","og_site_name":"Gesellschaft Bosnischer Akademiker","article_modified_time":"2026-03-28T18:14:18+00:00","og_image":[{"width":1200,"height":630,"url":"https:\/\/www.bhakademiker.org\/wp-content\/uploads\/2022\/01\/featured-GBAA.png","type":"image\/png"}],"twitter_card":"summary_large_image","twitter_misc":{"Est. reading time":"2 minute"},"schema":{"@context":"https:\/\/schema.org","@graph":[{"@type":"WebPage","@id":"https:\/\/www.bhakademiker.org\/","url":"https:\/\/www.bhakademiker.org\/","name":"Gesellschaft Bosnischer Akademiker \u00d6sterreich","isPartOf":{"@id":"https:\/\/www.bhakademiker.org\/bs\/#website"},"datePublished":"2016-04-29T13:56:32+00:00","dateModified":"2026-03-28T18:14:18+00:00","description":"Gesellschaft Bosnischer Akademiker in \u00d6sterreich erstreckt seine T\u00e4tigkeit auf die F\u00f6rderung der wirtschaftlichen Beziehungen","breadcrumb":{"@id":"https:\/\/www.bhakademiker.org\/#breadcrumb"},"inLanguage":"bs-BA","potentialAction":[{"@type":"ReadAction","target":["https:\/\/www.bhakademiker.org\/"]}]},{"@type":"BreadcrumbList","@id":"https:\/\/www.bhakademiker.org\/#breadcrumb","itemListElement":[{"@type":"ListItem","position":1,"name":"Home","item":"https:\/\/www.bhakademiker.org\/"},{"@type":"ListItem","position":2,"name":"Home"}]},{"@type":"WebSite","@id":"https:\/\/www.bhakademiker.org\/bs\/#website","url":"https:\/\/www.bhakademiker.org\/bs\/","name":"Gesellschaft Bosnischer Akademiker","description":"","publisher":{"@id":"https:\/\/www.bhakademiker.org\/bs\/#organization"},"potentialAction":[{"@type":"SearchAction","target":{"@type":"EntryPoint","urlTemplate":"https:\/\/www.bhakademiker.org\/bs\/?s={search_term_string}"},"query-input":"required name=search_term_string"}],"inLanguage":"bs-BA"},{"@type":"Organization","@id":"https:\/\/www.bhakademiker.org\/bs\/#organization","name":"Gesellschaft Bosnischer Akademiker in \u00d6sterreich","url":"https:\/\/www.bhakademiker.org\/bs\/","logo":{"@type":"ImageObject","inLanguage":"bs-BA","@id":"https:\/\/www.bhakademiker.org\/bs\/#\/schema\/logo\/image\/","url":"https:\/\/www.bhakademiker.org\/wp-content\/uploads\/2022\/01\/featured-GBAA.png","contentUrl":"https:\/\/www.bhakademiker.org\/wp-content\/uploads\/2022\/01\/featured-GBAA.png","width":1200,"height":630,"caption":"Gesellschaft Bosnischer Akademiker in \u00d6sterreich"},"image":{"@id":"https:\/\/www.bhakademiker.org\/bs\/#\/schema\/logo\/image\/"}}]}},"_links":{"self":[{"href":"https:\/\/www.bhakademiker.org\/bs\/wp-json\/wp\/v2\/pages\/637","targetHints":{"allow":["GET"]}}],"collection":[{"href":"https:\/\/www.bhakademiker.org\/bs\/wp-json\/wp\/v2\/pages"}],"about":[{"href":"https:\/\/www.bhakademiker.org\/bs\/wp-json\/wp\/v2\/types\/page"}],"author":[{"embeddable":true,"href":"https:\/\/www.bhakademiker.org\/bs\/wp-json\/wp\/v2\/users\/1"}],"replies":[{"embeddable":true,"href":"https:\/\/www.bhakademiker.org\/bs\/wp-json\/wp\/v2\/comments?post=637"}],"version-history":[{"count":10,"href":"https:\/\/www.bhakademiker.org\/bs\/wp-json\/wp\/v2\/pages\/637\/revisions"}],"predecessor-version":[{"id":4186,"href":"https:\/\/www.bhakademiker.org\/bs\/wp-json\/wp\/v2\/pages\/637\/revisions\/4186"}],"wp:featuredmedia":[{"embeddable":true,"href":"https:\/\/www.bhakademiker.org\/bs\/wp-json\/wp\/v2\/media\/2018"}],"wp:attachment":[{"href":"https:\/\/www.bhakademiker.org\/bs\/wp-json\/wp\/v2\/media?parent=637"}],"curies":[{"name":"wp","href":"https:\/\/api.w.org\/{rel}","templated":true}]}}