{"id":82,"date":"2014-10-20T19:22:56","date_gmt":"2014-10-20T19:22:56","guid":{"rendered":"http:\/\/velikorodnov.com\/dev\/candidate\/?page_id=82"},"modified":"2014-10-20T19:22:56","modified_gmt":"2014-10-20T19:22:56","slug":"team","status":"publish","type":"page","link":"https:\/\/www.bhakademiker.org\/bs\/team\/","title":{"rendered":"Team"},"content":{"rendered":"<div class=\"vc_row wpb_row row\"><div class=\"wpb_column vc_column_container vc_col-sm-12\"><div class=\"vc_column-inner\"><div class=\"wpb_wrapper\"><div class=\"team_block\"><h3 class=\"animate-onscroll no-margin-top\">MEET OUR TEAM<\/h3><div class=\"team-member animate-onscroll big\">\r\n\t\t\t\t\t\t\t\t\t\r\n\t\t\t\t\t\t\t\t\t<img decoding=\"async\" class=\"team-member-image\" src=\"https:\/\/www.bhakademiker.org\/wp-content\/uploads\/2024\/03\/mato-500x480.jpeg\" alt=\"\">\r\n\t\t\t\t\t\t\t\t\t\r\n\t\t\t\t\t\t\t\t\t<div class=\"team-member-info\">\r\n\t\t\t\t\t\t\t\t\t\t\r\n\t\t\t\t\t\t\t\t\t\t<h2><a href=\"https:\/\/www.bhakademiker.org\/bs\/team_members\/mato-dominkovic\/\" class=\"team-link\">Dr. Mato Dominkovi\u0107<\/a><\/h2>\r\n\t\t\t\t\t\t\t\t\t\t<span class=\"job\"><\/span>\r\n\t\t\t\t\t\t\t\t\t\t\r\n\t\t\t\t\t\t\t\t\t\t<div class=\"team-member-more\">\r\n\t\t\t\t\t\t\t\t\t\t\t <div class=\"social-media\">\r\n\t\t\t\t\t\t\t\t\t\t\t\t<span class=\"small-caption\">Get connected:<\/span>\r\n\t\t\t\t\t\t\t\t\t\t\t\t<ul class=\"social-icons\"><\/ul><\/div><\/div>\r\n\t\t\t\t\t\t\t\t\t\t\r\n\t\t\t\t\t\t\t\t\t<\/div>\r\n\t\t\t\t\t\t\t\t\t\r\n\t\t\t\t\t\t\t\t<\/div><div class=\"row\"><div class=\"col-lg-4 col-md-4 col-sm-6\"><div class=\"team-member animate-onscroll\">\r\n\t\t\t\t\t\t\t\t\t\r\n\t\t\t\t\t\t\t\t\t<img decoding=\"async\" class=\"team-member-image\" src=\"https:\/\/www.bhakademiker.org\/wp-content\/uploads\/2024\/03\/ljuhar-555x480.jpeg\" alt=\"\">\r\n\t\t\t\t\t\t\t\t\t\r\n\t\t\t\t\t\t\t\t\t<div class=\"team-member-info\">\r\n\t\t\t\t\t\t\t\t\t\t\r\n\t\t\t\t\t\t\t\t\t\t<h2><a href=\"https:\/\/www.bhakademiker.org\/bs\/team_members\/davul-ljuhar\/\" class=\"team-link\">DI Davul Ljuhar<\/a><\/h2>\r\n\t\t\t\t\t\t\t\t\t\t<span class=\"job\"><\/span>\r\n\t\t\t\t\t\t\t\t\t\t\r\n\t\t\t\t\t\t\t\t\t\t<div class=\"team-member-more\">\r\n\t\t\t\t\t\t\t\t\t\t\t <div class=\"social-media\">\r\n\t\t\t\t\t\t\t\t\t\t\t\t<span class=\"small-caption\">Get connected:<\/span>\r\n\t\t\t\t\t\t\t\t\t\t\t\t<ul class=\"social-icons\"><\/ul><\/div><\/div>\r\n\t\t\t\t\t\t\t\t\t\t\r\n\t\t\t\t\t\t\t\t\t<\/div>\r\n\t\t\t\t\t\t\t\t\t\r\n\t\t\t\t\t\t\t\t<\/div><\/div><div class=\"col-lg-4 col-md-4 col-sm-6\"><div class=\"team-member animate-onscroll\">\r\n\t\t\t\t\t\t\t\t\t\r\n\t\t\t\t\t\t\t\t\t<img decoding=\"async\" class=\"team-member-image\" src=\"https:\/\/www.bhakademiker.org\/wp-content\/uploads\/2021\/06\/Selmir-Mujagic-555x480.jpg\" alt=\"\">\r\n\t\t\t\t\t\t\t\t\t\r\n\t\t\t\t\t\t\t\t\t<div class=\"team-member-info\">\r\n\t\t\t\t\t\t\t\t\t\t\r\n\t\t\t\t\t\t\t\t\t\t<h2><a href=\"https:\/\/www.bhakademiker.org\/bs\/team_members\/selmir-mujagic\/\" class=\"team-link\">DI Selmir Mujagic<\/a><\/h2>\r\n\t\t\t\t\t\t\t\t\t\t<span class=\"job\">Web-Administrator<\/span>\r\n\t\t\t\t\t\t\t\t\t\t\r\n\t\t\t\t\t\t\t\t\t\t<div class=\"team-member-more\">\r\n\t\t\t\t\t\t\t\t\t\t\t <div class=\"social-media\">\r\n\t\t\t\t\t\t\t\t\t\t\t\t<span class=\"small-caption\">Get connected:<\/span>\r\n\t\t\t\t\t\t\t\t\t\t\t\t<ul class=\"social-icons\"><li class=\"facebook\"><a href=\"https:\/\/www.facebook.com\/SMujagic\" class=\"tooltip-ontop\" title=\"Facebook\"><i class=\"icons icon-facebook\"><\/i><\/a><\/li><li class=\"linkedin\"><a href=\"https:\/\/www.linkedin.com\/in\/selmir-mujagic-992a97174\/\" class=\"tooltip-ontop\" title=\"LinkedIn\"><i class=\"icons icon-linkedin-1\"><\/i><\/a><\/li><li class=\"email\"><a href=\"mailto:contact@bhakademiker.org\" class=\"tooltip-ontop\" title=\"Email\"><i class=\"icons icon-mail\"><\/i><\/a><\/li><\/ul><\/div><\/div>\r\n\t\t\t\t\t\t\t\t\t\t\r\n\t\t\t\t\t\t\t\t\t<\/div>\r\n\t\t\t\t\t\t\t\t\t\r\n\t\t\t\t\t\t\t\t<\/div><\/div><div class=\"col-lg-4 col-md-4 col-sm-6\"><div class=\"team-member animate-onscroll\">\r\n\t\t\t\t\t\t\t\t\t\r\n\t\t\t\t\t\t\t\t\t<img decoding=\"async\" class=\"team-member-image\" src=\"https:\/\/www.bhakademiker.org\/wp-content\/uploads\/2023\/06\/Foto_Amer-555x480.webp\" alt=\"\">\r\n\t\t\t\t\t\t\t\t\t\r\n\t\t\t\t\t\t\t\t\t<div class=\"team-member-info\">\r\n\t\t\t\t\t\t\t\t\t\t\r\n\t\t\t\t\t\t\t\t\t\t<h2><a href=\"https:\/\/www.bhakademiker.org\/bs\/team_members\/amer-durmic\/\" class=\"team-link\">Amer Durmic, MSc<\/a><\/h2>\r\n\t\t\t\t\t\t\t\t\t\t<span class=\"job\">Web-Administrator<\/span>\r\n\t\t\t\t\t\t\t\t\t\t\r\n\t\t\t\t\t\t\t\t\t\t<div class=\"team-member-more\">\r\n\t\t\t\t\t\t\t\t\t\t\t <div class=\"social-media\">\r\n\t\t\t\t\t\t\t\t\t\t\t\t<span class=\"small-caption\">Get connected:<\/span>\r\n\t\t\t\t\t\t\t\t\t\t\t\t<ul class=\"social-icons\"><\/ul><\/div><\/div>\r\n\t\t\t\t\t\t\t\t\t\t\r\n\t\t\t\t\t\t\t\t\t<\/div>\r\n\t\t\t\t\t\t\t\t\t\r\n\t\t\t\t\t\t\t\t<\/div><\/div><div class=\"col-lg-3 col-md-3 col-sm-6\"><div class=\"team-member animate-onscroll\">\r\n\t\t\t\t\t\t\t\t\t\r\n\t\t\t\t\t\t\t\t\t<img decoding=\"async\" class=\"team-member-image\" src=\"https:\/\/www.bhakademiker.org\/wp-content\/uploads\/2023\/03\/Mag.-Marko-Dragas-555x480.webp\" alt=\"\">\r\n\t\t\t\t\t\t\t\t\t\r\n\t\t\t\t\t\t\t\t\t<div class=\"team-member-info\">\r\n\t\t\t\t\t\t\t\t\t\t\r\n\t\t\t\t\t\t\t\t\t\t<h2><a href=\"https:\/\/www.bhakademiker.org\/bs\/team_members\/mag-marco-dragas\/\" class=\"team-link\">Mag. Marko Draga\u0161<\/a><\/h2>\r\n\t\t\t\t\t\t\t\t\t\t<span class=\"job\">Obmann - Stellvertreter<\/span>\r\n\t\t\t\t\t\t\t\t\t\t\r\n\t\t\t\t\t\t\t\t\t\t<div class=\"team-member-more\">\r\n\t\t\t\t\t\t\t\t\t\t\t <\/div>\r\n\t\t\t\t\t\t\t\t\t\t\r\n\t\t\t\t\t\t\t\t\t<\/div>\r\n\t\t\t\t\t\t\t\t\t\r\n\t\t\t\t\t\t\t\t<\/div><\/div><div class=\"col-lg-3 col-md-3 col-sm-6\"><div class=\"team-member animate-onscroll\">\r\n\t\t\t\t\t\t\t\t\t\r\n\t\t\t\t\t\t\t\t\t<img decoding=\"async\" class=\"team-member-image\" src=\"https:\/\/www.bhakademiker.org\/wp-content\/uploads\/2023\/03\/bf385dc4-8960-4f4e-b29d-c3d606d4024d.jpg\" alt=\"\">\r\n\t\t\t\t\t\t\t\t\t\r\n\t\t\t\t\t\t\t\t\t<div class=\"team-member-info\">\r\n\t\t\t\t\t\t\t\t\t\t\r\n\t\t\t\t\t\t\t\t\t\t<h2><a href=\"https:\/\/www.bhakademiker.org\/bs\/team_members\/mag-alen-suljagic\/\" class=\"team-link\">Mag. Alen Suljagi\u0107<\/a><\/h2>\r\n\t\t\t\t\t\t\t\t\t\t<span class=\"job\">Obmann - Stellvertreter<\/span>\r\n\t\t\t\t\t\t\t\t\t\t\r\n\t\t\t\t\t\t\t\t\t\t<div class=\"team-member-more\">\r\n\t\t\t\t\t\t\t\t\t\t\t <\/div>\r\n\t\t\t\t\t\t\t\t\t\t\r\n\t\t\t\t\t\t\t\t\t<\/div>\r\n\t\t\t\t\t\t\t\t\t\r\n\t\t\t\t\t\t\t\t<\/div><\/div><div class=\"col-lg-3 col-md-3 col-sm-6\"><div class=\"team-member animate-onscroll\">\r\n\t\t\t\t\t\t\t\t\t\r\n\t\t\t\t\t\t\t\t\t<img decoding=\"async\" class=\"team-member-image\" src=\"https:\/\/www.bhakademiker.org\/wp-content\/uploads\/2021\/06\/ajdin-555x480.jpeg\" alt=\"\">\r\n\t\t\t\t\t\t\t\t\t\r\n\t\t\t\t\t\t\t\t\t<div class=\"team-member-info\">\r\n\t\t\t\t\t\t\t\t\t\t\r\n\t\t\t\t\t\t\t\t\t\t<h2><a href=\"https:\/\/www.bhakademiker.org\/bs\/team_members\/selimovic\/\" class=\"team-link\">DI Ajdin Selimovi\u0107<\/a><\/h2>\r\n\t\t\t\t\t\t\t\t\t\t<span class=\"job\">Web-Administrator<\/span>\r\n\t\t\t\t\t\t\t\t\t\t\r\n\t\t\t\t\t\t\t\t\t\t<div class=\"team-member-more\">\r\n\t\t\t\t\t\t\t\t\t\t\t <div class=\"social-media\">\r\n\t\t\t\t\t\t\t\t\t\t\t\t<span class=\"small-caption\">Get connected:<\/span>\r\n\t\t\t\t\t\t\t\t\t\t\t\t<ul class=\"social-icons\"><li class=\"email\"><a href=\"mailto:contact@bhakademiker.org\" class=\"tooltip-ontop\" title=\"Email\"><i class=\"icons icon-mail\"><\/i><\/a><\/li><\/ul><\/div><\/div>\r\n\t\t\t\t\t\t\t\t\t\t\r\n\t\t\t\t\t\t\t\t\t<\/div>\r\n\t\t\t\t\t\t\t\t\t\r\n\t\t\t\t\t\t\t\t<\/div><\/div><div class=\"col-lg-3 col-md-3 col-sm-6\"><div class=\"team-member animate-onscroll\">\r\n\t\t\t\t\t\t\t\t\t\r\n\t\t\t\t\t\t\t\t\t<img decoding=\"async\" class=\"team-member-image\" src=\"https:\/\/www.bhakademiker.org\/wp-content\/uploads\/2021\/06\/Bild5-555x480.jpg\" alt=\"\">\r\n\t\t\t\t\t\t\t\t\t\r\n\t\t\t\t\t\t\t\t\t<div class=\"team-member-info\">\r\n\t\t\t\t\t\t\t\t\t\t\r\n\t\t\t\t\t\t\t\t\t\t<h2><a href=\"https:\/\/www.bhakademiker.org\/bs\/team_members\/dizdarevic\/\" class=\"team-link\">Dr.med.univ. Al Medina Dizdarevi\u0107<\/a><\/h2>\r\n\t\t\t\t\t\t\t\t\t\t<span class=\"job\">Social Media<\/span>\r\n\t\t\t\t\t\t\t\t\t\t\r\n\t\t\t\t\t\t\t\t\t\t<div class=\"team-member-more\">\r\n\t\t\t\t\t\t\t\t\t\t\t <div class=\"social-media\">\r\n\t\t\t\t\t\t\t\t\t\t\t\t<span class=\"small-caption\">Get connected:<\/span>\r\n\t\t\t\t\t\t\t\t\t\t\t\t<ul class=\"social-icons\"><li class=\"email\"><a href=\"mailto:contact@bhakademiker.org\" class=\"tooltip-ontop\" title=\"Email\"><i class=\"icons icon-mail\"><\/i><\/a><\/li><\/ul><\/div><\/div>\r\n\t\t\t\t\t\t\t\t\t\t\r\n\t\t\t\t\t\t\t\t\t<\/div>\r\n\t\t\t\t\t\t\t\t\t\r\n\t\t\t\t\t\t\t\t<\/div><\/div><\/div><\/div><\/div><\/div><\/div><\/div>","protected":false},"excerpt":{"rendered":"MEET OUR TEAM Dr. Mato Dominkovi\u0107 Get connected: DI Davul Ljuhar Get connected: DI Selmir Mujagic Web-Administrator Get connected: Amer Durmic, MSc Web-Administrator Get connected: Mag. Marko Draga\u0161 Obmann - Stellvertreter Mag. Alen Suljagi\u0107 Obmann - Stellvertreter DI Ajdin Selimovi\u0107 Web-Administrator Get connected: Dr.med.univ. Al Medina Dizdarevi\u0107 Social Media Get connected:","protected":false},"author":1,"featured_media":0,"parent":0,"menu_order":0,"comment_status":"closed","ping_status":"closed","template":"","meta":{"footnotes":""},"class_list":["post-82","page","type-page","status-publish","hentry"],"yoast_head":"<!-- This site is optimized with the Yoast SEO plugin v20.3 - https:\/\/yoast.com\/wordpress\/plugins\/seo\/ -->\n<title>Team - Gesellschaft Bosnischer Akademiker<\/title>\n<meta name=\"robots\" content=\"index, follow, max-snippet:-1, max-image-preview:large, max-video-preview:-1\" \/>\n<link rel=\"canonical\" href=\"https:\/\/www.bhakademiker.org\/bs\/team\/\" \/>\n<meta property=\"og:locale\" content=\"bs_BA\" \/>\n<meta property=\"og:type\" content=\"article\" \/>\n<meta property=\"og:title\" content=\"Team - Gesellschaft Bosnischer Akademiker\" \/>\n<meta property=\"og:url\" content=\"https:\/\/www.bhakademiker.org\/bs\/team\/\" \/>\n<meta property=\"og:site_name\" content=\"Gesellschaft Bosnischer Akademiker\" \/>\n<meta property=\"og:image\" content=\"https:\/\/www.bhakademiker.org\/wp-content\/uploads\/2022\/01\/featured-GBAA.png\" \/>\n\t<meta property=\"og:image:width\" content=\"1200\" \/>\n\t<meta property=\"og:image:height\" content=\"630\" \/>\n\t<meta property=\"og:image:type\" content=\"image\/png\" \/>\n<meta name=\"twitter:card\" content=\"summary_large_image\" \/>\n<script type=\"application\/ld+json\" class=\"yoast-schema-graph\">{\"@context\":\"https:\/\/schema.org\",\"@graph\":[{\"@type\":\"WebPage\",\"@id\":\"https:\/\/www.bhakademiker.org\/bs\/team\/\",\"url\":\"https:\/\/www.bhakademiker.org\/bs\/team\/\",\"name\":\"Team - Gesellschaft Bosnischer Akademiker\",\"isPartOf\":{\"@id\":\"https:\/\/www.bhakademiker.org\/bs\/#website\"},\"datePublished\":\"2014-10-20T19:22:56+00:00\",\"dateModified\":\"2014-10-20T19:22:56+00:00\",\"breadcrumb\":{\"@id\":\"https:\/\/www.bhakademiker.org\/bs\/team\/#breadcrumb\"},\"inLanguage\":\"bs-BA\",\"potentialAction\":[{\"@type\":\"ReadAction\",\"target\":[\"https:\/\/www.bhakademiker.org\/bs\/team\/\"]}]},{\"@type\":\"BreadcrumbList\",\"@id\":\"https:\/\/www.bhakademiker.org\/bs\/team\/#breadcrumb\",\"itemListElement\":[{\"@type\":\"ListItem\",\"position\":1,\"name\":\"Home\",\"item\":\"https:\/\/www.bhakademiker.org\/\"},{\"@type\":\"ListItem\",\"position\":2,\"name\":\"Team\"}]},{\"@type\":\"WebSite\",\"@id\":\"https:\/\/www.bhakademiker.org\/bs\/#website\",\"url\":\"https:\/\/www.bhakademiker.org\/bs\/\",\"name\":\"Gesellschaft Bosnischer Akademiker\",\"description\":\"\",\"publisher\":{\"@id\":\"https:\/\/www.bhakademiker.org\/bs\/#organization\"},\"potentialAction\":[{\"@type\":\"SearchAction\",\"target\":{\"@type\":\"EntryPoint\",\"urlTemplate\":\"https:\/\/www.bhakademiker.org\/bs\/?s={search_term_string}\"},\"query-input\":\"required name=search_term_string\"}],\"inLanguage\":\"bs-BA\"},{\"@type\":\"Organization\",\"@id\":\"https:\/\/www.bhakademiker.org\/bs\/#organization\",\"name\":\"Gesellschaft Bosnischer Akademiker in \u00d6sterreich\",\"url\":\"https:\/\/www.bhakademiker.org\/bs\/\",\"logo\":{\"@type\":\"ImageObject\",\"inLanguage\":\"bs-BA\",\"@id\":\"https:\/\/www.bhakademiker.org\/bs\/#\/schema\/logo\/image\/\",\"url\":\"https:\/\/www.bhakademiker.org\/wp-content\/uploads\/2022\/01\/featured-GBAA.png\",\"contentUrl\":\"https:\/\/www.bhakademiker.org\/wp-content\/uploads\/2022\/01\/featured-GBAA.png\",\"width\":1200,\"height\":630,\"caption\":\"Gesellschaft Bosnischer Akademiker in \u00d6sterreich\"},\"image\":{\"@id\":\"https:\/\/www.bhakademiker.org\/bs\/#\/schema\/logo\/image\/\"}}]}<\/script>\n<!-- \/ Yoast SEO plugin. -->","yoast_head_json":{"title":"Team - Gesellschaft Bosnischer Akademiker","robots":{"index":"index","follow":"follow","max-snippet":"max-snippet:-1","max-image-preview":"max-image-preview:large","max-video-preview":"max-video-preview:-1"},"canonical":"https:\/\/www.bhakademiker.org\/bs\/team\/","og_locale":"bs_BA","og_type":"article","og_title":"Team - Gesellschaft Bosnischer Akademiker","og_url":"https:\/\/www.bhakademiker.org\/bs\/team\/","og_site_name":"Gesellschaft Bosnischer Akademiker","og_image":[{"width":1200,"height":630,"url":"https:\/\/www.bhakademiker.org\/wp-content\/uploads\/2022\/01\/featured-GBAA.png","type":"image\/png"}],"twitter_card":"summary_large_image","schema":{"@context":"https:\/\/schema.org","@graph":[{"@type":"WebPage","@id":"https:\/\/www.bhakademiker.org\/bs\/team\/","url":"https:\/\/www.bhakademiker.org\/bs\/team\/","name":"Team - Gesellschaft Bosnischer Akademiker","isPartOf":{"@id":"https:\/\/www.bhakademiker.org\/bs\/#website"},"datePublished":"2014-10-20T19:22:56+00:00","dateModified":"2014-10-20T19:22:56+00:00","breadcrumb":{"@id":"https:\/\/www.bhakademiker.org\/bs\/team\/#breadcrumb"},"inLanguage":"bs-BA","potentialAction":[{"@type":"ReadAction","target":["https:\/\/www.bhakademiker.org\/bs\/team\/"]}]},{"@type":"BreadcrumbList","@id":"https:\/\/www.bhakademiker.org\/bs\/team\/#breadcrumb","itemListElement":[{"@type":"ListItem","position":1,"name":"Home","item":"https:\/\/www.bhakademiker.org\/"},{"@type":"ListItem","position":2,"name":"Team"}]},{"@type":"WebSite","@id":"https:\/\/www.bhakademiker.org\/bs\/#website","url":"https:\/\/www.bhakademiker.org\/bs\/","name":"Gesellschaft Bosnischer Akademiker","description":"","publisher":{"@id":"https:\/\/www.bhakademiker.org\/bs\/#organization"},"potentialAction":[{"@type":"SearchAction","target":{"@type":"EntryPoint","urlTemplate":"https:\/\/www.bhakademiker.org\/bs\/?s={search_term_string}"},"query-input":"required name=search_term_string"}],"inLanguage":"bs-BA"},{"@type":"Organization","@id":"https:\/\/www.bhakademiker.org\/bs\/#organization","name":"Gesellschaft Bosnischer Akademiker in \u00d6sterreich","url":"https:\/\/www.bhakademiker.org\/bs\/","logo":{"@type":"ImageObject","inLanguage":"bs-BA","@id":"https:\/\/www.bhakademiker.org\/bs\/#\/schema\/logo\/image\/","url":"https:\/\/www.bhakademiker.org\/wp-content\/uploads\/2022\/01\/featured-GBAA.png","contentUrl":"https:\/\/www.bhakademiker.org\/wp-content\/uploads\/2022\/01\/featured-GBAA.png","width":1200,"height":630,"caption":"Gesellschaft Bosnischer Akademiker in \u00d6sterreich"},"image":{"@id":"https:\/\/www.bhakademiker.org\/bs\/#\/schema\/logo\/image\/"}}]}},"_links":{"self":[{"href":"https:\/\/www.bhakademiker.org\/bs\/wp-json\/wp\/v2\/pages\/82","targetHints":{"allow":["GET"]}}],"collection":[{"href":"https:\/\/www.bhakademiker.org\/bs\/wp-json\/wp\/v2\/pages"}],"about":[{"href":"https:\/\/www.bhakademiker.org\/bs\/wp-json\/wp\/v2\/types\/page"}],"author":[{"embeddable":true,"href":"https:\/\/www.bhakademiker.org\/bs\/wp-json\/wp\/v2\/users\/1"}],"replies":[{"embeddable":true,"href":"https:\/\/www.bhakademiker.org\/bs\/wp-json\/wp\/v2\/comments?post=82"}],"version-history":[{"count":0,"href":"https:\/\/www.bhakademiker.org\/bs\/wp-json\/wp\/v2\/pages\/82\/revisions"}],"wp:attachment":[{"href":"https:\/\/www.bhakademiker.org\/bs\/wp-json\/wp\/v2\/media?parent=82"}],"curies":[{"name":"wp","href":"https:\/\/api.w.org\/{rel}","templated":true}]}}