{"id":1291,"date":"2021-06-26T00:22:28","date_gmt":"2021-06-25T22:22:28","guid":{"rendered":"https:\/\/www.bhakademiker.org\/?page_id=1291"},"modified":"2021-06-26T00:24:41","modified_gmt":"2021-06-25T22:24:41","slug":"camilla-habsburg-lothringen-ehrenmitglied-der-gbaa","status":"publish","type":"page","link":"https:\/\/www.bhakademiker.org\/de\/camilla-habsburg-lothringen-ehrenmitglied-der-gbaa\/","title":{"rendered":"Camilla Habsburg-Lothringen"},"content":{"rendered":"<div class=\"vc_row wpb_row row\"><div class=\"wpb_column vc_column_container vc_col-sm-12\"><div class=\"vc_column-inner\"><div class=\"wpb_wrapper\"><h3 class=\"no-margin-top \" >Camilla Habsburg-Lothringen - Ehrenmitglied der GBAA<\/h3>\n\t<div class=\"wpb_text_column wpb_content_element \" >\n\t\t<div class=\"wpb_wrapper\">\n\t\t\t<p>Anl\u00e4sslich des 830. Geburtstags Bosniens wurde Camilla Habsburg-Lothringen die Ehrenmitgliedschaft der Gesellschaft Bosnischer Akademiker in \u00d6sterreich verliehen.<\/p>\n<p><img fetchpriority=\"high\" decoding=\"async\" class=\"img-responsive alignleft\" src=\"https:\/\/www.bhakademiker.org\/\/files\/pics\/Camila_1.png\" alt=\"\" width=\"507\" height=\"338\" \/><img decoding=\"async\" class=\"img-responsive alignleft\" src=\"https:\/\/www.bhakademiker.org\/\/files\/pics\/Camila_2.png\" alt=\"\" width=\"509\" height=\"339\" \/><\/p>\n<p>&nbsp;<\/p>\n<p>&nbsp;<\/p>\n<p>&nbsp;<\/p>\n<p>&nbsp;<\/p>\n<p>&nbsp;<\/p>\n<p>&nbsp;<\/p>\n<p>&nbsp;<\/p>\n<p>&nbsp;<\/p>\n<p>&nbsp;<\/p>\n<p>&nbsp;<\/p>\n<p>Die offizielle Verleihung fand am 11. Oktober 2019 in der Diplomatischen Akademie statt. Die Ehrenmitgliedschaftsurkunde und der GBAA-Award wurden vom Vorsitzenden des Staatspr\u00e4sidiums von Bosnien und Herzegowina \u017deljko Kom\u0161i\u0107 und dem Pr\u00e4sidenten der Gesellschaft Bosnischer Akademiker in \u00d6sterreich Siradj Duhan \u00fcbergeben.<\/p>\n<p>Camilla Habsburg-Lothringen stammt aus der Toskana-Linie der Habsburger. Sie hat sich stark f\u00fcr den interkulturellen und interreligi\u00f6sen Dialog und Umweltschutzprojekte in Bosnien und Herzegowina eingesetzt. Sie versucht, die Jugend dazu anzuregen, sich aktiv und verantwortungsvoller mit ihrer Umwelt auseinander zu setzen, um ein Aufwachsen in einer gesunden Umwelt zu erm\u00f6glichen.<\/p>\n<p>Sie ist die Ur-Ur-Ur-Ur-Ur-Enkelin von Kaiserin Maria Theresia. Hat die Ahnin die Schulpflicht \u00fcberhaupt erst eingef\u00fchrt, so hat die Nachfahrin die Vision, Sch\u00fclern wieder mehr Kreativit\u00e4t zu erm\u00f6glichen. Das deckt sich mit der Vision der GBAA, eine bosnische Schule in Wien zu gr\u00fcnden.<\/p>\n\n\t\t<\/div>\n\t<\/div>\n<\/div><\/div><\/div><\/div>\n","protected":false},"excerpt":{"rendered":"Camilla Habsburg-Lothringen - Ehrenmitglied der GBAA Anl\u00e4sslich des 830. Geburtstags Bosniens wurde Camilla Habsburg-Lothringen die Ehrenmitgliedschaft der Gesellschaft Bosnischer Akademiker in \u00d6sterreich verliehen. &nbsp; &nbsp; &nbsp; &nbsp; &nbsp; &nbsp; &nbsp; &nbsp; &nbsp; &nbsp; Die offizielle Verleihung fand am 11. Oktober 2019 in der Diplomatischen Akademie statt. Die Ehrenmitgliedschaftsurkunde und der GBAA-Award wurden vom Vorsitzenden des Staatspr\u00e4sidiums von Bosnien und Herzegowina \u017deljko Kom\u0161i\u0107 und dem Pr\u00e4sidenten der Gesellschaft Bosnischer Akademiker in \u00d6sterreich Siradj Duhan \u00fcbergeben. Camilla Habsburg-Lothringen stammt aus der Toskana-Linie der Habsburger. Sie hat sich stark f\u00fcr den interkulturellen und interreligi\u00f6sen Dialog und Umweltschutzprojekte in Bosnien und Herzegowina eingesetzt. Sie...","protected":false},"author":1,"featured_media":0,"parent":0,"menu_order":0,"comment_status":"closed","ping_status":"closed","template":"","meta":{"footnotes":""},"class_list":["post-1291","page","type-page","status-publish","hentry"],"yoast_head":"<!-- This site is optimized with the Yoast SEO plugin v20.3 - https:\/\/yoast.com\/wordpress\/plugins\/seo\/ -->\n<title>Camilla Habsburg-Lothringen - Gesellschaft Bosnischer Akademiker<\/title>\n<meta name=\"robots\" content=\"index, follow, max-snippet:-1, max-image-preview:large, max-video-preview:-1\" \/>\n<link rel=\"canonical\" href=\"https:\/\/www.bhakademiker.org\/de\/camilla-habsburg-lothringen-ehrenmitglied-der-gbaa\/\" \/>\n<meta property=\"og:locale\" content=\"de_DE\" \/>\n<meta property=\"og:type\" content=\"article\" \/>\n<meta property=\"og:title\" content=\"Camilla Habsburg-Lothringen - Gesellschaft Bosnischer Akademiker\" \/>\n<meta property=\"og:url\" content=\"https:\/\/www.bhakademiker.org\/de\/camilla-habsburg-lothringen-ehrenmitglied-der-gbaa\/\" \/>\n<meta property=\"og:site_name\" content=\"Gesellschaft Bosnischer Akademiker\" \/>\n<meta property=\"article:modified_time\" content=\"2021-06-25T22:24:41+00:00\" \/>\n<meta property=\"og:image\" content=\"https:\/\/www.bhakademiker.org\/\/files\/pics\/Camila_1.png\" \/>\n<meta name=\"twitter:card\" content=\"summary_large_image\" \/>\n<meta name=\"twitter:label1\" content=\"Gesch\u00e4tzte Lesezeit\" \/>\n\t<meta name=\"twitter:data1\" content=\"1\u00a0Minute\" \/>\n<script type=\"application\/ld+json\" class=\"yoast-schema-graph\">{\"@context\":\"https:\/\/schema.org\",\"@graph\":[{\"@type\":\"WebPage\",\"@id\":\"https:\/\/www.bhakademiker.org\/de\/camilla-habsburg-lothringen-ehrenmitglied-der-gbaa\/\",\"url\":\"https:\/\/www.bhakademiker.org\/de\/camilla-habsburg-lothringen-ehrenmitglied-der-gbaa\/\",\"name\":\"Camilla Habsburg-Lothringen - Gesellschaft Bosnischer Akademiker\",\"isPartOf\":{\"@id\":\"https:\/\/www.bhakademiker.org\/bs\/#website\"},\"datePublished\":\"2021-06-25T22:22:28+00:00\",\"dateModified\":\"2021-06-25T22:24:41+00:00\",\"breadcrumb\":{\"@id\":\"https:\/\/www.bhakademiker.org\/de\/camilla-habsburg-lothringen-ehrenmitglied-der-gbaa\/#breadcrumb\"},\"inLanguage\":\"de\",\"potentialAction\":[{\"@type\":\"ReadAction\",\"target\":[\"https:\/\/www.bhakademiker.org\/de\/camilla-habsburg-lothringen-ehrenmitglied-der-gbaa\/\"]}]},{\"@type\":\"BreadcrumbList\",\"@id\":\"https:\/\/www.bhakademiker.org\/de\/camilla-habsburg-lothringen-ehrenmitglied-der-gbaa\/#breadcrumb\",\"itemListElement\":[{\"@type\":\"ListItem\",\"position\":1,\"name\":\"Home\",\"item\":\"https:\/\/www.bhakademiker.org\/\"},{\"@type\":\"ListItem\",\"position\":2,\"name\":\"Camilla Habsburg-Lothringen\"}]},{\"@type\":\"WebSite\",\"@id\":\"https:\/\/www.bhakademiker.org\/bs\/#website\",\"url\":\"https:\/\/www.bhakademiker.org\/bs\/\",\"name\":\"Gesellschaft Bosnischer Akademiker\",\"description\":\"\",\"publisher\":{\"@id\":\"https:\/\/www.bhakademiker.org\/bs\/#organization\"},\"potentialAction\":[{\"@type\":\"SearchAction\",\"target\":{\"@type\":\"EntryPoint\",\"urlTemplate\":\"https:\/\/www.bhakademiker.org\/bs\/?s={search_term_string}\"},\"query-input\":\"required name=search_term_string\"}],\"inLanguage\":\"de\"},{\"@type\":\"Organization\",\"@id\":\"https:\/\/www.bhakademiker.org\/bs\/#organization\",\"name\":\"Gesellschaft Bosnischer Akademiker in \u00d6sterreich\",\"url\":\"https:\/\/www.bhakademiker.org\/bs\/\",\"logo\":{\"@type\":\"ImageObject\",\"inLanguage\":\"de\",\"@id\":\"https:\/\/www.bhakademiker.org\/bs\/#\/schema\/logo\/image\/\",\"url\":\"https:\/\/www.bhakademiker.org\/wp-content\/uploads\/2022\/01\/featured-GBAA.png\",\"contentUrl\":\"https:\/\/www.bhakademiker.org\/wp-content\/uploads\/2022\/01\/featured-GBAA.png\",\"width\":1200,\"height\":630,\"caption\":\"Gesellschaft Bosnischer Akademiker in \u00d6sterreich\"},\"image\":{\"@id\":\"https:\/\/www.bhakademiker.org\/bs\/#\/schema\/logo\/image\/\"}}]}<\/script>\n<!-- \/ Yoast SEO plugin. -->","yoast_head_json":{"title":"Camilla Habsburg-Lothringen - Gesellschaft Bosnischer Akademiker","robots":{"index":"index","follow":"follow","max-snippet":"max-snippet:-1","max-image-preview":"max-image-preview:large","max-video-preview":"max-video-preview:-1"},"canonical":"https:\/\/www.bhakademiker.org\/de\/camilla-habsburg-lothringen-ehrenmitglied-der-gbaa\/","og_locale":"de_DE","og_type":"article","og_title":"Camilla Habsburg-Lothringen - Gesellschaft Bosnischer Akademiker","og_url":"https:\/\/www.bhakademiker.org\/de\/camilla-habsburg-lothringen-ehrenmitglied-der-gbaa\/","og_site_name":"Gesellschaft Bosnischer Akademiker","article_modified_time":"2021-06-25T22:24:41+00:00","og_image":[{"url":"https:\/\/www.bhakademiker.org\/\/files\/pics\/Camila_1.png"}],"twitter_card":"summary_large_image","twitter_misc":{"Gesch\u00e4tzte Lesezeit":"1\u00a0Minute"},"schema":{"@context":"https:\/\/schema.org","@graph":[{"@type":"WebPage","@id":"https:\/\/www.bhakademiker.org\/de\/camilla-habsburg-lothringen-ehrenmitglied-der-gbaa\/","url":"https:\/\/www.bhakademiker.org\/de\/camilla-habsburg-lothringen-ehrenmitglied-der-gbaa\/","name":"Camilla Habsburg-Lothringen - Gesellschaft Bosnischer Akademiker","isPartOf":{"@id":"https:\/\/www.bhakademiker.org\/bs\/#website"},"datePublished":"2021-06-25T22:22:28+00:00","dateModified":"2021-06-25T22:24:41+00:00","breadcrumb":{"@id":"https:\/\/www.bhakademiker.org\/de\/camilla-habsburg-lothringen-ehrenmitglied-der-gbaa\/#breadcrumb"},"inLanguage":"de","potentialAction":[{"@type":"ReadAction","target":["https:\/\/www.bhakademiker.org\/de\/camilla-habsburg-lothringen-ehrenmitglied-der-gbaa\/"]}]},{"@type":"BreadcrumbList","@id":"https:\/\/www.bhakademiker.org\/de\/camilla-habsburg-lothringen-ehrenmitglied-der-gbaa\/#breadcrumb","itemListElement":[{"@type":"ListItem","position":1,"name":"Home","item":"https:\/\/www.bhakademiker.org\/"},{"@type":"ListItem","position":2,"name":"Camilla Habsburg-Lothringen"}]},{"@type":"WebSite","@id":"https:\/\/www.bhakademiker.org\/bs\/#website","url":"https:\/\/www.bhakademiker.org\/bs\/","name":"Gesellschaft Bosnischer Akademiker","description":"","publisher":{"@id":"https:\/\/www.bhakademiker.org\/bs\/#organization"},"potentialAction":[{"@type":"SearchAction","target":{"@type":"EntryPoint","urlTemplate":"https:\/\/www.bhakademiker.org\/bs\/?s={search_term_string}"},"query-input":"required name=search_term_string"}],"inLanguage":"de"},{"@type":"Organization","@id":"https:\/\/www.bhakademiker.org\/bs\/#organization","name":"Gesellschaft Bosnischer Akademiker in \u00d6sterreich","url":"https:\/\/www.bhakademiker.org\/bs\/","logo":{"@type":"ImageObject","inLanguage":"de","@id":"https:\/\/www.bhakademiker.org\/bs\/#\/schema\/logo\/image\/","url":"https:\/\/www.bhakademiker.org\/wp-content\/uploads\/2022\/01\/featured-GBAA.png","contentUrl":"https:\/\/www.bhakademiker.org\/wp-content\/uploads\/2022\/01\/featured-GBAA.png","width":1200,"height":630,"caption":"Gesellschaft Bosnischer Akademiker in \u00d6sterreich"},"image":{"@id":"https:\/\/www.bhakademiker.org\/bs\/#\/schema\/logo\/image\/"}}]}},"_links":{"self":[{"href":"https:\/\/www.bhakademiker.org\/de\/wp-json\/wp\/v2\/pages\/1291","targetHints":{"allow":["GET"]}}],"collection":[{"href":"https:\/\/www.bhakademiker.org\/de\/wp-json\/wp\/v2\/pages"}],"about":[{"href":"https:\/\/www.bhakademiker.org\/de\/wp-json\/wp\/v2\/types\/page"}],"author":[{"embeddable":true,"href":"https:\/\/www.bhakademiker.org\/de\/wp-json\/wp\/v2\/users\/1"}],"replies":[{"embeddable":true,"href":"https:\/\/www.bhakademiker.org\/de\/wp-json\/wp\/v2\/comments?post=1291"}],"version-history":[{"count":4,"href":"https:\/\/www.bhakademiker.org\/de\/wp-json\/wp\/v2\/pages\/1291\/revisions"}],"predecessor-version":[{"id":1298,"href":"https:\/\/www.bhakademiker.org\/de\/wp-json\/wp\/v2\/pages\/1291\/revisions\/1298"}],"wp:attachment":[{"href":"https:\/\/www.bhakademiker.org\/de\/wp-json\/wp\/v2\/media?parent=1291"}],"curies":[{"name":"wp","href":"https:\/\/api.w.org\/{rel}","templated":true}]}}