{"id":1403,"date":"2021-06-26T01:34:05","date_gmt":"2021-06-25T23:34:05","guid":{"rendered":"https:\/\/www.bhakademiker.org\/?page_id=1403"},"modified":"2021-06-26T01:34:35","modified_gmt":"2021-06-25T23:34:35","slug":"offener-brief","status":"publish","type":"page","link":"https:\/\/www.bhakademiker.org\/de\/offener-brief\/","title":{"rendered":"Offener Brief"},"content":{"rendered":"<div class=\"vc_row wpb_row row\"><div class=\"wpb_column vc_column_container vc_col-sm-12\"><div class=\"vc_column-inner\"><div class=\"wpb_wrapper\"><h3 class=\"no-margin-top \" >Offener Brief an das \u00f6sterreichische Parlament<\/h3>\n\t<div class=\"wpb_text_column wpb_content_element \" >\n\t\t<div class=\"wpb_wrapper\">\n\t\t\t<p>Der Balkanfl\u00fcsterer<br \/>\nWien am 04.Oktober 2017<\/p>\n<p>Sehr geehrte Damen und Herren,<\/p>\n<p>in den letzten Monaten sind wir Zeugen geworden, dass manche \u00f6sterreichische Politiker sich \u00f6fters \u00fcber Balkanl\u00e4nder \u00e4u\u00dferten, ohne sich vorher gr\u00fcndlich zu informieren.<br \/>\nSolche \u00abBalkanfl\u00fcsterer der Differenzen\u00bb bringen nur Unmut und heizen die Lage in Balkanl\u00e4ndern unn\u00f6tig auf.<br \/>\nWieso reisen solche Fl\u00fcsterer nicht nach Spanien um Katalanen zu beraten, wieso reisen sie nicht nach Belgien um Flamen zu beraten, wieso nicht nach Nordirland, Schottland, Italien oder Bayern?<br \/>\nHat das mit der Entwicklung der V\u00f6lker, L\u00e4nder oder Kulturen was zu tun, oder mit eigenen Schw\u00e4chen?<br \/>\nEs w\u00e4re viel besser die Zeit zu nutzen, um f\u00fcr \u00d6sterreich zu arbeiten, anstatt sich in Angelegenheiten anderer L\u00e4nder einzumischen. Es gibt hier genug zu tun, um f\u00fcr die n\u00e4chsten Generationen einen besseren Fleck auf dieser Erde zu hinterlassen.<\/p>\n<p>Balkanl\u00e4nder, darunter auch Bosnien, haben eine eigene Geschichte. Wir rechnen mit dem Jahr 1189, als der bosnische Ban Kulin den ersten Staatsvertrag geschrieben hat \u2013 das \u00e4lteste Dokument eines s\u00fcdslawischen Herrschers \u00fcberhaupt.<br \/>\nSeit Jahrhunderten lebte die Bev\u00f6lkerung Bosniens bis 1992 in Frieden miteinander.<\/p>\n<p>Die Existenz einer islamischen Bev\u00f6lkerungsgruppe in Bosnien geht vor allem auf die Konversion regionaler Eliten zum Islam w\u00e4hrend der osmanischen Zeit zur\u00fcck. Der bosnische Adel und die Stadtb\u00fcrger nahmen freiwillig den Islam an.<br \/>\nEin Erbe der osmanischen Herrschaft war auch die Pr\u00e4senz sephardischer Juden, die nach der Reconquista aus Spanien vertrieben worden waren. Dank der osmanischen Toleranz in Religionsangelegenheiten entstanden j\u00fcdische Gemeinden in den st\u00e4dtischen Zentren der Region.<\/p>\n<p>Auch w\u00e4hrend der Zeit in der \u00d6sterreich-Ungarn Monarchie, wurde die zwischenmenschliche Toleranz weiterentwickelt. Die Bosnier haben sich wieder an den neuen Herrscher gew\u00f6hnt und nachher auch daf\u00fcr gek\u00e4mpft, dass Bosnien weiter im westlichen B\u00fcndnis bleibt. Das zweite bosnische Regiment in der k.u.k Armee (zweier Bosniaken) war das meistausgezeichnete Regiment in der k.u.k. Armee \u00fcberhaupt.<br \/>\nDie Zeit, in welcher die \u00d6sterreichisch-Ungarische Monarchie in Bosnien war, war eine Zeit, die Prosperit\u00e4t und Entwicklung in Bosnien mit sich brachte, war eine Zeit von korrekten Verh\u00e4ltnissen zwischen der Bev\u00f6lkerung und dem Staat, war eine Zeit mit einem korrekten Rechtssystem.<br \/>\nDie Wienerverwaltung hat viel Gutes getan, sodass die muslimische Bev\u00f6lkerung sich wohl f\u00fchlte, was nach dem Zerfall der Monarchie nicht mehr der Fall war.<\/p>\n<p>Nun, westliche \u00abFl\u00fcsterer der Differenzen\u00bb haben mit dem Dayton-Abkommen ein auf Genozid basierendes Konstrukt in Bosnien geschaffen der nicht funktionieren kann. Dieses Land wird weiter mit einem dreik\u00f6pfigen Pr\u00e4sidium gef\u00fchrt, welches nie in der Lage sein wird sich zu einigen und offensichtlich Intention war.<br \/>\nStatt wieder auf Vers\u00f6hnung zu steuern, ern\u00e4hren solche Fl\u00fcsterer die Differenzen, um Volksgruppen zu spalten. Seit Jahrhunderten ist das Gebiet Bosniens als autochthon gelebt worden und soll auch weiter sein. Gerade \u00f6sterreichische Politiker sollten sehr behutsam vorgehen.<\/p>\n<p>Hauptmann Sigmund Gandini schrieb im Jahre 1931: &#8220;Wie immer man sich auch zum Soldatentum und zum kriegerischen Geschehen stellen mag, eines ist gewiss, wir \u00d6sterreicher haben guten Grund, uns der (treuen) S\u00f6hne von Bosnien-Herzegowina dauernd und dankbar zu erinnern&#8221;.<\/p>\n<p>Ein Besuch des Soldatenfriedhofs in Lebring (Bosniaken Friedhof) w\u00e4re f\u00fcr die jetzigen Politiker sehr lehrreich.<\/p>\n<p>Siradj Duhan<\/p>\n<p>Ziviltechniker f\u00fcr Maschinenbau<br \/>\nObmann der Gesellschaft Bosnischer Akademiker in \u00d6sterreich<\/p>\n<p>&nbsp;<\/p>\n<p><img decoding=\"async\" src=\"https:\/\/www.bhakademiker.org\/images\/pdf.png\" \/>Offener Brief an das \u00f6sterreichische Parlament <a href=\"https:\/\/www.bhakademiker.org\/files\/pdf\/Balkanfluesterer.pdf\" target=\"_blank\" rel=\"noopener\"><img decoding=\"async\" title=\"Download: Offener Brief an das \u00f6sterreichische Parlament\" src=\"https:\/\/www.bhakademiker.org\/images\/icon-download.png\" border=\"0\" \/><\/a><\/p>\n\n\t\t<\/div>\n\t<\/div>\n<\/div><\/div><\/div><\/div>\n","protected":false},"excerpt":{"rendered":"Offener Brief an das \u00f6sterreichische Parlament Der Balkanfl\u00fcsterer Wien am 04.Oktober 2017 Sehr geehrte Damen und Herren, in den letzten Monaten sind wir Zeugen geworden, dass manche \u00f6sterreichische Politiker sich \u00f6fters \u00fcber Balkanl\u00e4nder \u00e4u\u00dferten, ohne sich vorher gr\u00fcndlich zu informieren. Solche \u00abBalkanfl\u00fcsterer der Differenzen\u00bb bringen nur Unmut und heizen die Lage in Balkanl\u00e4ndern unn\u00f6tig auf. Wieso reisen solche Fl\u00fcsterer nicht nach Spanien um Katalanen zu beraten, wieso reisen sie nicht nach Belgien um Flamen zu beraten, wieso nicht nach Nordirland, Schottland, Italien oder Bayern? Hat das mit der Entwicklung der V\u00f6lker, L\u00e4nder oder Kulturen was zu tun, oder mit eigenen...","protected":false},"author":1,"featured_media":0,"parent":0,"menu_order":0,"comment_status":"closed","ping_status":"closed","template":"","meta":{"footnotes":""},"class_list":["post-1403","page","type-page","status-publish","hentry"],"yoast_head":"<!-- This site is optimized with the Yoast SEO plugin v20.3 - https:\/\/yoast.com\/wordpress\/plugins\/seo\/ -->\n<title>Offener Brief - Gesellschaft Bosnischer Akademiker<\/title>\n<meta name=\"robots\" content=\"index, follow, max-snippet:-1, max-image-preview:large, max-video-preview:-1\" \/>\n<link rel=\"canonical\" href=\"https:\/\/www.bhakademiker.org\/de\/offener-brief\/\" \/>\n<meta property=\"og:locale\" content=\"de_DE\" \/>\n<meta property=\"og:type\" content=\"article\" \/>\n<meta property=\"og:title\" content=\"Offener Brief - Gesellschaft Bosnischer Akademiker\" \/>\n<meta property=\"og:url\" content=\"https:\/\/www.bhakademiker.org\/de\/offener-brief\/\" \/>\n<meta property=\"og:site_name\" content=\"Gesellschaft Bosnischer Akademiker\" \/>\n<meta property=\"article:modified_time\" content=\"2021-06-25T23:34:35+00:00\" \/>\n<meta property=\"og:image\" content=\"https:\/\/www.bhakademiker.org\/images\/pdf.png\" \/>\n<meta name=\"twitter:card\" content=\"summary_large_image\" \/>\n<meta name=\"twitter:label1\" content=\"Gesch\u00e4tzte Lesezeit\" \/>\n\t<meta name=\"twitter:data1\" content=\"3\u00a0Minuten\" \/>\n<script type=\"application\/ld+json\" class=\"yoast-schema-graph\">{\"@context\":\"https:\/\/schema.org\",\"@graph\":[{\"@type\":\"WebPage\",\"@id\":\"https:\/\/www.bhakademiker.org\/de\/offener-brief\/\",\"url\":\"https:\/\/www.bhakademiker.org\/de\/offener-brief\/\",\"name\":\"Offener Brief - Gesellschaft Bosnischer Akademiker\",\"isPartOf\":{\"@id\":\"https:\/\/www.bhakademiker.org\/bs\/#website\"},\"datePublished\":\"2021-06-25T23:34:05+00:00\",\"dateModified\":\"2021-06-25T23:34:35+00:00\",\"breadcrumb\":{\"@id\":\"https:\/\/www.bhakademiker.org\/de\/offener-brief\/#breadcrumb\"},\"inLanguage\":\"de\",\"potentialAction\":[{\"@type\":\"ReadAction\",\"target\":[\"https:\/\/www.bhakademiker.org\/de\/offener-brief\/\"]}]},{\"@type\":\"BreadcrumbList\",\"@id\":\"https:\/\/www.bhakademiker.org\/de\/offener-brief\/#breadcrumb\",\"itemListElement\":[{\"@type\":\"ListItem\",\"position\":1,\"name\":\"Home\",\"item\":\"https:\/\/www.bhakademiker.org\/\"},{\"@type\":\"ListItem\",\"position\":2,\"name\":\"Offener Brief\"}]},{\"@type\":\"WebSite\",\"@id\":\"https:\/\/www.bhakademiker.org\/bs\/#website\",\"url\":\"https:\/\/www.bhakademiker.org\/bs\/\",\"name\":\"Gesellschaft Bosnischer Akademiker\",\"description\":\"\",\"publisher\":{\"@id\":\"https:\/\/www.bhakademiker.org\/bs\/#organization\"},\"potentialAction\":[{\"@type\":\"SearchAction\",\"target\":{\"@type\":\"EntryPoint\",\"urlTemplate\":\"https:\/\/www.bhakademiker.org\/bs\/?s={search_term_string}\"},\"query-input\":\"required name=search_term_string\"}],\"inLanguage\":\"de\"},{\"@type\":\"Organization\",\"@id\":\"https:\/\/www.bhakademiker.org\/bs\/#organization\",\"name\":\"Gesellschaft Bosnischer Akademiker in \u00d6sterreich\",\"url\":\"https:\/\/www.bhakademiker.org\/bs\/\",\"logo\":{\"@type\":\"ImageObject\",\"inLanguage\":\"de\",\"@id\":\"https:\/\/www.bhakademiker.org\/bs\/#\/schema\/logo\/image\/\",\"url\":\"https:\/\/www.bhakademiker.org\/wp-content\/uploads\/2022\/01\/featured-GBAA.png\",\"contentUrl\":\"https:\/\/www.bhakademiker.org\/wp-content\/uploads\/2022\/01\/featured-GBAA.png\",\"width\":1200,\"height\":630,\"caption\":\"Gesellschaft Bosnischer Akademiker in \u00d6sterreich\"},\"image\":{\"@id\":\"https:\/\/www.bhakademiker.org\/bs\/#\/schema\/logo\/image\/\"}}]}<\/script>\n<!-- \/ Yoast SEO plugin. -->","yoast_head_json":{"title":"Offener Brief - Gesellschaft Bosnischer Akademiker","robots":{"index":"index","follow":"follow","max-snippet":"max-snippet:-1","max-image-preview":"max-image-preview:large","max-video-preview":"max-video-preview:-1"},"canonical":"https:\/\/www.bhakademiker.org\/de\/offener-brief\/","og_locale":"de_DE","og_type":"article","og_title":"Offener Brief - Gesellschaft Bosnischer Akademiker","og_url":"https:\/\/www.bhakademiker.org\/de\/offener-brief\/","og_site_name":"Gesellschaft Bosnischer Akademiker","article_modified_time":"2021-06-25T23:34:35+00:00","og_image":[{"url":"https:\/\/www.bhakademiker.org\/images\/pdf.png"}],"twitter_card":"summary_large_image","twitter_misc":{"Gesch\u00e4tzte Lesezeit":"3\u00a0Minuten"},"schema":{"@context":"https:\/\/schema.org","@graph":[{"@type":"WebPage","@id":"https:\/\/www.bhakademiker.org\/de\/offener-brief\/","url":"https:\/\/www.bhakademiker.org\/de\/offener-brief\/","name":"Offener Brief - Gesellschaft Bosnischer Akademiker","isPartOf":{"@id":"https:\/\/www.bhakademiker.org\/bs\/#website"},"datePublished":"2021-06-25T23:34:05+00:00","dateModified":"2021-06-25T23:34:35+00:00","breadcrumb":{"@id":"https:\/\/www.bhakademiker.org\/de\/offener-brief\/#breadcrumb"},"inLanguage":"de","potentialAction":[{"@type":"ReadAction","target":["https:\/\/www.bhakademiker.org\/de\/offener-brief\/"]}]},{"@type":"BreadcrumbList","@id":"https:\/\/www.bhakademiker.org\/de\/offener-brief\/#breadcrumb","itemListElement":[{"@type":"ListItem","position":1,"name":"Home","item":"https:\/\/www.bhakademiker.org\/"},{"@type":"ListItem","position":2,"name":"Offener Brief"}]},{"@type":"WebSite","@id":"https:\/\/www.bhakademiker.org\/bs\/#website","url":"https:\/\/www.bhakademiker.org\/bs\/","name":"Gesellschaft Bosnischer Akademiker","description":"","publisher":{"@id":"https:\/\/www.bhakademiker.org\/bs\/#organization"},"potentialAction":[{"@type":"SearchAction","target":{"@type":"EntryPoint","urlTemplate":"https:\/\/www.bhakademiker.org\/bs\/?s={search_term_string}"},"query-input":"required name=search_term_string"}],"inLanguage":"de"},{"@type":"Organization","@id":"https:\/\/www.bhakademiker.org\/bs\/#organization","name":"Gesellschaft Bosnischer Akademiker in \u00d6sterreich","url":"https:\/\/www.bhakademiker.org\/bs\/","logo":{"@type":"ImageObject","inLanguage":"de","@id":"https:\/\/www.bhakademiker.org\/bs\/#\/schema\/logo\/image\/","url":"https:\/\/www.bhakademiker.org\/wp-content\/uploads\/2022\/01\/featured-GBAA.png","contentUrl":"https:\/\/www.bhakademiker.org\/wp-content\/uploads\/2022\/01\/featured-GBAA.png","width":1200,"height":630,"caption":"Gesellschaft Bosnischer Akademiker in \u00d6sterreich"},"image":{"@id":"https:\/\/www.bhakademiker.org\/bs\/#\/schema\/logo\/image\/"}}]}},"_links":{"self":[{"href":"https:\/\/www.bhakademiker.org\/de\/wp-json\/wp\/v2\/pages\/1403","targetHints":{"allow":["GET"]}}],"collection":[{"href":"https:\/\/www.bhakademiker.org\/de\/wp-json\/wp\/v2\/pages"}],"about":[{"href":"https:\/\/www.bhakademiker.org\/de\/wp-json\/wp\/v2\/types\/page"}],"author":[{"embeddable":true,"href":"https:\/\/www.bhakademiker.org\/de\/wp-json\/wp\/v2\/users\/1"}],"replies":[{"embeddable":true,"href":"https:\/\/www.bhakademiker.org\/de\/wp-json\/wp\/v2\/comments?post=1403"}],"version-history":[{"count":3,"href":"https:\/\/www.bhakademiker.org\/de\/wp-json\/wp\/v2\/pages\/1403\/revisions"}],"predecessor-version":[{"id":1405,"href":"https:\/\/www.bhakademiker.org\/de\/wp-json\/wp\/v2\/pages\/1403\/revisions\/1405"}],"wp:attachment":[{"href":"https:\/\/www.bhakademiker.org\/de\/wp-json\/wp\/v2\/media?parent=1403"}],"curies":[{"name":"wp","href":"https:\/\/api.w.org\/{rel}","templated":true}]}}