{"id":1631,"date":"2024-06-26T21:00:38","date_gmt":"2024-06-26T19:00:38","guid":{"rendered":"https:\/\/www.bhakademiker.org\/?page_id=1631"},"modified":"2025-12-09T12:49:16","modified_gmt":"2025-12-09T11:49:16","slug":"ueber-uns","status":"publish","type":"page","link":"https:\/\/www.bhakademiker.org\/de\/ueber-uns\/","title":{"rendered":"\u00dcber uns"},"content":{"rendered":"<div class=\"vc_row wpb_row row\"><div class=\"wpb_column vc_column_container vc_col-sm-12\"><div class=\"vc_column-inner\"><div class=\"wpb_wrapper\"><h3 class=\"no-margin-top \" >\u00dcber uns<\/h3>\n\t<div class=\"wpb_text_column wpb_content_element \" >\n\t\t<div class=\"wpb_wrapper\">\n\t\t\t<p>Die Gesellschaft Bosnischer Akademiker in \u00d6sterreich wurde 1994 gegr\u00fcndet und hat ihren Sitz in Wien. Sie verfolgt das Ziel, den interkulturellen Austausch und die Zusammenarbeit unter bosnischen Wissenschaftlern und Kulturschaffenden zu f\u00f6rdern. Die Gesellschaft engagiert sich daf\u00fcr, die Interessen der bosnischen Diaspora in \u00d6sterreich zu vertreten und den Dialog zwischen den Kulturen zu st\u00e4rken.<\/p>\n\n\t\t<\/div>\n\t<\/div>\n<div class=\"vc_separator wpb_content_element vc_separator_align_center vc_sep_width_100 vc_sep_pos_align_center vc_sep_color_black\" ><span class=\"vc_sep_holder vc_sep_holder_l\"><span  class=\"vc_sep_line\"><\/span><\/span><span class=\"vc_sep_holder vc_sep_holder_r\"><span  class=\"vc_sep_line\"><\/span><\/span>\r\n<\/div><\/div><\/div><\/div><\/div><div class=\"vc_row wpb_row row\"><div class=\"wpb_column vc_column_container vc_col-sm-12\"><div class=\"vc_column-inner\"><div class=\"wpb_wrapper\"><h3 class=\"no-margin-top \" >Gr\u00fcnder der Gesellschaft Bosnischer Akademiker in \u00d6sterreich<\/h3><\/div><\/div><\/div><\/div><div class=\"vc_row wpb_row row\"><div class=\"wpb_column vc_column_container vc_col-sm-12\"><div class=\"vc_column-inner\"><div class=\"wpb_wrapper\"><div class=\"vc_tta-container\" data-vc-action=\"collapse\"><div class=\"vc_general vc_tta vc_tta-accordion vc_tta-color-grey vc_tta-style-modern vc_tta-shape-rounded vc_tta-o-shape-group vc_tta-controls-align-left\"><div class=\"vc_tta-panels-container\"><div class=\"vc_tta-panels\"><div class=\"vc_tta-panel vc_active\" id=\"1730799253677-73e2d8a7-9caf\" data-vc-content=\".vc_tta-panel-body\"><div class=\"vc_tta-panel-heading\"><h4 class=\"vc_tta-panel-title vc_tta-controls-icon-position-left\"><a href=\"#1730799253677-73e2d8a7-9caf\" data-vc-accordion data-vc-container=\".vc_tta-container\"><span class=\"vc_tta-title-text\">Siradj Duhan<\/span><i class=\"vc_tta-controls-icon vc_tta-controls-icon-plus\"><\/i><\/a><\/h4><\/div><div class=\"vc_tta-panel-body\">\n\t<div class=\"wpb_text_column wpb_content_element \" >\n\t\t<div class=\"wpb_wrapper\">\n\t\t\t<p><img fetchpriority=\"high\" decoding=\"async\" class=\"wp-image-3634 alignleft\" src=\"https:\/\/www.bhakademiker.org\/wp-content\/uploads\/2024\/11\/Bild1-300x300.png\" alt=\"\" width=\"314\" height=\"314\" srcset=\"https:\/\/www.bhakademiker.org\/wp-content\/uploads\/2024\/11\/Bild1-300x300.png 300w, https:\/\/www.bhakademiker.org\/wp-content\/uploads\/2024\/11\/Bild1-1024x1024.png 1024w, https:\/\/www.bhakademiker.org\/wp-content\/uploads\/2024\/11\/Bild1-150x150.png 150w, https:\/\/www.bhakademiker.org\/wp-content\/uploads\/2024\/11\/Bild1-768x768.png 768w, https:\/\/www.bhakademiker.org\/wp-content\/uploads\/2024\/11\/Bild1-1536x1536.png 1536w, https:\/\/www.bhakademiker.org\/wp-content\/uploads\/2024\/11\/Bild1-12x12.png 12w, https:\/\/www.bhakademiker.org\/wp-content\/uploads\/2024\/11\/Bild1-266x266.png 266w, https:\/\/www.bhakademiker.org\/wp-content\/uploads\/2024\/11\/Bild1-70x70.png 70w, https:\/\/www.bhakademiker.org\/wp-content\/uploads\/2024\/11\/Bild1-50x50.png 50w, https:\/\/www.bhakademiker.org\/wp-content\/uploads\/2024\/11\/Bild1.png 1674w\" sizes=\"(max-width: 314px) 100vw, 314px\" \/><\/p>\n<p style=\"text-align: left;\">Siradj Duhan, geboren in Vrse in der N\u00e4he von Gornji Vakuf, besuchte die Grundschule in Prozor, die Maschinenbautechnische Schule in Bugojno und die Fakult\u00e4t f\u00fcr Maschinenbau in Banja Luka. Ein Semester seines Praktikums absolvierte er an der Technischen Universit\u00e4t Eindhoven, und sein postgraduales Studium in Raketentechnik schloss er in Sarajevo ab. Er ist staatlich befugte und beeidete Ziviltechniker f\u00fcr Maschinenbau in \u00d6sterreich. Er arbeitete in der R\u00fcstungsindustrie \u201eSlavko Rodi\u0107\u201c in Bugojno und zog 1990 nach Wien, wo er als Entwicklungsleiter f\u00fcr technische Anlagen t\u00e4tig war. Seine berufliche Laufbahn beendete er bei der Firma Schindler, wo er an der Entwicklung von Rolltreppen f\u00fcr U-Bahnen und Flugh\u00e4fen arbeitete.<br \/>\nSiradj Duhan ist Initiator und F\u00f6rderer zahlreicher Projekte in der bosnischen Diaspora, darunter die Anerkennung der bosnischen Sprache in \u00d6sterreich, die Gr\u00fcndung der Gesellschaft Bosnischer Akademiker in \u00d6sterreich (BADA), die Initiative zur Anerkennung der bosnischen nationalen Minderheit sowie der erste Pr\u00e4sident der Gesellschaft Bosnischer Akademiker in EU (BADEU). Ebenso ist er Autor des Buches \u201ePomirenje svjetova\u201c (Vers\u00f6hnung der Welten).<\/p>\n\n\t\t<\/div>\n\t<\/div>\n<\/div><\/div><div class=\"vc_tta-panel\" id=\"1730799126070-dc96dc89-fbdf\" data-vc-content=\".vc_tta-panel-body\"><div class=\"vc_tta-panel-heading\"><h4 class=\"vc_tta-panel-title vc_tta-controls-icon-position-left\"><a href=\"#1730799126070-dc96dc89-fbdf\" data-vc-accordion data-vc-container=\".vc_tta-container\"><span class=\"vc_tta-title-text\">Alija Isakovi\u0107<\/span><i class=\"vc_tta-controls-icon vc_tta-controls-icon-plus\"><\/i><\/a><\/h4><\/div><div class=\"vc_tta-panel-body\">\n\t<div class=\"wpb_text_column wpb_content_element \" >\n\t\t<div class=\"wpb_wrapper\">\n\t\t\t<p><img decoding=\"async\" class=\"img-responsive alignleft\" title=\"BH-Akademiker-Alija isakovic\" src=\"https:\/\/www.bhakademiker.org\/wp-content\/uploads\/2022\/02\/AlijaIsakovic.jpg\" alt=\"Alija Isakovic GBAA\" \/><\/p>\n<p>Geboren 1932 in Stolac, gestorben 1997 in Sarajewo \u2013 beigesetzt im Harem einer der sch\u00f6nsten Moscheen in Sarajewo \u2013 Ferhadija. Aufgewachsen in Internaten, durchwanderte er ganz Jugoslawien auf der Suche nach Bildung und Wissen, von Bitunje und Stolac, \u00fcber Zagreb, Crikvenica bis Pancevo und Belgrad. Ein Bosnier aus Herzegowina \u2013 und kein Herzegowiner, denn seiner Meinung nach war die Herzegowina ein Produkt der Hochstaplerei Herzog Stjepans. Alija Isakovic ist ein Schriftsteller des \u00f6ffentlichen und gesellschaftlichpolitischen Lebens innerhalb einer gesonderten bosniakischen Kultur und Literatur<\/p>\n<p>Er ver\u00f6ffentlichte eine gro\u00dfe Zahl an Werken, aus denen wir zwei hervorheben wollen: \u201eSonne auf der rechten Schulter\u201c und \u201eDer Aufstand\u201c. 1996 organisierte die GBAA in Wien die Pr\u00e4sentation seines Buches \u201eDie Anthologie des B\u00f6sen\u201c, bei der Alija ermahnende Worte an die Anwesenden richtete: \u201e Merkt euch, dieser Krieg l\u00f6schte und zerm\u00fcrbte zu Staub all das, was unser war, das Einzelne und das Gemeinsame und nichts wird mehr so sein wie es einmal war. Und auch nicht so, wie wir es uns vorgestellt hatten\u2026Niemand au\u00dfer uns kann das verstehen\u2026\u201c<\/p>\n<p>Alija Isakovi\u0107 war einer der Mitbegr\u00fcnder der GBAA und einer jener Mitglieder der Gesellschaft Bosnischer Akademiker in \u00d6sterreich die sich um die Anerkennung der bosnischen Sprache in \u00d6sterreich verdient gemacht haben.<\/p>\n\n\t\t<\/div>\n\t<\/div>\n<\/div><\/div><div class=\"vc_tta-panel\" id=\"1730799126081-f0dc810d-4bc8\" data-vc-content=\".vc_tta-panel-body\"><div class=\"vc_tta-panel-heading\"><h4 class=\"vc_tta-panel-title vc_tta-controls-icon-position-left\"><a href=\"#1730799126081-f0dc810d-4bc8\" data-vc-accordion data-vc-container=\".vc_tta-container\"><span class=\"vc_tta-title-text\">D\u017eevad Karahasan<\/span><i class=\"vc_tta-controls-icon vc_tta-controls-icon-plus\"><\/i><\/a><\/h4><\/div><div class=\"vc_tta-panel-body\">\n\t<div class=\"wpb_text_column wpb_content_element \" >\n\t\t<div class=\"wpb_wrapper\">\n\t\t\t<p><img decoding=\"async\" class=\"size-medium wp-image-3658 alignleft\" src=\"https:\/\/www.bhakademiker.org\/wp-content\/uploads\/2024\/12\/01_V2-300x298.jpg\" alt=\"\" width=\"300\" height=\"298\" srcset=\"https:\/\/www.bhakademiker.org\/wp-content\/uploads\/2024\/12\/01_V2-300x298.jpg 300w, https:\/\/www.bhakademiker.org\/wp-content\/uploads\/2024\/12\/01_V2-150x150.jpg 150w, https:\/\/www.bhakademiker.org\/wp-content\/uploads\/2024\/12\/01_V2-12x12.jpg 12w, https:\/\/www.bhakademiker.org\/wp-content\/uploads\/2024\/12\/01_V2.jpg 482w, https:\/\/www.bhakademiker.org\/wp-content\/uploads\/2024\/12\/01_V2-70x70.jpg 70w, https:\/\/www.bhakademiker.org\/wp-content\/uploads\/2024\/12\/01_V2-50x50.jpg 50w\" sizes=\"(max-width: 300px) 100vw, 300px\" \/>D\u017eevad Karahasan (1953\u20132023) war ein renommierter bosnisch-herzegowinischer Schriftsteller, Literaturwissenschaftler und Dramatiker. Er wurde in Duvno (heute Tomislavgrad) geboren und verstarb am 19. Mai 2023. Karahasan studierte Vergleichende Literaturwissenschaft und Theaterwissenschaft an der Philosophischen Fakult\u00e4t in Sarajevo und promovierte in Zagreb. In Sarajevo arbeitete er als Redakteur des Magazins <em>Odjek<\/em> und war sp\u00e4ter Professor und Dekan der Akademie der B\u00fchnenk\u00fcnste. Er lehrte an Universit\u00e4ten wie Salzburg, Innsbruck, Berlin und Basel und war DAAD-Stipendiat in Berlin sowie Stadtschreiber in Graz.<\/p>\n<p>Er ver\u00f6ffentlichte Hunderte wissenschaftliche Artikel und B\u00fccher \u00fcber Drama, Theater und Prosa, die in f\u00fcnfzehn Sprachen \u00fcbersetzt wurden. Seit 2008 war er Vollmitglied der Akademie der Wissenschaften und K\u00fcnste Bosnien und Herzegowinas und korrespondierendes Mitglied seit 2012. Auch geh\u00f6rte er der Deutschen Akademie f\u00fcr Sprache und Dichtung an. 1994 wurde er zum ersten Pr\u00e4sidenten der <em>Gesellschaft Bosnischer Akademiker in \u00d6sterreich<\/em> gew\u00e4hlt.<\/p>\n<p>Zu seinen auf Deutsch erschienenen Werken z\u00e4hlen <em>Der \u00f6stliche Diwan<\/em> (1993), <em>Schahrijars Ring<\/em> (1997), <em>Das Buch der G\u00e4rten<\/em> (2002) und <em>Der Trost des Nachthimmels<\/em> (2016). F\u00fcr sein literarisches Schaffen erhielt Karahasan zahlreiche Auszeichnungen, darunter den Bruno-Kreisky-Preis (1995), den Leipziger Buchmesse-Preis (2004), den Vilenica-Literaturpreis (2010), den Heinrich-Heine-Preis und die Goethe-Medaille (beide 2012) sowie einen Ehrendoktortitel der Universit\u00e4t Basel (2014).<\/p>\n\n\t\t<\/div>\n\t<\/div>\n<\/div><\/div><div class=\"vc_tta-panel\" id=\"1730799254707-bd534ac2-ba63\" data-vc-content=\".vc_tta-panel-body\"><div class=\"vc_tta-panel-heading\"><h4 class=\"vc_tta-panel-title vc_tta-controls-icon-position-left\"><a href=\"#1730799254707-bd534ac2-ba63\" data-vc-accordion data-vc-container=\".vc_tta-container\"><span class=\"vc_tta-title-text\">Pavo Jusuf Urban<\/span><i class=\"vc_tta-controls-icon vc_tta-controls-icon-plus\"><\/i><\/a><\/h4><\/div><div class=\"vc_tta-panel-body\">\n\t<div class=\"wpb_text_column wpb_content_element \" >\n\t\t<div class=\"wpb_wrapper\">\n\t\t\t<p><img decoding=\"async\" class=\"size-full wp-image-3657 alignleft\" src=\"https:\/\/www.bhakademiker.org\/wp-content\/uploads\/2024\/12\/Pavo-Urban.jpg\" alt=\"\" width=\"265\" height=\"199\" srcset=\"https:\/\/www.bhakademiker.org\/wp-content\/uploads\/2024\/12\/Pavo-Urban.jpg 265w, https:\/\/www.bhakademiker.org\/wp-content\/uploads\/2024\/12\/Pavo-Urban-16x12.jpg 16w\" sizes=\"(max-width: 265px) 100vw, 265px\" \/>Pavo Jusuf Urban wurde am 5. Juli in Sarajewo geboren. Sein Vater Cedomir Urban war ein Officier der \u00f6sterreichisch \u2013 ungarischen Armee innerhalb des bosnienherzegowinischen Infanterieregiments Nr. 1. Nach dem Sturz der Monarhie musste Pavo mit seinen Eltern zur\u00fcck nach \u00d6sterreich. Nach dem Zweiten Weltkrieg \u00fcbernahm er die Stelle des Vizepr\u00e4sidenten der Wirtschaftskamer \u00d6sterreich und war zugleich Pr\u00e4sident der \u00d6sterreichisch-Jugoslawischen Gesellschaft. Allerdings behielt er seine Dokumente mit der bosniakischen Nationalit\u00e4t.<br \/>\nDie Idee zur Gr\u00fcndung des Unternehmens \u201eMelbrosin International\u201c bekam er aus Bosnien. Das Unternehmen befasste sich mit der Herstellung und dem Export von Bienenprodukten: Propolis, Pollen und Gel\u00e9e Royale, welches ihm ein betr\u00e4chtliches Verm\u00f6gen einbrachte, mit dem er seine gesellschaftlichen T\u00e4tigkeiten finanzierte. Eine dieser T\u00e4tigkeiten und zugleich\u00a0 eine der wichtigsten, ist die Pflege der Meletta-Tradition.<br \/>\n1917 wurde zum ersten Mal der Meletta-Schlacht gedacht, ein Jahr nach dem der Berg Monte Meletta erobert wurde, dessen Eroberung der Verdienst des bosniakischen Infanterieregiments Nr. 2 war. Diese Festlichkeiten werden bis heute abgehalten. Eine Unterbrechung erfolgte zur Zeit des nationalistischen\u00a0 Regimes. Dies war auch einer der Gr\u00fcnde f\u00fcr die Gr\u00fcndung der \u201e\u00d6sterreichischen Gesellschaft f\u00fcr bosnienherzegowinische Beziehungen\u201c in Graz, deren Hauptaufgabe die Pflege der Meletta-Tradition\u00a0 ist. Die Gesellschaft wurde in die \u00d6sterreichisch \u2013 Bosnienherzegowinische Gesellschaft umbenannt.<br \/>\nNach der Unabh\u00e4ngigkeitserkl\u00e4rung Bosniens wurde Pavo Urban vom damaligen Pr\u00e4sidenten Alija Izetbegovic zum Ehrenbotschafter Bosnien-Herzegowinas in \u00d6sterreich ernannt.<br \/>\nIn Kriegszeiten war er einer der Mitbegr\u00fcnder der Bosnischen Akademischen Gesellschaft in \u00d6sterreich. Ihm verdanken wir auch unsere Verbindung zu Simon Wiesenthal.<br \/>\nEr ist Tr\u00e4ger des goldenen Ehrenordens der Republik \u00d6sterreich, sowie des h\u00f6chsten Ordens des \u00f6sterreichischen Bundeslandes Steiermark und des Schwarzen Kreuzes.<br \/>\nEr wurde in Wien begraben, und seine Gedenkstatue befindet sich am bosniakischen Milit\u00e4rfriedhof in Lebring, einem Ort s\u00fcdlich von Graz.<\/p>\n\n\t\t<\/div>\n\t<\/div>\n<\/div><\/div><div class=\"vc_tta-panel\" id=\"1730799377385-83f758a4-2e6b\" data-vc-content=\".vc_tta-panel-body\"><div class=\"vc_tta-panel-heading\"><h4 class=\"vc_tta-panel-title vc_tta-controls-icon-position-left\"><a href=\"#1730799377385-83f758a4-2e6b\" data-vc-accordion data-vc-container=\".vc_tta-container\"><span class=\"vc_tta-title-text\">Smajil Baji\u0107<\/span><i class=\"vc_tta-controls-icon vc_tta-controls-icon-plus\"><\/i><\/a><\/h4><\/div><div class=\"vc_tta-panel-body\">\n\t<div class=\"wpb_text_column wpb_content_element \" >\n\t\t<div class=\"wpb_wrapper\">\n\t\t\t<p><img loading=\"lazy\" decoding=\"async\" class=\"size-full wp-image-3656 alignleft\" src=\"https:\/\/www.bhakademiker.org\/wp-content\/uploads\/2024\/12\/Smail-Balic.jpg\" alt=\"\" width=\"273\" height=\"268\" srcset=\"https:\/\/www.bhakademiker.org\/wp-content\/uploads\/2024\/12\/Smail-Balic.jpg 273w, https:\/\/www.bhakademiker.org\/wp-content\/uploads\/2024\/12\/Smail-Balic-12x12.jpg 12w, https:\/\/www.bhakademiker.org\/wp-content\/uploads\/2024\/12\/Smail-Balic-70x70.jpg 70w, https:\/\/www.bhakademiker.org\/wp-content\/uploads\/2024\/12\/Smail-Balic-50x50.jpg 50w\" sizes=\"(max-width: 273px) 100vw, 273px\" \/>Geboren 1920 in Mostar, gestorben im M\u00e4rz 2002 in Zwerndorf in der N\u00e4he von Wien.<img decoding=\"async\" class=\"img-responsive alignleft\" src=\"https:\/\/www.bhakademiker.org\/\/files\/pics\/smailBalic_produkt_foto.jpg\" alt=\"\" \/><\/p>\n<p>Studierte Islamische Theologie in Sarajewo, seine Dissertation mit dem Thema \u201eGeistige Triebkr\u00e4fte im bosnisch-herzegowinischen Islam\u201c verteidigte er 1945 in Wien. Er unterrichtete Orientalistik in Wien nach 1945 und in der Zeit von 1962-1963 war er Dozent f\u00fcr die deutsche Sprache an einer Privathochschule in Kuwait. Von 1963 bis 1984 war er in der \u00d6sterreichischen Nationalbibliothek als wissenschaftlicher Bibliothekar und Leiter f\u00fcr orientalische Sprachen sowie arabische Handschriften t\u00e4tig. Dr. Bali\u0107 war auch ein wissentschaftlicher Mitarbeiter des K\u00f6niglichen Instituts f\u00fcr islamisches Denken in Jordanien.<\/p>\n<p>Als prominenter Islamwissenschaftler setzte er sich f\u00fcr eine integrativ-kulturelle Wahrnehmung des Islams, seine Segregation von Politik, aber seine Kritik richtete sich besonders gegen die politische Instrumentalisierung des Islams. In den letzten Jahren widmete er viele Studien und Vortr\u00e4ge dem Ziel der R\u00fcckkehr des Islams so wie er in fr\u00fcheren Zeiten in Bosnien und Herzegowina war. Dr. Smail Bali\u0107 wurde f\u00fcr sein Werk mit dem Orden f\u00fcr Wissenschaft und Kunst der 1. Klasse in 1995 in \u00d6sterreich ausgezeichnet. Als Mitglied der Gesellschaft der bosnischen Akademiker in \u00d6sterreich, mit Ver\u00f6ffentlichung seines letzten Buches \u201eDer vergessene Islam\u201c, hinterlie\u00df er eine unausl\u00f6schliche Spur in der bosnischen und bosniakischen Kultur. Der Akademiker Vladimir Premec beendete die Buchpromotion \u201eDer vergessene Islam\u201c in Sarajewo mit inspirierten Worten: \u201eUnsterblichen G\u00f6ttern sei Dank weil Bosnien so einen Herzegowiner hat\u201c.<\/p>\n<p>Die bekanntesten Werke von Dr. Smail Bali\u0107:<\/p>\n<ul>\n<li>Der Islam im mittelalterlichen Ungarn, 1965<\/li>\n<li>Die Kultur der Bosniaker, 1973, Wien<\/li>\n<li>Das unbekannte Bosnien, 1992, K\u00f6ln<\/li>\n<li>Der Islam \u2013 in \u00dcbereinstimmung mit Europa?, 1994, Wien<\/li>\n<li>Der vergessene Islam, 2000, Gesellschaft der bosnischen Akademiker in \u00d6sterreich<\/li>\n<\/ul>\n\n\t\t<\/div>\n\t<\/div>\n<\/div><\/div><div class=\"vc_tta-panel\" id=\"1730799391114-a27143f5-7c3a\" data-vc-content=\".vc_tta-panel-body\"><div class=\"vc_tta-panel-heading\"><h4 class=\"vc_tta-panel-title vc_tta-controls-icon-position-left\"><a href=\"#1730799391114-a27143f5-7c3a\" data-vc-accordion data-vc-container=\".vc_tta-container\"><span class=\"vc_tta-title-text\">Mahmud Pasi\u0107<\/span><i class=\"vc_tta-controls-icon vc_tta-controls-icon-plus\"><\/i><\/a><\/h4><\/div><div class=\"vc_tta-panel-body\">\n\t<div class=\"wpb_text_column wpb_content_element \" >\n\t\t<div class=\"wpb_wrapper\">\n\t\t\t<p><img loading=\"lazy\" decoding=\"async\" class=\"alignnone wp-image-3660 size-full\" src=\"https:\/\/www.bhakademiker.org\/wp-content\/uploads\/2024\/12\/Mahmud-Pasic.jpg\" alt=\"\" width=\"257\" height=\"196\" srcset=\"https:\/\/www.bhakademiker.org\/wp-content\/uploads\/2024\/12\/Mahmud-Pasic.jpg 257w, https:\/\/www.bhakademiker.org\/wp-content\/uploads\/2024\/12\/Mahmud-Pasic-16x12.jpg 16w\" sizes=\"(max-width: 257px) 100vw, 257px\" \/>Mahmud Pasi<span class=\"mw-page-title-main\">\u0107 <\/span>wurde am 26. September 1927 in Tuzla geboren. Er verstarb 2011 in Wien. Er wurde am islamischen Friedhof in Wien beerdigt. In Tuzla besuchte er die Mittelschule in Tuzla und 1954 beendete er sein Wirtschaftsstudium an der Wirtschaftsuniversit\u00e4t in Zagreb.<\/p>\n<p>Er war Stellvertreter der jugoslawischen Firma Ferimport in Pakistan und dem Iran. Im Laufe seiner Karriere im Iran arbeitete er f\u00fcr Elastogran, eine Tochterfirma des deutschen BASF. Sp\u00e4ter im Laufe seiner Berufskarriere \u00fcbersiedelte er nach Wien, wo er seine eigene Firma AMICO gr\u00fcndete.<\/p>\n<p>Im Laufe seiner erfolgreichen und langj\u00e4hrigen komerziellen Karierre im Iran, war er zugleich auch als \u00dcbersetzer f\u00fcr die jugoslawischen Vertreter t\u00e4tig, und auch Tito, der Pr\u00e4sident des damaligen Jugoslawien nutzte Mahmuds Erfahrung.<\/p>\n<p>Als Konsultant f\u00fcr Unternehmer, war er die Garantie f\u00fcr gute wirtschaftliche Beziehungen zwischen Jugoslawien und dem Iran. Jedoch verga\u00df er dabei nicht seine Wurzeln. Er unterst\u00fctzte die Familien der verungl\u00fcckten Bergarbeiter in seiner Heimat Bosnien, indem er ihre Kinder erm\u00f6glichte eine Schule zu besuchen.<\/p>\n<p>Mit seiner Ankunft in Wien, f\u00fchrte er seine Mission fort, indem er bosnische Initiativen f\u00f6rderte, vor allem die im Bereich Bildung. Mahmud Pasic war Mitgr\u00fcnder der Gesellschaft Bosnischer Akademiker in \u00d6sterreich.<\/p>\n\n\t\t<\/div>\n\t<\/div>\n<\/div><\/div><\/div><\/div><\/div><\/div><\/div><\/div><\/div><\/div><div class=\"vc_row wpb_row row\"><div class=\"wpb_column vc_column_container vc_col-sm-12\"><div class=\"vc_column-inner\"><div class=\"wpb_wrapper\"><div class=\"vc_separator wpb_content_element vc_separator_align_center vc_sep_width_100 vc_sep_pos_align_center vc_sep_color_black\" ><span class=\"vc_sep_holder vc_sep_holder_l\"><span  class=\"vc_sep_line\"><\/span><\/span><span class=\"vc_sep_holder vc_sep_holder_r\"><span  class=\"vc_sep_line\"><\/span><\/span>\r\n<\/div><h3 class=\"no-margin-top \" >Ehrenmitglieder:innen der Gesellschaft Bosnischer Akademiker in \u00d6sterreich<\/h3><\/div><\/div><\/div><\/div><div class=\"vc_row wpb_row row\"><div class=\"wpb_column vc_column_container vc_col-sm-12\"><div class=\"vc_column-inner\"><div class=\"wpb_wrapper\"><div class=\"vc_tta-container\" data-vc-action=\"collapse\"><div class=\"vc_general vc_tta vc_tta-accordion vc_tta-color-grey vc_tta-style-modern vc_tta-shape-rounded vc_tta-o-shape-group vc_tta-controls-align-left\"><div class=\"vc_tta-panels-container\"><div class=\"vc_tta-panels\"><div class=\"vc_tta-panel vc_active\" id=\"1730799934980-8a6d1f59-c0a9\" data-vc-content=\".vc_tta-panel-body\"><div class=\"vc_tta-panel-heading\"><h4 class=\"vc_tta-panel-title vc_tta-controls-icon-position-left\"><a href=\"#1730799934980-8a6d1f59-c0a9\" data-vc-accordion data-vc-container=\".vc_tta-container\"><span class=\"vc_tta-title-text\">Akad. Univ. Prof. Dr. Mirko Pejanovi\u0107<\/span><i class=\"vc_tta-controls-icon vc_tta-controls-icon-plus\"><\/i><\/a><\/h4><\/div><div class=\"vc_tta-panel-body\">\n\t<div class=\"wpb_text_column wpb_content_element \" >\n\t\t<div class=\"wpb_wrapper\">\n\t\t\t<p><img loading=\"lazy\" decoding=\"async\" class=\"wp-image-4048 alignleft\" src=\"https:\/\/www.bhakademiker.org\/wp-content\/uploads\/2025\/12\/Bild1-300x300.png\" alt=\"\" width=\"300\" height=\"300\" srcset=\"https:\/\/www.bhakademiker.org\/wp-content\/uploads\/2025\/12\/Bild1-300x300.png 300w, https:\/\/www.bhakademiker.org\/wp-content\/uploads\/2025\/12\/Bild1-1024x1024.png 1024w, https:\/\/www.bhakademiker.org\/wp-content\/uploads\/2025\/12\/Bild1-150x150.png 150w, https:\/\/www.bhakademiker.org\/wp-content\/uploads\/2025\/12\/Bild1-768x768.png 768w, https:\/\/www.bhakademiker.org\/wp-content\/uploads\/2025\/12\/Bild1-1536x1536.png 1536w, https:\/\/www.bhakademiker.org\/wp-content\/uploads\/2025\/12\/Bild1-12x12.png 12w, https:\/\/www.bhakademiker.org\/wp-content\/uploads\/2025\/12\/Bild1-266x266.png 266w, https:\/\/www.bhakademiker.org\/wp-content\/uploads\/2025\/12\/Bild1-70x70.png 70w, https:\/\/www.bhakademiker.org\/wp-content\/uploads\/2025\/12\/Bild1-50x50.png 50w, https:\/\/www.bhakademiker.org\/wp-content\/uploads\/2025\/12\/Bild1.png 1624w\" sizes=\"(max-width: 300px) 100vw, 300px\" \/>Am <strong>3. Oktober 2025<\/strong>, w\u00e4hrend der Feierlichkeiten zum 836. Geburtstag Bosniens in Wien, wurde <strong>Akad. Univ. Prof. Dr. Mirko Pejanovi\u0107<\/strong> <strong>zum Ehrenmitglied der Gesellschaft Bosnischer Akademiker in \u00d6sterreich (BADA) ernannt<\/strong> und hat damit unsere Gemeinschaft in \u00d6sterreich gest\u00e4rkt.<\/p>\n\n\t\t<\/div>\n\t<\/div>\n<\/div><\/div><div class=\"vc_tta-panel\" id=\"1765280304648-e84346b7-6488\" data-vc-content=\".vc_tta-panel-body\"><div class=\"vc_tta-panel-heading\"><h4 class=\"vc_tta-panel-title vc_tta-controls-icon-position-left\"><a href=\"#1765280304648-e84346b7-6488\" data-vc-accordion data-vc-container=\".vc_tta-container\"><span class=\"vc_tta-title-text\">Dr. Stjepan Mesi\u0107<\/span><i class=\"vc_tta-controls-icon vc_tta-controls-icon-plus\"><\/i><\/a><\/h4><\/div><div class=\"vc_tta-panel-body\">\n\t<div class=\"wpb_text_column wpb_content_element \" >\n\t\t<div class=\"wpb_wrapper\">\n\t\t\t<p><img loading=\"lazy\" decoding=\"async\" class=\" wp-image-3636 alignleft\" src=\"https:\/\/www.bhakademiker.org\/wp-content\/uploads\/2024\/11\/Bild2-300x300.png\" alt=\"\" width=\"232\" height=\"232\" srcset=\"https:\/\/www.bhakademiker.org\/wp-content\/uploads\/2024\/11\/Bild2-300x300.png 300w, https:\/\/www.bhakademiker.org\/wp-content\/uploads\/2024\/11\/Bild2-150x150.png 150w, https:\/\/www.bhakademiker.org\/wp-content\/uploads\/2024\/11\/Bild2-768x768.png 768w, https:\/\/www.bhakademiker.org\/wp-content\/uploads\/2024\/11\/Bild2-12x12.png 12w, https:\/\/www.bhakademiker.org\/wp-content\/uploads\/2024\/11\/Bild2-266x266.png 266w, https:\/\/www.bhakademiker.org\/wp-content\/uploads\/2024\/11\/Bild2-70x70.png 70w, https:\/\/www.bhakademiker.org\/wp-content\/uploads\/2024\/11\/Bild2-50x50.png 50w, https:\/\/www.bhakademiker.org\/wp-content\/uploads\/2024\/11\/Bild2.png 915w\" sizes=\"(max-width: 232px) 100vw, 232px\" \/><strong>Dr. Stjepan Mesi\u0107<\/strong>\u00a0erhielt ebenfalls eine Ehrenmitgliedschaft, die ihm f\u00fcr seine bedeutenden Beitr\u00e4ge zur F\u00f6rderung des Friedens und der Demokratie in der Region verliehen wurde. Dr. Stjepan Mesi\u0107 setzte sich stark f\u00fcr die Vers\u00f6hnung und die europ\u00e4ische Integration ein und ist bekannt f\u00fcr seinen Einsatz f\u00fcr die Menschenrechte und die Stabilit\u00e4t in S\u00fcdosteuropa.<\/p>\n\n\t\t<\/div>\n\t<\/div>\n<\/div><\/div><div class=\"vc_tta-panel\" id=\"1730799934866-63ec25f1-db09\" data-vc-content=\".vc_tta-panel-body\"><div class=\"vc_tta-panel-heading\"><h4 class=\"vc_tta-panel-title vc_tta-controls-icon-position-left\"><a href=\"#1730799934866-63ec25f1-db09\" data-vc-accordion data-vc-container=\".vc_tta-container\"><span class=\"vc_tta-title-text\">Dr. Wolfgang Petritsch<\/span><i class=\"vc_tta-controls-icon vc_tta-controls-icon-plus\"><\/i><\/a><\/h4><\/div><div class=\"vc_tta-panel-body\">\n\t<div class=\"wpb_text_column wpb_content_element \" >\n\t\t<div class=\"wpb_wrapper\">\n\t\t\t<p><img loading=\"lazy\" decoding=\"async\" class=\"alignleft\" src=\"https:\/\/www.bhakademiker.org\/wp-content\/uploads\/2024\/01\/WP_zoomout-847x477.png\" width=\"636\" height=\"358\" \/>Die Delegation der Gesellschaft Bosnischer Akademiker in \u00d6sterreich bestand aus Pr\u00e4sident Siradj Duhan, Stellvertreter Marko Draga\u0161 und Mitglied des Wirtschaftsrats Davul Ljuhar.<\/p>\n<p>Die BADA-Delegation diskutierte mehrere Themen mit Wolfgang Petritsch, dem ehemaligen Hohen Repr\u00e4sentanten f\u00fcr Bosnien und Herzegowina. Das wichtigste Thema war sicherlich die weitere Entwicklung der bosnischen Minderheit in \u00d6sterreich und der EU. Dieses Projekt hat bereits das Attribut \u201eFriedensprojekt\u201c erhalten und weitere von BADA und BADEU entwickelte Projekte wirken sich positiv auf die Entwicklung der gesamten Gemeinschaft in der EU aus.<\/p>\n<p>Wolfgang Petritsch betonte den au\u00dfergew\u00f6hnlichen Erfolg der Bosnier in \u00d6sterreich. Projekte, die zur Zusammenarbeit aufrufen, wie etwa der Antrag der BADEU, den 29. August zum Tag der zwischenstaatlichen gutnachbarlichen Beziehungen zu erkl\u00e4ren, geben Hoffnung auf eine bessere Zukunft in der Region.<\/p>\n<p>Bei dieser Gelegenheit stellte Wolfgang Petritsch unserer Gesellschaft sein Buch \u201eEpochenwechsel\u201c vor und Pr\u00e4sident Siradj Duhan lud Wolfgang Petritsch zu der f\u00fcr 4. Oktober geplanten Veranstaltung \/ Geburtstag Bosniens ein. Bei dieser Gelegenheit wird Dr. Wolfgang Petritsch eine Plakette als Ehrenmitglied der BADA verliehen. Auf diese Weise dankt die BADA Wolfgang Petritsch f\u00fcr die gro\u00dfartige Unterst\u00fctzung, die er der bosnischen Gemeinschaft in \u00d6sterreich zukommen l\u00e4sst.<\/p>\n<p><strong>Wolfgang Petritsch hat die Ehrenmitgliedschaft der BADA mit Freude angenommen.<\/strong><\/p>\n\n\t\t<\/div>\n\t<\/div>\n<\/div><\/div><div class=\"vc_tta-panel\" id=\"1730799934813-328dcb04-0ad9\" data-vc-content=\".vc_tta-panel-body\"><div class=\"vc_tta-panel-heading\"><h4 class=\"vc_tta-panel-title vc_tta-controls-icon-position-left\"><a href=\"#1730799934813-328dcb04-0ad9\" data-vc-accordion data-vc-container=\".vc_tta-container\"><span class=\"vc_tta-title-text\">Univ.-Prof. Dr. Kemal Hanjali\u0107<\/span><i class=\"vc_tta-controls-icon vc_tta-controls-icon-plus\"><\/i><\/a><\/h4><\/div><div class=\"vc_tta-panel-body\">\n\t<div class=\"wpb_text_column wpb_content_element \" >\n\t\t<div class=\"wpb_wrapper\">\n\t\t\t<p>Univ.-Prof. Dr. Kemal Hanjali\u0107, geboren am 30. November 1939 in Sarajevo, ist ein renommierter Maschinenbauingenieur und Forscher. Nach seinem Studium in Sarajevo und Gro\u00dfbritannien erwarb er 1964 sein Diplom als Ingenieur in Maschinenbau (Universit\u00e4t Sarajevo), 1966 einen MSc in Thermodynamik (Universit\u00e4t Birmingham), und 1970 promovierte er in Fluidmechanik am Imperial College in London.<\/p>\n<p>Er arbeitete zun\u00e4chst in Sarajevo als Forscher am Institut f\u00fcr Thermische und Nukleare Technik und stieg dort sp\u00e4ter zum Abteilungsleiter und Direktor des Instituts f\u00fcr Verfahrens-, Energie- und Umwelttechnik auf. Von 1985 bis 1987 war er B\u00fcrgermeister von Sarajevo und anschlie\u00dfend bis 1991 Minister f\u00fcr Wissenschaft und Technologie von Bosnien-Herzegowina. Sp\u00e4ter folgten internationale Positionen als Professor, unter anderem in den USA und den Niederlanden, wo er bis 2005 an der TU Delft t\u00e4tig war. Aktuell ist er Gastprofessor an der TU Darmstadt.<\/p>\n<p>Hanjali\u0107 ist Mitglied mehrerer wissenschaftlicher Organisationen und Tr\u00e4ger zahlreicher Auszeichnungen, darunter der Max-Planck-Forschungspreis (1992) und das Ehrendoktorat der Universit\u00e4t Reims (2009).<\/p>\n\n\t\t<\/div>\n\t<\/div>\n<\/div><\/div><div class=\"vc_tta-panel\" id=\"1730799934847-ef0ff8c2-44fb\" data-vc-content=\".vc_tta-panel-body\"><div class=\"vc_tta-panel-heading\"><h4 class=\"vc_tta-panel-title vc_tta-controls-icon-position-left\"><a href=\"#1730799934847-ef0ff8c2-44fb\" data-vc-accordion data-vc-container=\".vc_tta-container\"><span class=\"vc_tta-title-text\">Univ.-Prof. Dr. Wolfgang Benedek<\/span><i class=\"vc_tta-controls-icon vc_tta-controls-icon-plus\"><\/i><\/a><\/h4><\/div><div class=\"vc_tta-panel-body\">\n\t<div class=\"wpb_text_column wpb_content_element \" >\n\t\t<div class=\"wpb_wrapper\">\n\t\t\t<p>Am\u00a0<strong>7. Oktober 2023<\/strong>, w\u00e4hrend der Feierlichkeiten zum 834. Geburtstag Bosniens in Graz, wurde\u00a0<strong>Univ.-Prof. Dr. Wolfgang Benedek zum Ehrenmitglied der Gesellschaft Bosnischer Akademiker in \u00d6sterreich (BADA) ernannt<\/strong>\u00a0und hat damit unsere Gemeinschaft in \u00d6sterreich gest\u00e4rkt. Prof. Benedek hat unsere Studenten in \u00d6sterreich besonders unterst\u00fctzt \u2013 dazu hat er auch die Gesellschaft Bosnischer Akademiker in \u00d6sterreich verpflichtet. Prof. Benedek ist auch Ehrendoktor der Universit\u00e4t Sarajevo und Ehrenb\u00fcrger der Stadt Sarajevo.<\/p>\n\n\t\t<\/div>\n\t<\/div>\n<\/div><\/div><div class=\"vc_tta-panel\" id=\"1730799934907-4d4f0be7-30e2\" data-vc-content=\".vc_tta-panel-body\"><div class=\"vc_tta-panel-heading\"><h4 class=\"vc_tta-panel-title vc_tta-controls-icon-position-left\"><a href=\"#1730799934907-4d4f0be7-30e2\" data-vc-accordion data-vc-container=\".vc_tta-container\"><span class=\"vc_tta-title-text\">Camilla Habsburg-Lothringen<\/span><i class=\"vc_tta-controls-icon vc_tta-controls-icon-plus\"><\/i><\/a><\/h4><\/div><div class=\"vc_tta-panel-body\">\n\t<div class=\"wpb_text_column wpb_content_element \" >\n\t\t<div class=\"wpb_wrapper\">\n\t\t\t<p>Anl\u00e4sslich des 830. Geburtstags Bosniens wurde Camilla Habsburg-Lothringen die Ehrenmitgliedschaft der Gesellschaft Bosnischer Akademiker in \u00d6sterreich verliehen.<\/p>\n<p>Die feierliche Verleihung fand am 11. Oktober 2019 in der Diplomatischen Akademie statt. Die Ehrenurkunde und der GBAA-Award wurden von \u017deljko Kom\u0161i\u0107, dem Vorsitzenden des Staatspr\u00e4sidiums von Bosnien und Herzegowina, sowie Siradj Duhan, dem Pr\u00e4sidenten der Gesellschaft Bosnischer Akademiker in \u00d6sterreich, \u00fcberreicht.<\/p>\n<p>Camilla Habsburg-Lothringen, eine Nachfahrin der Toskana-Linie der Habsburger, engagiert sich leidenschaftlich f\u00fcr den interkulturellen und interreligi\u00f6sen Dialog sowie f\u00fcr Umweltschutzprojekte in Bosnien und Herzegowina. Sie setzt sich daf\u00fcr ein, die Jugend zu ermutigen, aktiv und verantwortungsbewusst mit ihrer Umwelt umzugehen, um ein gesundes Aufwachsen zu erm\u00f6glichen.<\/p>\n<p>Als Ur-Ur-Ur-Ur-Ur-Enkelin von Kaiserin Maria Theresia, die die Schulpflicht eingef\u00fchrt hat, verfolgt sie die Vision, den Sch\u00fclern mehr Raum f\u00fcr Kreativit\u00e4t zu bieten. Dies entspricht auch dem Bestreben der GBAA, eine bosnische Schule in Wien zu gr\u00fcnden, um die Bildung und kulturelle Identit\u00e4t der bosnischen Gemeinschaft zu f\u00f6rdern.<\/p>\n\n\t\t<\/div>\n\t<\/div>\n<\/div><\/div><div class=\"vc_tta-panel\" id=\"1730799934781-97e63631-8581\" data-vc-content=\".vc_tta-panel-body\"><div class=\"vc_tta-panel-heading\"><h4 class=\"vc_tta-panel-title vc_tta-controls-icon-position-left\"><a href=\"#1730799934781-97e63631-8581\" data-vc-accordion data-vc-container=\".vc_tta-container\"><span class=\"vc_tta-title-text\">Simon Wiesenthal<\/span><i class=\"vc_tta-controls-icon vc_tta-controls-icon-plus\"><\/i><\/a><\/h4><\/div><div class=\"vc_tta-panel-body\">\n\t<div class=\"wpb_text_column wpb_content_element \" >\n\t\t<div class=\"wpb_wrapper\">\n\t\t\t<p>Simon Wiesenthal (1908\u20132005) war Ehrenmitglied der &#8220;Gesellschaft Bosnischer Akademiker in \u00d6sterreich&#8221; und inspirierte die Mitglieder, f\u00fcr Wahrheitsfindung und Gerechtigkeit einzutreten. Wiesenthal, bekannt f\u00fcr seine engagierte Arbeit zur Verfolgung von NS-Kriegsverbrechern, unterst\u00fctzte die Gemeinschaft in ihrem Bem\u00fchen, die Interessen der bosnischen Diaspora in \u00d6sterreich zu f\u00f6rdern.<\/p>\n<p><iframe title=\"Simon Wiesenthal Ehrenmitglied der bosnischen Gemeinde in \u00d6sterreich\" width=\"770\" height=\"433\" src=\"https:\/\/www.youtube.com\/embed\/LlLbgpBLq_4?feature=oembed\" frameborder=\"0\" allow=\"accelerometer; autoplay; clipboard-write; encrypted-media; gyroscope; picture-in-picture; web-share\" referrerpolicy=\"strict-origin-when-cross-origin\" allowfullscreen><\/iframe><\/p>\n\n\t\t<\/div>\n\t<\/div>\n<\/div><\/div><\/div><\/div><\/div><\/div><\/div><\/div><\/div><\/div>\n","protected":false},"excerpt":{"rendered":"\u00dcber uns Die Gesellschaft Bosnischer Akademiker in \u00d6sterreich wurde 1994 gegr\u00fcndet und hat ihren Sitz in Wien. Sie verfolgt das Ziel, den interkulturellen Austausch und die Zusammenarbeit unter bosnischen Wissenschaftlern und Kulturschaffenden zu f\u00f6rdern. Die Gesellschaft engagiert sich daf\u00fcr, die Interessen der bosnischen Diaspora in \u00d6sterreich zu vertreten und den Dialog zwischen den Kulturen zu st\u00e4rken. Gr\u00fcnder der Gesellschaft Bosnischer Akademiker in \u00d6sterreichSiradj Duhan Siradj Duhan, geboren in Vrse in der N\u00e4he von Gornji Vakuf, besuchte die Grundschule in Prozor, die Maschinenbautechnische Schule in Bugojno und die Fakult\u00e4t f\u00fcr Maschinenbau in Banja Luka. Ein Semester seines Praktikums absolvierte er an...","protected":false},"author":1,"featured_media":0,"parent":0,"menu_order":0,"comment_status":"closed","ping_status":"closed","template":"","meta":{"footnotes":""},"class_list":["post-1631","page","type-page","status-publish","hentry"],"yoast_head":"<!-- This site is optimized with the Yoast SEO plugin v20.3 - https:\/\/yoast.com\/wordpress\/plugins\/seo\/ -->\n<title>\u00dcber uns - Gesellschaft Bosnischer Akademiker<\/title>\n<meta name=\"description\" content=\"\u00dcber die Gesellschaft Bosnischer Akademiker in \u00d6sterreich, ihre Gr\u00fcndung, Ziele und Ehrenmitglieder.\" \/>\n<meta name=\"robots\" content=\"index, follow, max-snippet:-1, max-image-preview:large, max-video-preview:-1\" \/>\n<link rel=\"canonical\" href=\"https:\/\/www.bhakademiker.org\/de\/ueber-uns\/\" \/>\n<meta property=\"og:locale\" content=\"de_DE\" \/>\n<meta property=\"og:type\" content=\"article\" \/>\n<meta property=\"og:title\" content=\"\u00dcber uns | O nama\" \/>\n<meta property=\"og:description\" content=\"\u00dcber die Gesellschaft Bosnischer Akademiker in \u00d6sterreich, ihre Gr\u00fcndung, Ziele und Ehrenmitglieder.\" \/>\n<meta property=\"og:url\" content=\"https:\/\/www.bhakademiker.org\/de\/ueber-uns\/\" \/>\n<meta property=\"og:site_name\" content=\"Gesellschaft Bosnischer Akademiker\" \/>\n<meta property=\"article:modified_time\" content=\"2025-12-09T11:49:16+00:00\" \/>\n<meta property=\"og:image\" content=\"https:\/\/www.bhakademiker.org\/wp-content\/uploads\/2022\/01\/featured-GBAA.png\" \/>\n\t<meta property=\"og:image:width\" content=\"1200\" \/>\n\t<meta property=\"og:image:height\" content=\"630\" \/>\n\t<meta property=\"og:image:type\" content=\"image\/png\" \/>\n<meta name=\"twitter:card\" content=\"summary_large_image\" \/>\n<meta name=\"twitter:title\" content=\"\u00dcber uns | O nama\" \/>\n<meta name=\"twitter:description\" content=\"\u00dcber die Gesellschaft Bosnischer Akademiker in \u00d6sterreich, ihre Gr\u00fcndung, Ziele und Ehrenmitglieder.\" \/>\n<meta name=\"twitter:image\" content=\"https:\/\/www.bhakademiker.org\/wp-content\/uploads\/2022\/01\/featured-GBAA.png\" \/>\n<meta name=\"twitter:label1\" content=\"Gesch\u00e4tzte Lesezeit\" \/>\n\t<meta name=\"twitter:data1\" content=\"12\u00a0Minuten\" \/>\n<script type=\"application\/ld+json\" class=\"yoast-schema-graph\">{\"@context\":\"https:\/\/schema.org\",\"@graph\":[{\"@type\":\"WebPage\",\"@id\":\"https:\/\/www.bhakademiker.org\/ueber-uns\/\",\"url\":\"https:\/\/www.bhakademiker.org\/ueber-uns\/\",\"name\":\"\u00dcber uns - Gesellschaft Bosnischer Akademiker\",\"isPartOf\":{\"@id\":\"https:\/\/www.bhakademiker.org\/bs\/#website\"},\"datePublished\":\"2024-06-26T19:00:38+00:00\",\"dateModified\":\"2025-12-09T11:49:16+00:00\",\"description\":\"\u00dcber die Gesellschaft Bosnischer Akademiker in \u00d6sterreich, ihre Gr\u00fcndung, Ziele und Ehrenmitglieder.\",\"breadcrumb\":{\"@id\":\"https:\/\/www.bhakademiker.org\/ueber-uns\/#breadcrumb\"},\"inLanguage\":\"de\",\"potentialAction\":[{\"@type\":\"ReadAction\",\"target\":[\"https:\/\/www.bhakademiker.org\/ueber-uns\/\"]}]},{\"@type\":\"BreadcrumbList\",\"@id\":\"https:\/\/www.bhakademiker.org\/ueber-uns\/#breadcrumb\",\"itemListElement\":[{\"@type\":\"ListItem\",\"position\":1,\"name\":\"Home\",\"item\":\"https:\/\/www.bhakademiker.org\/\"},{\"@type\":\"ListItem\",\"position\":2,\"name\":\"\u00dcber uns\"}]},{\"@type\":\"WebSite\",\"@id\":\"https:\/\/www.bhakademiker.org\/bs\/#website\",\"url\":\"https:\/\/www.bhakademiker.org\/bs\/\",\"name\":\"Gesellschaft Bosnischer Akademiker\",\"description\":\"\",\"publisher\":{\"@id\":\"https:\/\/www.bhakademiker.org\/bs\/#organization\"},\"potentialAction\":[{\"@type\":\"SearchAction\",\"target\":{\"@type\":\"EntryPoint\",\"urlTemplate\":\"https:\/\/www.bhakademiker.org\/bs\/?s={search_term_string}\"},\"query-input\":\"required name=search_term_string\"}],\"inLanguage\":\"de\"},{\"@type\":\"Organization\",\"@id\":\"https:\/\/www.bhakademiker.org\/bs\/#organization\",\"name\":\"Gesellschaft Bosnischer Akademiker in \u00d6sterreich\",\"url\":\"https:\/\/www.bhakademiker.org\/bs\/\",\"logo\":{\"@type\":\"ImageObject\",\"inLanguage\":\"de\",\"@id\":\"https:\/\/www.bhakademiker.org\/bs\/#\/schema\/logo\/image\/\",\"url\":\"https:\/\/www.bhakademiker.org\/wp-content\/uploads\/2022\/01\/featured-GBAA.png\",\"contentUrl\":\"https:\/\/www.bhakademiker.org\/wp-content\/uploads\/2022\/01\/featured-GBAA.png\",\"width\":1200,\"height\":630,\"caption\":\"Gesellschaft Bosnischer Akademiker in \u00d6sterreich\"},\"image\":{\"@id\":\"https:\/\/www.bhakademiker.org\/bs\/#\/schema\/logo\/image\/\"}}]}<\/script>\n<!-- \/ Yoast SEO plugin. -->","yoast_head_json":{"title":"\u00dcber uns - Gesellschaft Bosnischer Akademiker","description":"\u00dcber die Gesellschaft Bosnischer Akademiker in \u00d6sterreich, ihre Gr\u00fcndung, Ziele und Ehrenmitglieder.","robots":{"index":"index","follow":"follow","max-snippet":"max-snippet:-1","max-image-preview":"max-image-preview:large","max-video-preview":"max-video-preview:-1"},"canonical":"https:\/\/www.bhakademiker.org\/de\/ueber-uns\/","og_locale":"de_DE","og_type":"article","og_title":"\u00dcber uns | O nama","og_description":"\u00dcber die Gesellschaft Bosnischer Akademiker in \u00d6sterreich, ihre Gr\u00fcndung, Ziele und Ehrenmitglieder.","og_url":"https:\/\/www.bhakademiker.org\/de\/ueber-uns\/","og_site_name":"Gesellschaft Bosnischer Akademiker","article_modified_time":"2025-12-09T11:49:16+00:00","og_image":[{"width":1200,"height":630,"url":"https:\/\/www.bhakademiker.org\/wp-content\/uploads\/2022\/01\/featured-GBAA.png","type":"image\/png"}],"twitter_card":"summary_large_image","twitter_title":"\u00dcber uns | O nama","twitter_description":"\u00dcber die Gesellschaft Bosnischer Akademiker in \u00d6sterreich, ihre Gr\u00fcndung, Ziele und Ehrenmitglieder.","twitter_image":"https:\/\/www.bhakademiker.org\/wp-content\/uploads\/2022\/01\/featured-GBAA.png","twitter_misc":{"Gesch\u00e4tzte Lesezeit":"12\u00a0Minuten"},"schema":{"@context":"https:\/\/schema.org","@graph":[{"@type":"WebPage","@id":"https:\/\/www.bhakademiker.org\/ueber-uns\/","url":"https:\/\/www.bhakademiker.org\/ueber-uns\/","name":"\u00dcber uns - Gesellschaft Bosnischer Akademiker","isPartOf":{"@id":"https:\/\/www.bhakademiker.org\/bs\/#website"},"datePublished":"2024-06-26T19:00:38+00:00","dateModified":"2025-12-09T11:49:16+00:00","description":"\u00dcber die Gesellschaft Bosnischer Akademiker in \u00d6sterreich, ihre Gr\u00fcndung, Ziele und Ehrenmitglieder.","breadcrumb":{"@id":"https:\/\/www.bhakademiker.org\/ueber-uns\/#breadcrumb"},"inLanguage":"de","potentialAction":[{"@type":"ReadAction","target":["https:\/\/www.bhakademiker.org\/ueber-uns\/"]}]},{"@type":"BreadcrumbList","@id":"https:\/\/www.bhakademiker.org\/ueber-uns\/#breadcrumb","itemListElement":[{"@type":"ListItem","position":1,"name":"Home","item":"https:\/\/www.bhakademiker.org\/"},{"@type":"ListItem","position":2,"name":"\u00dcber uns"}]},{"@type":"WebSite","@id":"https:\/\/www.bhakademiker.org\/bs\/#website","url":"https:\/\/www.bhakademiker.org\/bs\/","name":"Gesellschaft Bosnischer Akademiker","description":"","publisher":{"@id":"https:\/\/www.bhakademiker.org\/bs\/#organization"},"potentialAction":[{"@type":"SearchAction","target":{"@type":"EntryPoint","urlTemplate":"https:\/\/www.bhakademiker.org\/bs\/?s={search_term_string}"},"query-input":"required name=search_term_string"}],"inLanguage":"de"},{"@type":"Organization","@id":"https:\/\/www.bhakademiker.org\/bs\/#organization","name":"Gesellschaft Bosnischer Akademiker in \u00d6sterreich","url":"https:\/\/www.bhakademiker.org\/bs\/","logo":{"@type":"ImageObject","inLanguage":"de","@id":"https:\/\/www.bhakademiker.org\/bs\/#\/schema\/logo\/image\/","url":"https:\/\/www.bhakademiker.org\/wp-content\/uploads\/2022\/01\/featured-GBAA.png","contentUrl":"https:\/\/www.bhakademiker.org\/wp-content\/uploads\/2022\/01\/featured-GBAA.png","width":1200,"height":630,"caption":"Gesellschaft Bosnischer Akademiker in \u00d6sterreich"},"image":{"@id":"https:\/\/www.bhakademiker.org\/bs\/#\/schema\/logo\/image\/"}}]}},"_links":{"self":[{"href":"https:\/\/www.bhakademiker.org\/de\/wp-json\/wp\/v2\/pages\/1631","targetHints":{"allow":["GET"]}}],"collection":[{"href":"https:\/\/www.bhakademiker.org\/de\/wp-json\/wp\/v2\/pages"}],"about":[{"href":"https:\/\/www.bhakademiker.org\/de\/wp-json\/wp\/v2\/types\/page"}],"author":[{"embeddable":true,"href":"https:\/\/www.bhakademiker.org\/de\/wp-json\/wp\/v2\/users\/1"}],"replies":[{"embeddable":true,"href":"https:\/\/www.bhakademiker.org\/de\/wp-json\/wp\/v2\/comments?post=1631"}],"version-history":[{"count":10,"href":"https:\/\/www.bhakademiker.org\/de\/wp-json\/wp\/v2\/pages\/1631\/revisions"}],"predecessor-version":[{"id":4051,"href":"https:\/\/www.bhakademiker.org\/de\/wp-json\/wp\/v2\/pages\/1631\/revisions\/4051"}],"wp:attachment":[{"href":"https:\/\/www.bhakademiker.org\/de\/wp-json\/wp\/v2\/media?parent=1631"}],"curies":[{"name":"wp","href":"https:\/\/api.w.org\/{rel}","templated":true}]}}