{"id":3096,"date":"2024-03-12T16:00:52","date_gmt":"2024-03-12T15:00:52","guid":{"rendered":"https:\/\/www.bhakademiker.org\/?page_id=3096"},"modified":"2025-10-14T15:12:19","modified_gmt":"2025-10-14T13:12:19","slug":"gewinner-der-studentenpreise-von-2019-heute","status":"publish","type":"page","link":"https:\/\/www.bhakademiker.org\/de\/gewinner-der-studentenpreise-von-2019-heute\/","title":{"rendered":"Gewinner der Studentenpreise (von 2019 &#8211; heute)"},"content":{"rendered":"<div class=\"vc_row wpb_row row\"><div class=\"wpb_column vc_column_container vc_col-sm-12\"><div class=\"vc_column-inner\"><div class=\"wpb_wrapper\"><div class=\"vc_separator wpb_content_element vc_separator_align_center vc_sep_width_100 vc_sep_shadow vc_sep_border_width_2 vc_sep_pos_align_center vc_separator_no_text vc_sep_color_sky\" ><span class=\"vc_sep_holder vc_sep_holder_l\"><span  class=\"vc_sep_line\"><\/span><\/span><span class=\"vc_sep_holder vc_sep_holder_r\"><span  class=\"vc_sep_line\"><\/span><\/span>\r\n<\/div><\/div><\/div><\/div><\/div><div class=\"vc_row wpb_row row\"><div class=\"wpb_column vc_column_container vc_col-sm-12\"><div class=\"vc_column-inner\"><div class=\"wpb_wrapper\">\n\t<div class=\"wpb_text_column wpb_content_element \" >\n\t\t<div class=\"wpb_wrapper\">\n\t\t\t<h1 style=\"text-align: center;\">Studierende des Jahres 2025<\/h1>\n\n\t\t<\/div>\n\t<\/div>\n<\/div><\/div><\/div><\/div><div class=\"vc_row wpb_row row vc_row-o-content-middle vc_row-flex\"><div class=\"wpb_column vc_column_container vc_col-sm-6\"><div class=\"vc_column-inner\"><div class=\"wpb_wrapper\">\n\t<div class=\"wpb_text_column wpb_content_element \" >\n\t\t<div class=\"wpb_wrapper\">\n\t\t\t<h1>Jasmina D\u017eani\u0107<\/h1>\n<p>bester Notendurchschnitt eines Masterstudiums in \u00d6sterreich (Geistes-, Kultur- und Sozialwissenschaften)<\/p>\n\n\t\t<\/div>\n\t<\/div>\n<\/div><\/div><\/div><div class=\"wpb_column vc_column_container vc_col-sm-6\"><div class=\"vc_column-inner\"><div class=\"wpb_wrapper\">\r\n\t<div  class=\"wpb_single_image wpb_content_element vc_align_left\">\r\n\t\t\r\n\t\t<figure class=\"wpb_wrapper vc_figure\">\r\n\t\t\t<div class=\"vc_single_image-wrapper   vc_box_border_grey\"><img fetchpriority=\"high\" decoding=\"async\" class=\"vc_single_image-img \" src=\"https:\/\/www.bhakademiker.org\/wp-content\/uploads\/2025\/10\/Bild10-400x400.png\" width=\"400\" height=\"400\" alt=\"Bild10\" title=\"Bild10\" \/><\/div>\r\n\t\t<\/figure>\r\n\t<\/div>\r\n<\/div><\/div><\/div><\/div><div class=\"vc_row wpb_row row vc_row-o-content-middle vc_row-flex\"><div class=\"wpb_column vc_column_container vc_col-sm-6\"><div class=\"vc_column-inner\"><div class=\"wpb_wrapper\">\n\t<div class=\"wpb_text_column wpb_content_element \" >\n\t\t<div class=\"wpb_wrapper\">\n\t\t\t<h1>Nejla Mahmutovi\u0107<\/h1>\n<p>bester Notendurchschnitt eines Masterstudiums in \u00d6sterreich (Geistes-, Kultur- und Sozialwissenschaften)<\/p>\n\n\t\t<\/div>\n\t<\/div>\n<\/div><\/div><\/div><div class=\"wpb_column vc_column_container vc_col-sm-6\"><div class=\"vc_column-inner\"><div class=\"wpb_wrapper\">\r\n\t<div  class=\"wpb_single_image wpb_content_element vc_align_left\">\r\n\t\t\r\n\t\t<figure class=\"wpb_wrapper vc_figure\">\r\n\t\t\t<div class=\"vc_single_image-wrapper   vc_box_border_grey\"><img decoding=\"async\" class=\"vc_single_image-img \" src=\"https:\/\/www.bhakademiker.org\/wp-content\/uploads\/2025\/10\/Bild9-400x400.png\" width=\"400\" height=\"400\" alt=\"Bild9\" title=\"Bild9\" \/><\/div>\r\n\t\t<\/figure>\r\n\t<\/div>\r\n<\/div><\/div><\/div><\/div><div class=\"vc_row wpb_row row vc_row-o-content-middle vc_row-flex\"><div class=\"wpb_column vc_column_container vc_col-sm-6\"><div class=\"vc_column-inner\"><div class=\"wpb_wrapper\">\n\t<div class=\"wpb_text_column wpb_content_element \" >\n\t\t<div class=\"wpb_wrapper\">\n\t\t\t<h1>Adnan Arnautovi\u0107<\/h1>\n<p>bester Notendurchschnitt eines Masterstudiums in \u00d6sterreich (Naturwissenschaften)<\/p>\n\n\t\t<\/div>\n\t<\/div>\n<\/div><\/div><\/div><div class=\"wpb_column vc_column_container vc_col-sm-6\"><div class=\"vc_column-inner\"><div class=\"wpb_wrapper\">\r\n\t<div  class=\"wpb_single_image wpb_content_element vc_align_left\">\r\n\t\t\r\n\t\t<figure class=\"wpb_wrapper vc_figure\">\r\n\t\t\t<div class=\"vc_single_image-wrapper   vc_box_border_grey\"><img decoding=\"async\" class=\"vc_single_image-img \" src=\"https:\/\/www.bhakademiker.org\/wp-content\/uploads\/2025\/10\/Bild8-400x400.png\" width=\"400\" height=\"400\" alt=\"Bild8\" title=\"Bild8\" \/><\/div>\r\n\t\t<\/figure>\r\n\t<\/div>\r\n<\/div><\/div><\/div><\/div><div class=\"vc_row wpb_row row vc_row-o-content-middle vc_row-flex\"><div class=\"wpb_column vc_column_container vc_col-sm-6\"><div class=\"vc_column-inner\"><div class=\"wpb_wrapper\">\n\t<div class=\"wpb_text_column wpb_content_element \" >\n\t\t<div class=\"wpb_wrapper\">\n\t\t\t<h1>D\u017eenana Gazibegovi\u0107<\/h1>\n<p>bester Notendurchschnitt eines Masterstudiums in \u00d6sterreich (Naturwissenschaften)<\/p>\n\n\t\t<\/div>\n\t<\/div>\n<\/div><\/div><\/div><div class=\"wpb_column vc_column_container vc_col-sm-6\"><div class=\"vc_column-inner\"><div class=\"wpb_wrapper\">\r\n\t<div  class=\"wpb_single_image wpb_content_element vc_align_left\">\r\n\t\t\r\n\t\t<figure class=\"wpb_wrapper vc_figure\">\r\n\t\t\t<div class=\"vc_single_image-wrapper   vc_box_border_grey\"><img loading=\"lazy\" decoding=\"async\" class=\"vc_single_image-img \" src=\"https:\/\/www.bhakademiker.org\/wp-content\/uploads\/2025\/10\/Bild7-400x400.png\" width=\"400\" height=\"400\" alt=\"Bild7\" title=\"Bild7\" \/><\/div>\r\n\t\t<\/figure>\r\n\t<\/div>\r\n<\/div><\/div><\/div><\/div><div class=\"vc_row wpb_row row vc_row-o-content-middle vc_row-flex\"><div class=\"wpb_column vc_column_container vc_col-sm-6\"><div class=\"vc_column-inner\"><div class=\"wpb_wrapper\">\n\t<div class=\"wpb_text_column wpb_content_element \" >\n\t\t<div class=\"wpb_wrapper\">\n\t\t\t<h1>Dejana Paponjak<\/h1>\n<p>bester Notendurchschnitt eines Masterstudiums in \u00d6sterreich (Naturwissenschaften)<\/p>\n\n\t\t<\/div>\n\t<\/div>\n<\/div><\/div><\/div><div class=\"wpb_column vc_column_container vc_col-sm-6\"><div class=\"vc_column-inner\"><div class=\"wpb_wrapper\">\r\n\t<div  class=\"wpb_single_image wpb_content_element vc_align_left\">\r\n\t\t\r\n\t\t<figure class=\"wpb_wrapper vc_figure\">\r\n\t\t\t<div class=\"vc_single_image-wrapper   vc_box_border_grey\"><img loading=\"lazy\" decoding=\"async\" class=\"vc_single_image-img \" src=\"https:\/\/www.bhakademiker.org\/wp-content\/uploads\/2025\/10\/Bild6-400x400.png\" width=\"400\" height=\"400\" alt=\"Bild6\" title=\"Bild6\" \/><\/div>\r\n\t\t<\/figure>\r\n\t<\/div>\r\n<\/div><\/div><\/div><\/div><div class=\"vc_row wpb_row row vc_row-o-content-middle vc_row-flex\"><div class=\"wpb_column vc_column_container vc_col-sm-6\"><div class=\"vc_column-inner\"><div class=\"wpb_wrapper\">\n\t<div class=\"wpb_text_column wpb_content_element \" >\n\t\t<div class=\"wpb_wrapper\">\n\t\t\t<h1>Alen Sara\u010devi\u0107<\/h1>\n<p>Beste Noten der ersten drei Studienjahre in \u00d6sterreich bei einem Studium mit einer Dauer von vier oder mehr Jahren.<\/p>\n\n\t\t<\/div>\n\t<\/div>\n<\/div><\/div><\/div><div class=\"wpb_column vc_column_container vc_col-sm-6\"><div class=\"vc_column-inner\"><div class=\"wpb_wrapper\">\r\n\t<div  class=\"wpb_single_image wpb_content_element vc_align_left\">\r\n\t\t\r\n\t\t<figure class=\"wpb_wrapper vc_figure\">\r\n\t\t\t<div class=\"vc_single_image-wrapper   vc_box_border_grey\"><img loading=\"lazy\" decoding=\"async\" class=\"vc_single_image-img \" src=\"https:\/\/www.bhakademiker.org\/wp-content\/uploads\/2025\/10\/Bild5-400x400.png\" width=\"400\" height=\"400\" alt=\"Bild5\" title=\"Bild5\" \/><\/div>\r\n\t\t<\/figure>\r\n\t<\/div>\r\n<\/div><\/div><\/div><\/div><div class=\"vc_row wpb_row row vc_row-o-content-middle vc_row-flex\"><div class=\"wpb_column vc_column_container vc_col-sm-6\"><div class=\"vc_column-inner\"><div class=\"wpb_wrapper\">\n\t<div class=\"wpb_text_column wpb_content_element \" >\n\t\t<div class=\"wpb_wrapper\">\n\t\t\t<h1>Edin \u010cau\u0161evi\u0107<\/h1>\n<p>bester Notendurchschnitt eines Bachelorstudiums in Bosnien mit der Inskription f\u00fcr ein Masterstudium in \u00d6sterreich.<\/p>\n\n\t\t<\/div>\n\t<\/div>\n<\/div><\/div><\/div><div class=\"wpb_column vc_column_container vc_col-sm-6\"><div class=\"vc_column-inner\"><div class=\"wpb_wrapper\">\r\n\t<div  class=\"wpb_single_image wpb_content_element vc_align_left\">\r\n\t\t\r\n\t\t<figure class=\"wpb_wrapper vc_figure\">\r\n\t\t\t<div class=\"vc_single_image-wrapper   vc_box_border_grey\"><img loading=\"lazy\" decoding=\"async\" class=\"vc_single_image-img \" src=\"https:\/\/www.bhakademiker.org\/wp-content\/uploads\/2025\/10\/Bild4-400x400.png\" width=\"400\" height=\"400\" alt=\"Bild4\" title=\"Bild4\" \/><\/div>\r\n\t\t<\/figure>\r\n\t<\/div>\r\n<\/div><\/div><\/div><\/div><div class=\"vc_row wpb_row row vc_row-o-content-middle vc_row-flex\"><div class=\"wpb_column vc_column_container vc_col-sm-6\"><div class=\"vc_column-inner\"><div class=\"wpb_wrapper\">\n\t<div class=\"wpb_text_column wpb_content_element \" >\n\t\t<div class=\"wpb_wrapper\">\n\t\t\t<h1>Radojka Ivkovi\u0107<\/h1>\n<p>bester Notendurchschnitt eines Bachelorstudiums in \u00d6sterreich (Naturwissenschaften)<\/p>\n\n\t\t<\/div>\n\t<\/div>\n<\/div><\/div><\/div><div class=\"wpb_column vc_column_container vc_col-sm-6\"><div class=\"vc_column-inner\"><div class=\"wpb_wrapper\">\r\n\t<div  class=\"wpb_single_image wpb_content_element vc_align_left\">\r\n\t\t\r\n\t\t<figure class=\"wpb_wrapper vc_figure\">\r\n\t\t\t<div class=\"vc_single_image-wrapper   vc_box_border_grey\"><img loading=\"lazy\" decoding=\"async\" class=\"vc_single_image-img \" src=\"https:\/\/www.bhakademiker.org\/wp-content\/uploads\/2025\/10\/Bild3-400x400.png\" width=\"400\" height=\"400\" alt=\"Bild3\" title=\"Bild3\" \/><\/div>\r\n\t\t<\/figure>\r\n\t<\/div>\r\n<\/div><\/div><\/div><\/div><div class=\"vc_row wpb_row row vc_row-o-content-middle vc_row-flex\"><div class=\"wpb_column vc_column_container vc_col-sm-6\"><div class=\"vc_column-inner\"><div class=\"wpb_wrapper\">\n\t<div class=\"wpb_text_column wpb_content_element \" >\n\t\t<div class=\"wpb_wrapper\">\n\t\t\t<h1>Iva Amid\u017ei\u0107<\/h1>\n<p>bester Notendurchschnitt eines Bachelorstudiums in \u00d6sterreich (Naturwissenschaften)<\/p>\n\n\t\t<\/div>\n\t<\/div>\n<\/div><\/div><\/div><div class=\"wpb_column vc_column_container vc_col-sm-6\"><div class=\"vc_column-inner\"><div class=\"wpb_wrapper\">\r\n\t<div  class=\"wpb_single_image wpb_content_element vc_align_left\">\r\n\t\t\r\n\t\t<figure class=\"wpb_wrapper vc_figure\">\r\n\t\t\t<div class=\"vc_single_image-wrapper   vc_box_border_grey\"><img loading=\"lazy\" decoding=\"async\" class=\"vc_single_image-img \" src=\"https:\/\/www.bhakademiker.org\/wp-content\/uploads\/2025\/10\/Bild2-400x400.png\" width=\"400\" height=\"400\" alt=\"Bild2\" title=\"Bild2\" \/><\/div>\r\n\t\t<\/figure>\r\n\t<\/div>\r\n<\/div><\/div><\/div><\/div><div class=\"vc_row wpb_row row vc_row-o-content-middle vc_row-flex\"><div class=\"wpb_column vc_column_container vc_col-sm-6\"><div class=\"vc_column-inner\"><div class=\"wpb_wrapper\">\n\t<div class=\"wpb_text_column wpb_content_element \" >\n\t\t<div class=\"wpb_wrapper\">\n\t\t\t<h1>Ishak Sijamhod\u017ei\u0107<\/h1>\n<p>bester Notendurchschnitt eines Bachelorstudiums in \u00d6sterreich (Naturwissenschaften)<\/p>\n\n\t\t<\/div>\n\t<\/div>\n<\/div><\/div><\/div><div class=\"wpb_column vc_column_container vc_col-sm-6\"><div class=\"vc_column-inner\"><div class=\"wpb_wrapper\">\r\n\t<div  class=\"wpb_single_image wpb_content_element vc_align_left\">\r\n\t\t\r\n\t\t<figure class=\"wpb_wrapper vc_figure\">\r\n\t\t\t<div class=\"vc_single_image-wrapper   vc_box_border_grey\"><img loading=\"lazy\" decoding=\"async\" class=\"vc_single_image-img \" src=\"https:\/\/www.bhakademiker.org\/wp-content\/uploads\/2025\/10\/Bild1-400x400.png\" width=\"400\" height=\"400\" alt=\"Bild1\" title=\"Bild1\" \/><\/div>\r\n\t\t<\/figure>\r\n\t<\/div>\r\n<\/div><\/div><\/div><\/div><div class=\"vc_row wpb_row row\"><div class=\"wpb_column vc_column_container vc_col-sm-12\"><div class=\"vc_column-inner\"><div class=\"wpb_wrapper\"><div class=\"vc_separator wpb_content_element vc_separator_align_center vc_sep_width_100 vc_sep_shadow vc_sep_border_width_2 vc_sep_pos_align_center vc_separator_no_text vc_sep_color_sky\" ><span class=\"vc_sep_holder vc_sep_holder_l\"><span  class=\"vc_sep_line\"><\/span><\/span><span class=\"vc_sep_holder vc_sep_holder_r\"><span  class=\"vc_sep_line\"><\/span><\/span>\r\n<\/div><\/div><\/div><\/div><\/div><div class=\"vc_row wpb_row row\"><div class=\"wpb_column vc_column_container vc_col-sm-12\"><div class=\"vc_column-inner\"><div class=\"wpb_wrapper\">\n\t<div class=\"wpb_text_column wpb_content_element \" >\n\t\t<div class=\"wpb_wrapper\">\n\t\t\t<h1 style=\"text-align: center;\">Studierende des Jahres 2024<\/h1>\n\n\t\t<\/div>\n\t<\/div>\n<\/div><\/div><\/div><\/div><div class=\"vc_row wpb_row row vc_row-o-content-middle vc_row-flex\"><div class=\"wpb_column vc_column_container vc_col-sm-6\"><div class=\"vc_column-inner\"><div class=\"wpb_wrapper\">\n\t<div class=\"wpb_text_column wpb_content_element \" >\n\t\t<div class=\"wpb_wrapper\">\n\t\t\t<h1>Selma Hod\u017ei\u0107<\/h1>\n<p>bester Notendurchschnitt eines Masterstudiums in \u00d6sterreich (Geistes-, Kultur- und Sozialwissenschaften)<\/p>\n\n\t\t<\/div>\n\t<\/div>\n<\/div><\/div><\/div><div class=\"wpb_column vc_column_container vc_col-sm-6\"><div class=\"vc_column-inner\"><div class=\"wpb_wrapper\">\r\n\t<div  class=\"wpb_single_image wpb_content_element vc_align_left\">\r\n\t\t\r\n\t\t<figure class=\"wpb_wrapper vc_figure\">\r\n\t\t\t<div class=\"vc_single_image-wrapper   vc_box_border_grey\"><img loading=\"lazy\" decoding=\"async\" class=\"vc_single_image-img \" src=\"https:\/\/www.bhakademiker.org\/wp-content\/uploads\/2024\/12\/Bild1-400x400.png\" width=\"400\" height=\"400\" alt=\"Bild1\" title=\"Bild1\" \/><\/div>\r\n\t\t<\/figure>\r\n\t<\/div>\r\n<\/div><\/div><\/div><\/div><div class=\"vc_row wpb_row row vc_row-o-content-middle vc_row-flex\"><div class=\"wpb_column vc_column_container vc_col-sm-6\"><div class=\"vc_column-inner\"><div class=\"wpb_wrapper\">\n\t<div class=\"wpb_text_column wpb_content_element \" >\n\t\t<div class=\"wpb_wrapper\">\n\t\t\t<h1>Emina Tuzlakovi\u0107<\/h1>\n<p>bester Notendurchschnitt eines Bachelorstudiums in \u00d6sterreich (Geistes-, Kultur- und Sozialwissenschaften)<\/p>\n\n\t\t<\/div>\n\t<\/div>\n<\/div><\/div><\/div><div class=\"wpb_column vc_column_container vc_col-sm-6\"><div class=\"vc_column-inner\"><div class=\"wpb_wrapper\">\r\n\t<div  class=\"wpb_single_image wpb_content_element vc_align_left\">\r\n\t\t\r\n\t\t<figure class=\"wpb_wrapper vc_figure\">\r\n\t\t\t<div class=\"vc_single_image-wrapper   vc_box_border_grey\"><img loading=\"lazy\" decoding=\"async\" class=\"vc_single_image-img \" src=\"https:\/\/www.bhakademiker.org\/wp-content\/uploads\/2024\/12\/Bild2-400x400.webp\" width=\"400\" height=\"400\" alt=\"Bild2\" title=\"Bild2\" \/><\/div>\r\n\t\t<\/figure>\r\n\t<\/div>\r\n<\/div><\/div><\/div><\/div><div class=\"vc_row wpb_row row vc_row-o-content-middle vc_row-flex\"><div class=\"wpb_column vc_column_container vc_col-sm-6\"><div class=\"vc_column-inner\"><div class=\"wpb_wrapper\">\n\t<div class=\"wpb_text_column wpb_content_element \" >\n\t\t<div class=\"wpb_wrapper\">\n\t\t\t<h1>Sa\u0161a Glamo\u010dak<\/h1>\n<p>bester Notendurchschnitt eines Masterstudiums in \u00d6sterreich (Naturwissenschaften)<\/p>\n\n\t\t<\/div>\n\t<\/div>\n<\/div><\/div><\/div><div class=\"wpb_column vc_column_container vc_col-sm-6\"><div class=\"vc_column-inner\"><div class=\"wpb_wrapper\">\r\n\t<div  class=\"wpb_single_image wpb_content_element vc_align_left\">\r\n\t\t\r\n\t\t<figure class=\"wpb_wrapper vc_figure\">\r\n\t\t\t<div class=\"vc_single_image-wrapper   vc_box_border_grey\"><img loading=\"lazy\" decoding=\"async\" class=\"vc_single_image-img \" src=\"https:\/\/www.bhakademiker.org\/wp-content\/uploads\/2024\/12\/Bild3-400x400.webp\" width=\"400\" height=\"400\" alt=\"Bild3\" title=\"Bild3\" \/><\/div>\r\n\t\t<\/figure>\r\n\t<\/div>\r\n<\/div><\/div><\/div><\/div><div class=\"vc_row wpb_row row vc_row-o-content-middle vc_row-flex\"><div class=\"wpb_column vc_column_container vc_col-sm-6\"><div class=\"vc_column-inner\"><div class=\"wpb_wrapper\">\n\t<div class=\"wpb_text_column wpb_content_element \" >\n\t\t<div class=\"wpb_wrapper\">\n\t\t\t<h1>Fejsal Perva<\/h1>\n<p>bester Notendurchschnitt eines Masterstudiums in \u00d6sterreich (Naturwissenschaften)<\/p>\n\n\t\t<\/div>\n\t<\/div>\n<\/div><\/div><\/div><div class=\"wpb_column vc_column_container vc_col-sm-6\"><div class=\"vc_column-inner\"><div class=\"wpb_wrapper\">\r\n\t<div  class=\"wpb_single_image wpb_content_element vc_align_left\">\r\n\t\t\r\n\t\t<figure class=\"wpb_wrapper vc_figure\">\r\n\t\t\t<div class=\"vc_single_image-wrapper   vc_box_border_grey\"><img loading=\"lazy\" decoding=\"async\" class=\"vc_single_image-img \" src=\"https:\/\/www.bhakademiker.org\/wp-content\/uploads\/2024\/12\/Bild4-400x400.webp\" width=\"400\" height=\"400\" alt=\"Bild4\" title=\"Bild4\" \/><\/div>\r\n\t\t<\/figure>\r\n\t<\/div>\r\n<\/div><\/div><\/div><\/div><div class=\"vc_row wpb_row row vc_row-o-content-middle vc_row-flex\"><div class=\"wpb_column vc_column_container vc_col-sm-6\"><div class=\"vc_column-inner\"><div class=\"wpb_wrapper\">\n\t<div class=\"wpb_text_column wpb_content_element \" >\n\t\t<div class=\"wpb_wrapper\">\n\t\t\t<h1>Naida Nozi\u0107<\/h1>\n<p>bester Notendurchschnitt eines Bachelorstudiums in Bosnien mit der Inskription f\u00fcr ein Masterstudium in \u00d6sterreich<\/p>\n\n\t\t<\/div>\n\t<\/div>\n<\/div><\/div><\/div><div class=\"wpb_column vc_column_container vc_col-sm-6\"><div class=\"vc_column-inner\"><div class=\"wpb_wrapper\">\r\n\t<div  class=\"wpb_single_image wpb_content_element vc_align_left\">\r\n\t\t\r\n\t\t<figure class=\"wpb_wrapper vc_figure\">\r\n\t\t\t<div class=\"vc_single_image-wrapper   vc_box_border_grey\"><img loading=\"lazy\" decoding=\"async\" class=\"vc_single_image-img \" src=\"https:\/\/www.bhakademiker.org\/wp-content\/uploads\/2024\/12\/Bild5-400x400.webp\" width=\"400\" height=\"400\" alt=\"Bild5\" title=\"Bild5\" \/><\/div>\r\n\t\t<\/figure>\r\n\t<\/div>\r\n<\/div><\/div><\/div><\/div><div class=\"vc_row wpb_row row vc_row-o-content-middle vc_row-flex\"><div class=\"wpb_column vc_column_container vc_col-sm-6\"><div class=\"vc_column-inner\"><div class=\"wpb_wrapper\">\n\t<div class=\"wpb_text_column wpb_content_element \" >\n\t\t<div class=\"wpb_wrapper\">\n\t\t\t<h1>David Josipovi\u0107<\/h1>\n<p>bester Notendurchschnitt eines Bachelorstudiums in \u00d6sterreich (Naturwissenschaften)<\/p>\n\n\t\t<\/div>\n\t<\/div>\n<\/div><\/div><\/div><div class=\"wpb_column vc_column_container vc_col-sm-6\"><div class=\"vc_column-inner\"><div class=\"wpb_wrapper\">\r\n\t<div  class=\"wpb_single_image wpb_content_element vc_align_left\">\r\n\t\t\r\n\t\t<figure class=\"wpb_wrapper vc_figure\">\r\n\t\t\t<div class=\"vc_single_image-wrapper   vc_box_border_grey\"><img loading=\"lazy\" decoding=\"async\" class=\"vc_single_image-img \" src=\"https:\/\/www.bhakademiker.org\/wp-content\/uploads\/2024\/12\/Bild6-400x400.webp\" width=\"400\" height=\"400\" alt=\"Bild6\" title=\"Bild6\" \/><\/div>\r\n\t\t<\/figure>\r\n\t<\/div>\r\n<\/div><\/div><\/div><\/div><div class=\"vc_row wpb_row row\"><div class=\"wpb_column vc_column_container vc_col-sm-12\"><div class=\"vc_column-inner\"><div class=\"wpb_wrapper\"><div class=\"vc_separator wpb_content_element vc_separator_align_center vc_sep_width_100 vc_sep_shadow vc_sep_border_width_2 vc_sep_pos_align_center vc_separator_no_text vc_sep_color_sky\" ><span class=\"vc_sep_holder vc_sep_holder_l\"><span  class=\"vc_sep_line\"><\/span><\/span><span class=\"vc_sep_holder vc_sep_holder_r\"><span  class=\"vc_sep_line\"><\/span><\/span>\r\n<\/div><\/div><\/div><\/div><\/div><div class=\"vc_row wpb_row row\"><div class=\"wpb_column vc_column_container vc_col-sm-12\"><div class=\"vc_column-inner\"><div class=\"wpb_wrapper\">\n\t<div class=\"wpb_text_column wpb_content_element \" >\n\t\t<div class=\"wpb_wrapper\">\n\t\t\t<h1 style=\"text-align: center;\">Studierende des Jahres 2023<\/h1>\n\n\t\t<\/div>\n\t<\/div>\n<\/div><\/div><\/div><\/div><div class=\"vc_row wpb_row row vc_row-o-content-middle vc_row-flex\"><div class=\"wpb_column vc_column_container vc_col-sm-6\"><div class=\"vc_column-inner\"><div class=\"wpb_wrapper\">\n\t<div class=\"wpb_text_column wpb_content_element \" >\n\t\t<div class=\"wpb_wrapper\">\n\t\t\t<h1>Ned\u017ema Alijagi\u0107<\/h1>\n<p>bester Notendurchschnitt eines Bachelorstudiums in Bosnien mit der Inskription f\u00fcr ein Masterstudium in \u00d6sterreich<\/p>\n\n\t\t<\/div>\n\t<\/div>\n<\/div><\/div><\/div><div class=\"wpb_column vc_column_container vc_col-sm-6\"><div class=\"vc_column-inner\"><div class=\"wpb_wrapper\">\r\n\t<div  class=\"wpb_single_image wpb_content_element vc_align_left\">\r\n\t\t\r\n\t\t<figure class=\"wpb_wrapper vc_figure\">\r\n\t\t\t<div class=\"vc_single_image-wrapper   vc_box_border_grey\"><img loading=\"lazy\" decoding=\"async\" class=\"vc_single_image-img \" src=\"https:\/\/www.bhakademiker.org\/wp-content\/uploads\/2024\/03\/Fotografija-Alijagic-Nedzma-400x400.jpg\" width=\"400\" height=\"400\" alt=\"Fotografija - Alijagic Nedzma\" title=\"Fotografija - Alijagic Nedzma\" \/><\/div>\r\n\t\t<\/figure>\r\n\t<\/div>\r\n<\/div><\/div><\/div><\/div><div class=\"vc_row wpb_row row vc_row-o-content-middle vc_row-flex\"><div class=\"wpb_column vc_column_container vc_col-sm-6\"><div class=\"vc_column-inner\"><div class=\"wpb_wrapper\">\n\t<div class=\"wpb_text_column wpb_content_element \" >\n\t\t<div class=\"wpb_wrapper\">\n\t\t\t<h1>Mahir Kurtali\u0107<\/h1>\n<p>bester Notendurchschnitt eines Masterstudiums in \u00d6sterreich (Naturwissenschaften)<\/p>\n\n\t\t<\/div>\n\t<\/div>\n<\/div><\/div><\/div><div class=\"wpb_column vc_column_container vc_col-sm-6\"><div class=\"vc_column-inner\"><div class=\"wpb_wrapper\">\r\n\t<div  class=\"wpb_single_image wpb_content_element vc_align_left\">\r\n\t\t\r\n\t\t<figure class=\"wpb_wrapper vc_figure\">\r\n\t\t\t<div class=\"vc_single_image-wrapper   vc_box_border_grey\"><img loading=\"lazy\" decoding=\"async\" class=\"vc_single_image-img \" src=\"https:\/\/www.bhakademiker.org\/wp-content\/uploads\/2024\/03\/Mahir-Kurtalic-scaled-400x400.jpg\" width=\"400\" height=\"400\" alt=\"Mahir Kurtalic\" title=\"Mahir Kurtalic\" \/><\/div>\r\n\t\t<\/figure>\r\n\t<\/div>\r\n<\/div><\/div><\/div><\/div><div class=\"vc_row wpb_row row vc_row-o-content-middle vc_row-flex\"><div class=\"wpb_column vc_column_container vc_col-sm-6\"><div class=\"vc_column-inner\"><div class=\"wpb_wrapper\">\n\t<div class=\"wpb_text_column wpb_content_element \" >\n\t\t<div class=\"wpb_wrapper\">\n\t\t\t<h1>Dejana Paponjak<\/h1>\n<p>bester Notendurchschnitt eines Bachelorstudiums in \u00d6sterreich mit der Inskription f\u00fcr ein Masterstudium<\/p>\n\n\t\t<\/div>\n\t<\/div>\n<\/div><\/div><\/div><div class=\"wpb_column vc_column_container vc_col-sm-6\"><div class=\"vc_column-inner\"><div class=\"wpb_wrapper\">\r\n\t<div  class=\"wpb_single_image wpb_content_element vc_align_left\">\r\n\t\t\r\n\t\t<figure class=\"wpb_wrapper vc_figure\">\r\n\t\t\t<div class=\"vc_single_image-wrapper   vc_box_border_grey\"><img loading=\"lazy\" decoding=\"async\" class=\"vc_single_image-img \" src=\"https:\/\/www.bhakademiker.org\/wp-content\/uploads\/2024\/03\/dejana-paponjak-2-400x400.jpg\" width=\"400\" height=\"400\" alt=\"dejana paponjak (2)\" title=\"dejana paponjak (2)\" \/><\/div>\r\n\t\t<\/figure>\r\n\t<\/div>\r\n<\/div><\/div><\/div><\/div><div class=\"vc_row wpb_row row vc_row-o-content-middle vc_row-flex\"><div class=\"wpb_column vc_column_container vc_col-sm-6\"><div class=\"vc_column-inner\"><div class=\"wpb_wrapper\">\n\t<div class=\"wpb_text_column wpb_content_element \" >\n\t\t<div class=\"wpb_wrapper\">\n\t\t\t<h1>Leila \u0106avali\u0107<\/h1>\n<p>bester Notendurchschnitt eines Masterstudiums (Geistes-, Kultur- und Sozialwissenschaften)<\/p>\n\n\t\t<\/div>\n\t<\/div>\n<\/div><\/div><\/div><div class=\"wpb_column vc_column_container vc_col-sm-6\"><div class=\"vc_column-inner\"><div class=\"wpb_wrapper\">\r\n\t<div  class=\"wpb_single_image wpb_content_element vc_align_left\">\r\n\t\t\r\n\t\t<figure class=\"wpb_wrapper vc_figure\">\r\n\t\t\t<div class=\"vc_single_image-wrapper   vc_box_border_grey\"><img loading=\"lazy\" decoding=\"async\" class=\"vc_single_image-img \" src=\"https:\/\/www.bhakademiker.org\/wp-content\/uploads\/2025\/10\/Untitled-design-1-400x400.jpeg\" width=\"400\" height=\"400\" alt=\"Untitled design - 1\" title=\"Untitled design - 1\" \/><\/div>\r\n\t\t<\/figure>\r\n\t<\/div>\r\n<\/div><\/div><\/div><\/div><div class=\"vc_row wpb_row row\"><div class=\"wpb_column vc_column_container vc_col-sm-12\"><div class=\"vc_column-inner\"><div class=\"wpb_wrapper\"><div class=\"vc_separator wpb_content_element vc_separator_align_center vc_sep_width_100 vc_sep_shadow vc_sep_border_width_2 vc_sep_pos_align_center vc_separator_no_text vc_sep_color_sky\" ><span class=\"vc_sep_holder vc_sep_holder_l\"><span  class=\"vc_sep_line\"><\/span><\/span><span class=\"vc_sep_holder vc_sep_holder_r\"><span  class=\"vc_sep_line\"><\/span><\/span>\r\n<\/div><\/div><\/div><\/div><\/div><div class=\"vc_row wpb_row row\"><div class=\"wpb_column vc_column_container vc_col-sm-12\"><div class=\"vc_column-inner\"><div class=\"wpb_wrapper\">\n\t<div class=\"wpb_text_column wpb_content_element \" >\n\t\t<div class=\"wpb_wrapper\">\n\t\t\t<h1 style=\"text-align: center;\">Studierende des Jahres 2022<\/h1>\n\n\t\t<\/div>\n\t<\/div>\n<\/div><\/div><\/div><\/div><div class=\"vc_row wpb_row row vc_row-o-content-middle vc_row-flex\"><div class=\"wpb_column vc_column_container vc_col-sm-6\"><div class=\"vc_column-inner\"><div class=\"wpb_wrapper\">\n\t<div class=\"wpb_text_column wpb_content_element \" >\n\t\t<div class=\"wpb_wrapper\">\n\t\t\t<h1>Ajla Pleh<\/h1>\n<p>bester Notendurchschnitt eines Bachelorstudiums in Bosnien mit der Inskription f\u00fcr ein Masterstudium in \u00d6sterreich<\/p>\n\n\t\t<\/div>\n\t<\/div>\n<\/div><\/div><\/div><div class=\"wpb_column vc_column_container vc_col-sm-6\"><div class=\"vc_column-inner\"><div class=\"wpb_wrapper\">\r\n\t<div  class=\"wpb_single_image wpb_content_element vc_align_left\">\r\n\t\t\r\n\t\t<figure class=\"wpb_wrapper vc_figure\">\r\n\t\t\t<div class=\"vc_single_image-wrapper   vc_box_border_grey\"><img loading=\"lazy\" decoding=\"async\" class=\"vc_single_image-img \" src=\"https:\/\/www.bhakademiker.org\/wp-content\/uploads\/2024\/03\/Pleh_Ajla_photo.jpg\" width=\"256\" height=\"354\" alt=\"Pleh_Ajla_photo\" title=\"Pleh_Ajla_photo\" \/><\/div>\r\n\t\t<\/figure>\r\n\t<\/div>\r\n<\/div><\/div><\/div><\/div><div class=\"vc_row wpb_row row vc_row-o-content-middle vc_row-flex\"><div class=\"wpb_column vc_column_container vc_col-sm-6\"><div class=\"vc_column-inner\"><div class=\"wpb_wrapper\">\n\t<div class=\"wpb_text_column wpb_content_element \" >\n\t\t<div class=\"wpb_wrapper\">\n\t\t\t<h1>Armin Klimenta<\/h1>\n<p>bester Notendurchschnitt eines Masterstudiums in \u00d6sterreich<\/p>\n\n\t\t<\/div>\n\t<\/div>\n<\/div><\/div><\/div><div class=\"wpb_column vc_column_container vc_col-sm-6\"><div class=\"vc_column-inner\"><div class=\"wpb_wrapper\">\r\n\t<div  class=\"wpb_single_image wpb_content_element vc_align_left\">\r\n\t\t\r\n\t\t<figure class=\"wpb_wrapper vc_figure\">\r\n\t\t\t<div class=\"vc_single_image-wrapper   vc_box_border_grey\"><img loading=\"lazy\" decoding=\"async\" class=\"vc_single_image-img \" src=\"https:\/\/www.bhakademiker.org\/wp-content\/uploads\/2024\/03\/Armin-Klimenta-scaled-400x400.jpg\" width=\"400\" height=\"400\" alt=\"Armin Klimenta\" title=\"Armin Klimenta\" \/><\/div>\r\n\t\t<\/figure>\r\n\t<\/div>\r\n<\/div><\/div><\/div><\/div><div class=\"vc_row wpb_row row vc_row-o-content-middle vc_row-flex\"><div class=\"wpb_column vc_column_container vc_col-sm-6\"><div class=\"vc_column-inner\"><div class=\"wpb_wrapper\">\n\t<div class=\"wpb_text_column wpb_content_element \" >\n\t\t<div class=\"wpb_wrapper\">\n\t\t\t<h1>Azra Kapetanovi\u0107<\/h1>\n<p>bester Notendurchschnitt eines Masterstudiums in \u00d6sterreich<\/p>\n\n\t\t<\/div>\n\t<\/div>\n<\/div><\/div><\/div><div class=\"wpb_column vc_column_container vc_col-sm-6\"><div class=\"vc_column-inner\"><div class=\"wpb_wrapper\">\r\n\t<div  class=\"wpb_single_image wpb_content_element vc_align_left\">\r\n\t\t\r\n\t\t<figure class=\"wpb_wrapper vc_figure\">\r\n\t\t\t<div class=\"vc_single_image-wrapper   vc_box_border_grey\"><img loading=\"lazy\" decoding=\"async\" class=\"vc_single_image-img \" src=\"https:\/\/www.bhakademiker.org\/wp-content\/uploads\/2024\/03\/Kapetanovic_Azra_slika-400x400.jpeg\" width=\"400\" height=\"400\" alt=\"Kapetanovic_Azra_slika\" title=\"Kapetanovic_Azra_slika\" \/><\/div>\r\n\t\t<\/figure>\r\n\t<\/div>\r\n<\/div><\/div><\/div><\/div><div class=\"vc_row wpb_row row vc_row-o-content-middle vc_row-flex\"><div class=\"wpb_column vc_column_container vc_col-sm-6\"><div class=\"vc_column-inner\"><div class=\"wpb_wrapper\">\n\t<div class=\"wpb_text_column wpb_content_element \" >\n\t\t<div class=\"wpb_wrapper\">\n\t\t\t<h1>Melisa Midzan<\/h1>\n<p>bester Notendurchschnitt eines Bachelorstudiums in \u00d6sterreich mit der Inskription f\u00fcr ein Masterstudium<\/p>\n\n\t\t<\/div>\n\t<\/div>\n<\/div><\/div><\/div><div class=\"wpb_column vc_column_container vc_col-sm-6\"><div class=\"vc_column-inner\"><div class=\"wpb_wrapper\">\r\n\t<div  class=\"wpb_single_image wpb_content_element vc_align_left\">\r\n\t\t\r\n\t\t<figure class=\"wpb_wrapper vc_figure\">\r\n\t\t\t<div class=\"vc_single_image-wrapper   vc_box_border_grey\"><img loading=\"lazy\" decoding=\"async\" class=\"vc_single_image-img \" src=\"https:\/\/www.bhakademiker.org\/wp-content\/uploads\/2024\/03\/Melisa-Midzan-scaled-400x400.jpeg\" width=\"400\" height=\"400\" alt=\"Melisa Midzan\" title=\"Melisa Midzan\" \/><\/div>\r\n\t\t<\/figure>\r\n\t<\/div>\r\n<\/div><\/div><\/div><\/div><div class=\"vc_row wpb_row row\"><div class=\"wpb_column vc_column_container vc_col-sm-12\"><div class=\"vc_column-inner\"><div class=\"wpb_wrapper\"><div class=\"vc_separator wpb_content_element vc_separator_align_center vc_sep_width_100 vc_sep_shadow vc_sep_border_width_2 vc_sep_pos_align_center vc_separator_no_text vc_sep_color_sky\" ><span class=\"vc_sep_holder vc_sep_holder_l\"><span  class=\"vc_sep_line\"><\/span><\/span><span class=\"vc_sep_holder vc_sep_holder_r\"><span  class=\"vc_sep_line\"><\/span><\/span>\r\n<\/div><\/div><\/div><\/div><\/div><div class=\"vc_row wpb_row row\"><div class=\"wpb_column vc_column_container vc_col-sm-12\"><div class=\"vc_column-inner\"><div class=\"wpb_wrapper\">\n\t<div class=\"wpb_text_column wpb_content_element \" >\n\t\t<div class=\"wpb_wrapper\">\n\t\t\t<h1 style=\"text-align: center;\">Studierende des Jahres 2021<\/h1>\n\n\t\t<\/div>\n\t<\/div>\n<\/div><\/div><\/div><\/div><div class=\"vc_row wpb_row row vc_row-o-content-middle vc_row-flex\"><div class=\"wpb_column vc_column_container vc_col-sm-6\"><div class=\"vc_column-inner\"><div class=\"wpb_wrapper\">\n\t<div class=\"wpb_text_column wpb_content_element \" >\n\t\t<div class=\"wpb_wrapper\">\n\t\t\t<h1>Aisa Buko<\/h1>\n<p>bester Notendurchschnitt eines Bachelorstudiums in Bosnien mit der Inskription f\u00fcr ein Masterstudium in \u00d6sterreich<\/p>\n\n\t\t<\/div>\n\t<\/div>\n<\/div><\/div><\/div><div class=\"wpb_column vc_column_container vc_col-sm-6\"><div class=\"vc_column-inner\"><div class=\"wpb_wrapper\">\r\n\t<div  class=\"wpb_single_image wpb_content_element vc_align_left\">\r\n\t\t\r\n\t\t<figure class=\"wpb_wrapper vc_figure\">\r\n\t\t\t<div class=\"vc_single_image-wrapper   vc_box_border_grey\"><img loading=\"lazy\" decoding=\"async\" class=\"vc_single_image-img \" src=\"https:\/\/www.bhakademiker.org\/wp-content\/uploads\/2024\/03\/Aisa-Buko-400x400.jpg\" width=\"400\" height=\"400\" alt=\"Aisa Buko\" title=\"Aisa Buko\" \/><\/div>\r\n\t\t<\/figure>\r\n\t<\/div>\r\n<\/div><\/div><\/div><\/div><div class=\"vc_row wpb_row row vc_row-o-content-middle vc_row-flex\"><div class=\"wpb_column vc_column_container vc_col-sm-6\"><div class=\"vc_column-inner\"><div class=\"wpb_wrapper\">\n\t<div class=\"wpb_text_column wpb_content_element \" >\n\t\t<div class=\"wpb_wrapper\">\n\t\t\t<h1>Jelena Grkavac<\/h1>\n<p>bester Notendurchschnitt eines Masterstudiums in \u00d6sterreich<\/p>\n\n\t\t<\/div>\n\t<\/div>\n<\/div><\/div><\/div><div class=\"wpb_column vc_column_container vc_col-sm-6\"><div class=\"vc_column-inner\"><div class=\"wpb_wrapper\">\r\n\t<div  class=\"wpb_single_image wpb_content_element vc_align_left\">\r\n\t\t\r\n\t\t<figure class=\"wpb_wrapper vc_figure\">\r\n\t\t\t<div class=\"vc_single_image-wrapper   vc_box_border_grey\"><img loading=\"lazy\" decoding=\"async\" class=\"vc_single_image-img \" src=\"https:\/\/www.bhakademiker.org\/wp-content\/uploads\/2024\/03\/Jelena-Grkavac-1-1-400x400.jpg\" width=\"400\" height=\"400\" alt=\"Jelena Grkavac (1)\" title=\"Jelena Grkavac (1)\" \/><\/div>\r\n\t\t<\/figure>\r\n\t<\/div>\r\n<\/div><\/div><\/div><\/div><div class=\"vc_row wpb_row row vc_row-o-content-middle vc_row-flex\"><div class=\"wpb_column vc_column_container vc_col-sm-6\"><div class=\"vc_column-inner\"><div class=\"wpb_wrapper\">\n\t<div class=\"wpb_text_column wpb_content_element \" >\n\t\t<div class=\"wpb_wrapper\">\n\t\t\t<h1>Mirna Kusljugi\u0107<\/h1>\n<p>bester Notendurschnitt der ersten drei Jahre eines Diplomstudiums in \u00d6sterreich, das vier Jahre oder l\u00e4nger dauert (ohne Bachelor)<\/p>\n\n\t\t<\/div>\n\t<\/div>\n<\/div><\/div><\/div><div class=\"wpb_column vc_column_container vc_col-sm-6\"><div class=\"vc_column-inner\"><div class=\"wpb_wrapper\">\r\n\t<div  class=\"wpb_single_image wpb_content_element vc_align_left\">\r\n\t\t\r\n\t\t<figure class=\"wpb_wrapper vc_figure\">\r\n\t\t\t<div class=\"vc_single_image-wrapper   vc_box_border_grey\"><img loading=\"lazy\" decoding=\"async\" class=\"vc_single_image-img \" src=\"https:\/\/www.bhakademiker.org\/wp-content\/uploads\/2024\/03\/Mirna-Kusljugic-1-400x400.jpg\" width=\"400\" height=\"400\" alt=\"Mirna Kusljugic\" title=\"Mirna Kusljugic\" \/><\/div>\r\n\t\t<\/figure>\r\n\t<\/div>\r\n<\/div><\/div><\/div><\/div><div class=\"vc_row wpb_row row vc_row-o-content-middle vc_row-flex\"><div class=\"wpb_column vc_column_container vc_col-sm-6\"><div class=\"vc_column-inner\"><div class=\"wpb_wrapper\">\n\t<div class=\"wpb_text_column wpb_content_element \" >\n\t\t<div class=\"wpb_wrapper\">\n\t\t\t<h1>Una Bajri\u0107<\/h1>\n<p>bester Notendurchschnitt eines Bachelorstudiums in \u00d6sterreich mit der Inskription f\u00fcr ein Masterstudium<\/p>\n\n\t\t<\/div>\n\t<\/div>\n<\/div><\/div><\/div><div class=\"wpb_column vc_column_container vc_col-sm-6\"><div class=\"vc_column-inner\"><div class=\"wpb_wrapper\">\r\n\t<div  class=\"wpb_single_image wpb_content_element vc_align_left\">\r\n\t\t\r\n\t\t<figure class=\"wpb_wrapper vc_figure\">\r\n\t\t\t<div class=\"vc_single_image-wrapper   vc_box_border_grey\"><img loading=\"lazy\" decoding=\"async\" class=\"vc_single_image-img \" src=\"https:\/\/www.bhakademiker.org\/wp-content\/uploads\/2024\/03\/Una-Bajric-scaled-400x400.jpg\" width=\"400\" height=\"400\" alt=\"Una Bajric\" title=\"Una Bajric\" \/><\/div>\r\n\t\t<\/figure>\r\n\t<\/div>\r\n<\/div><\/div><\/div><\/div><div class=\"vc_row wpb_row row\"><div class=\"wpb_column vc_column_container vc_col-sm-12\"><div class=\"vc_column-inner\"><div class=\"wpb_wrapper\"><div class=\"vc_separator wpb_content_element vc_separator_align_center vc_sep_width_100 vc_sep_shadow vc_sep_border_width_2 vc_sep_pos_align_center vc_separator_no_text vc_sep_color_sky\" ><span class=\"vc_sep_holder vc_sep_holder_l\"><span  class=\"vc_sep_line\"><\/span><\/span><span class=\"vc_sep_holder vc_sep_holder_r\"><span  class=\"vc_sep_line\"><\/span><\/span>\r\n<\/div><\/div><\/div><\/div><\/div><div class=\"vc_row wpb_row row\"><div class=\"wpb_column vc_column_container vc_col-sm-12\"><div class=\"vc_column-inner\"><div class=\"wpb_wrapper\">\n\t<div class=\"wpb_text_column wpb_content_element \" >\n\t\t<div class=\"wpb_wrapper\">\n\t\t\t<h1 style=\"text-align: center;\">Studierende des Jahres 2020<\/h1>\n\n\t\t<\/div>\n\t<\/div>\n<\/div><\/div><\/div><\/div><div class=\"vc_row wpb_row row vc_row-o-content-middle vc_row-flex\"><div class=\"wpb_column vc_column_container vc_col-sm-6\"><div class=\"vc_column-inner\"><div class=\"wpb_wrapper\">\n\t<div class=\"wpb_text_column wpb_content_element \" >\n\t\t<div class=\"wpb_wrapper\">\n\t\t\t<h1>Dalila Avdibegovi\u0107<\/h1>\n<p>bester Notendurschnitt der ersten drei Jahre eines Diplomstudiums in \u00d6sterreich, das vier Jahre oder l\u00e4nger dauert (ohne Bachelor)<\/p>\n\n\t\t<\/div>\n\t<\/div>\n<\/div><\/div><\/div><div class=\"wpb_column vc_column_container vc_col-sm-6\"><div class=\"vc_column-inner\"><div class=\"wpb_wrapper\">\r\n\t<div  class=\"wpb_single_image wpb_content_element vc_align_left\">\r\n\t\t\r\n\t\t<figure class=\"wpb_wrapper vc_figure\">\r\n\t\t\t<div class=\"vc_single_image-wrapper   vc_box_border_grey\"><img loading=\"lazy\" decoding=\"async\" class=\"vc_single_image-img \" src=\"https:\/\/www.bhakademiker.org\/wp-content\/uploads\/2024\/03\/Dalila-Avdibegovic-400x400.jpg\" width=\"400\" height=\"400\" alt=\"Dalila Avdibegovic\" title=\"Dalila Avdibegovic\" \/><\/div>\r\n\t\t<\/figure>\r\n\t<\/div>\r\n<\/div><\/div><\/div><\/div><div class=\"vc_row wpb_row row vc_row-o-content-middle vc_row-flex\"><div class=\"wpb_column vc_column_container vc_col-sm-6\"><div class=\"vc_column-inner\"><div class=\"wpb_wrapper\">\n\t<div class=\"wpb_text_column wpb_content_element \" >\n\t\t<div class=\"wpb_wrapper\">\n\t\t\t<h1>Mahir Kurtali\u0107<\/h1>\n<p>bester Notendurchschnitt eines Bachelorstudiums in \u00d6sterreich mit der Inskription f\u00fcr ein Masterstudium<\/p>\n\n\t\t<\/div>\n\t<\/div>\n<\/div><\/div><\/div><div class=\"wpb_column vc_column_container vc_col-sm-6\"><div class=\"vc_column-inner\"><div class=\"wpb_wrapper\">\r\n\t<div  class=\"wpb_single_image wpb_content_element vc_align_left\">\r\n\t\t\r\n\t\t<figure class=\"wpb_wrapper vc_figure\">\r\n\t\t\t<div class=\"vc_single_image-wrapper   vc_box_border_grey\"><img loading=\"lazy\" decoding=\"async\" class=\"vc_single_image-img \" src=\"https:\/\/www.bhakademiker.org\/wp-content\/uploads\/2024\/03\/Mahir-Kurtalic-1-scaled-400x400.jpg\" width=\"400\" height=\"400\" alt=\"Mahir Kurtalic\" title=\"Mahir Kurtalic\" \/><\/div>\r\n\t\t<\/figure>\r\n\t<\/div>\r\n<\/div><\/div><\/div><\/div><div class=\"vc_row wpb_row row vc_row-o-content-middle vc_row-flex\"><div class=\"wpb_column vc_column_container vc_col-sm-6\"><div class=\"vc_column-inner\"><div class=\"wpb_wrapper\">\n\t<div class=\"wpb_text_column wpb_content_element \" >\n\t\t<div class=\"wpb_wrapper\">\n\t\t\t<h1>Milica Mari\u0107<\/h1>\n<p>bester Notendurchschnitt eines Bachelorstudiums in Bosnien mit der Inskription f\u00fcr ein Masterstudium in \u00d6sterreich<\/p>\n\n\t\t<\/div>\n\t<\/div>\n<\/div><\/div><\/div><div class=\"wpb_column vc_column_container vc_col-sm-6\"><div class=\"vc_column-inner\"><div class=\"wpb_wrapper\">\r\n\t<div  class=\"wpb_single_image wpb_content_element vc_align_left\">\r\n\t\t\r\n\t\t<figure class=\"wpb_wrapper vc_figure\">\r\n\t\t\t<div class=\"vc_single_image-wrapper   vc_box_border_grey\"><img loading=\"lazy\" decoding=\"async\" class=\"vc_single_image-img \" src=\"https:\/\/www.bhakademiker.org\/wp-content\/uploads\/2024\/03\/Milica-Maric.jpg\" width=\"374\" height=\"300\" alt=\"Milica Maric\" title=\"Milica Maric\" \/><\/div>\r\n\t\t<\/figure>\r\n\t<\/div>\r\n<\/div><\/div><\/div><\/div><div class=\"vc_row wpb_row row vc_row-o-content-middle vc_row-flex\"><div class=\"wpb_column vc_column_container vc_col-sm-6\"><div class=\"vc_column-inner\"><div class=\"wpb_wrapper\">\n\t<div class=\"wpb_text_column wpb_content_element \" >\n\t\t<div class=\"wpb_wrapper\">\n\t\t\t<h1>Najda Delic-Simic<\/h1>\n<p>bester Notendurchschnitt eines Masterstudiums in \u00d6sterreich<\/p>\n\n\t\t<\/div>\n\t<\/div>\n<\/div><\/div><\/div><div class=\"wpb_column vc_column_container vc_col-sm-6\"><div class=\"vc_column-inner\"><div class=\"wpb_wrapper\">\r\n\t<div  class=\"wpb_single_image wpb_content_element vc_align_left\">\r\n\t\t\r\n\t\t<figure class=\"wpb_wrapper vc_figure\">\r\n\t\t\t<div class=\"vc_single_image-wrapper   vc_box_border_grey\"><img loading=\"lazy\" decoding=\"async\" class=\"vc_single_image-img \" src=\"https:\/\/www.bhakademiker.org\/wp-content\/uploads\/2024\/03\/Najda-Delic-Simic_2-400x400.png\" width=\"400\" height=\"400\" alt=\"Najda Delic-Simic_2\" title=\"Najda Delic-Simic_2\" \/><\/div>\r\n\t\t<\/figure>\r\n\t<\/div>\r\n<\/div><\/div><\/div><\/div><div class=\"vc_row wpb_row row\"><div class=\"wpb_column vc_column_container vc_col-sm-12\"><div class=\"vc_column-inner\"><div class=\"wpb_wrapper\"><div class=\"vc_separator wpb_content_element vc_separator_align_center vc_sep_width_100 vc_sep_shadow vc_sep_border_width_2 vc_sep_pos_align_center vc_separator_no_text vc_sep_color_sky\" ><span class=\"vc_sep_holder vc_sep_holder_l\"><span  class=\"vc_sep_line\"><\/span><\/span><span class=\"vc_sep_holder vc_sep_holder_r\"><span  class=\"vc_sep_line\"><\/span><\/span>\r\n<\/div><\/div><\/div><\/div><\/div><div class=\"vc_row wpb_row row\"><div class=\"wpb_column vc_column_container vc_col-sm-12\"><div class=\"vc_column-inner\"><div class=\"wpb_wrapper\">\n\t<div class=\"wpb_text_column wpb_content_element \" >\n\t\t<div class=\"wpb_wrapper\">\n\t\t\t<h1 style=\"text-align: center;\">Studentin des Jahres 2019<\/h1>\n\n\t\t<\/div>\n\t<\/div>\n<\/div><\/div><\/div><\/div><div class=\"vc_row wpb_row row vc_row-o-content-middle vc_row-flex\"><div class=\"wpb_column vc_column_container vc_col-sm-6\"><div class=\"vc_column-inner\"><div class=\"wpb_wrapper\">\n\t<div class=\"wpb_text_column wpb_content_element \" >\n\t\t<div class=\"wpb_wrapper\">\n\t\t\t<h1>Amina \u010ca\u010dkovi\u0107<\/h1>\n<p>bester Notendurchschnitt eines Bachelorstudiums in \u00d6sterreich\u00a0mit der Inskription f\u00fcr ein Masterstudium<\/p>\n\n\t\t<\/div>\n\t<\/div>\n<\/div><\/div><\/div><div class=\"wpb_column vc_column_container vc_col-sm-6\"><div class=\"vc_column-inner\"><div class=\"wpb_wrapper\">\r\n\t<div  class=\"wpb_single_image wpb_content_element vc_align_left\">\r\n\t\t\r\n\t\t<figure class=\"wpb_wrapper vc_figure\">\r\n\t\t\t<div class=\"vc_single_image-wrapper   vc_box_border_grey\"><img loading=\"lazy\" decoding=\"async\" class=\"vc_single_image-img \" src=\"https:\/\/www.bhakademiker.org\/wp-content\/uploads\/2024\/03\/Amina-Cackovic-2-1-400x400.jpg\" width=\"400\" height=\"400\" alt=\"Amina Cackovic 2\" title=\"Amina Cackovic 2\" \/><\/div>\r\n\t\t<\/figure>\r\n\t<\/div>\r\n<\/div><\/div><\/div><\/div>\n","protected":false},"excerpt":{"rendered":"Studierende des Jahres 2025 Jasmina D\u017eani\u0107 bester Notendurchschnitt eines Masterstudiums in \u00d6sterreich (Geistes-, Kultur- und Sozialwissenschaften) Nejla Mahmutovi\u0107 bester Notendurchschnitt eines Masterstudiums in \u00d6sterreich (Geistes-, Kultur- und Sozialwissenschaften) Adnan Arnautovi\u0107 bester Notendurchschnitt eines Masterstudiums in \u00d6sterreich (Naturwissenschaften) D\u017eenana Gazibegovi\u0107 bester Notendurchschnitt eines Masterstudiums in \u00d6sterreich (Naturwissenschaften) Dejana Paponjak bester Notendurchschnitt eines Masterstudiums in \u00d6sterreich (Naturwissenschaften) Alen Sara\u010devi\u0107 Beste Noten der ersten drei Studienjahre in \u00d6sterreich bei einem Studium mit einer Dauer von vier oder mehr Jahren. Edin \u010cau\u0161evi\u0107 bester Notendurchschnitt eines Bachelorstudiums in Bosnien mit der Inskription f\u00fcr ein Masterstudium in \u00d6sterreich. Radojka Ivkovi\u0107 bester Notendurchschnitt eines Bachelorstudiums in \u00d6sterreich...","protected":false},"author":1,"featured_media":2454,"parent":0,"menu_order":0,"comment_status":"closed","ping_status":"closed","template":"","meta":{"footnotes":""},"class_list":["post-3096","page","type-page","status-publish","has-post-thumbnail","hentry"],"yoast_head":"<!-- This site is optimized with the Yoast SEO plugin v20.3 - https:\/\/yoast.com\/wordpress\/plugins\/seo\/ -->\n<title>Gewinner der Studentenpreise (von 2019 - heute) - Gesellschaft Bosnischer Akademiker<\/title>\n<meta name=\"robots\" content=\"index, follow, max-snippet:-1, max-image-preview:large, max-video-preview:-1\" \/>\n<link rel=\"canonical\" href=\"https:\/\/www.bhakademiker.org\/de\/gewinner-der-studentenpreise-von-2019-heute\/\" \/>\n<meta property=\"og:locale\" content=\"de_DE\" \/>\n<meta property=\"og:type\" content=\"article\" \/>\n<meta property=\"og:title\" content=\"Gewinner der Studentenpreise (von 2019 - heute) - Gesellschaft Bosnischer Akademiker\" \/>\n<meta property=\"og:url\" content=\"https:\/\/www.bhakademiker.org\/de\/gewinner-der-studentenpreise-von-2019-heute\/\" \/>\n<meta property=\"og:site_name\" content=\"Gesellschaft Bosnischer Akademiker\" \/>\n<meta property=\"article:modified_time\" content=\"2025-10-14T13:12:19+00:00\" \/>\n<meta property=\"og:image\" content=\"https:\/\/www.bhakademiker.org\/wp-content\/uploads\/2023\/03\/BADA-Award_wide.png\" \/>\n\t<meta property=\"og:image:width\" content=\"1038\" \/>\n\t<meta property=\"og:image:height\" content=\"435\" \/>\n\t<meta property=\"og:image:type\" content=\"image\/png\" \/>\n<meta name=\"twitter:card\" content=\"summary_large_image\" \/>\n<meta name=\"twitter:label1\" content=\"Gesch\u00e4tzte Lesezeit\" \/>\n\t<meta name=\"twitter:data1\" content=\"5\u00a0Minuten\" \/>\n<script type=\"application\/ld+json\" class=\"yoast-schema-graph\">{\"@context\":\"https:\/\/schema.org\",\"@graph\":[{\"@type\":\"WebPage\",\"@id\":\"https:\/\/www.bhakademiker.org\/gewinner-der-studentenpreise-von-2019-heute\/\",\"url\":\"https:\/\/www.bhakademiker.org\/gewinner-der-studentenpreise-von-2019-heute\/\",\"name\":\"Gewinner der Studentenpreise (von 2019 - heute) - Gesellschaft Bosnischer Akademiker\",\"isPartOf\":{\"@id\":\"https:\/\/www.bhakademiker.org\/bs\/#website\"},\"datePublished\":\"2024-03-12T15:00:52+00:00\",\"dateModified\":\"2025-10-14T13:12:19+00:00\",\"breadcrumb\":{\"@id\":\"https:\/\/www.bhakademiker.org\/gewinner-der-studentenpreise-von-2019-heute\/#breadcrumb\"},\"inLanguage\":\"de\",\"potentialAction\":[{\"@type\":\"ReadAction\",\"target\":[\"https:\/\/www.bhakademiker.org\/gewinner-der-studentenpreise-von-2019-heute\/\"]}]},{\"@type\":\"BreadcrumbList\",\"@id\":\"https:\/\/www.bhakademiker.org\/gewinner-der-studentenpreise-von-2019-heute\/#breadcrumb\",\"itemListElement\":[{\"@type\":\"ListItem\",\"position\":1,\"name\":\"Home\",\"item\":\"https:\/\/www.bhakademiker.org\/\"},{\"@type\":\"ListItem\",\"position\":2,\"name\":\"Gewinner der Studentenpreise (von 2019 &#8211; heute)\"}]},{\"@type\":\"WebSite\",\"@id\":\"https:\/\/www.bhakademiker.org\/bs\/#website\",\"url\":\"https:\/\/www.bhakademiker.org\/bs\/\",\"name\":\"Gesellschaft Bosnischer Akademiker\",\"description\":\"\",\"publisher\":{\"@id\":\"https:\/\/www.bhakademiker.org\/bs\/#organization\"},\"potentialAction\":[{\"@type\":\"SearchAction\",\"target\":{\"@type\":\"EntryPoint\",\"urlTemplate\":\"https:\/\/www.bhakademiker.org\/bs\/?s={search_term_string}\"},\"query-input\":\"required name=search_term_string\"}],\"inLanguage\":\"de\"},{\"@type\":\"Organization\",\"@id\":\"https:\/\/www.bhakademiker.org\/bs\/#organization\",\"name\":\"Gesellschaft Bosnischer Akademiker in \u00d6sterreich\",\"url\":\"https:\/\/www.bhakademiker.org\/bs\/\",\"logo\":{\"@type\":\"ImageObject\",\"inLanguage\":\"de\",\"@id\":\"https:\/\/www.bhakademiker.org\/bs\/#\/schema\/logo\/image\/\",\"url\":\"https:\/\/www.bhakademiker.org\/wp-content\/uploads\/2022\/01\/featured-GBAA.png\",\"contentUrl\":\"https:\/\/www.bhakademiker.org\/wp-content\/uploads\/2022\/01\/featured-GBAA.png\",\"width\":1200,\"height\":630,\"caption\":\"Gesellschaft Bosnischer Akademiker in \u00d6sterreich\"},\"image\":{\"@id\":\"https:\/\/www.bhakademiker.org\/bs\/#\/schema\/logo\/image\/\"}}]}<\/script>\n<!-- \/ Yoast SEO plugin. -->","yoast_head_json":{"title":"Gewinner der Studentenpreise (von 2019 - heute) - Gesellschaft Bosnischer Akademiker","robots":{"index":"index","follow":"follow","max-snippet":"max-snippet:-1","max-image-preview":"max-image-preview:large","max-video-preview":"max-video-preview:-1"},"canonical":"https:\/\/www.bhakademiker.org\/de\/gewinner-der-studentenpreise-von-2019-heute\/","og_locale":"de_DE","og_type":"article","og_title":"Gewinner der Studentenpreise (von 2019 - heute) - Gesellschaft Bosnischer Akademiker","og_url":"https:\/\/www.bhakademiker.org\/de\/gewinner-der-studentenpreise-von-2019-heute\/","og_site_name":"Gesellschaft Bosnischer Akademiker","article_modified_time":"2025-10-14T13:12:19+00:00","og_image":[{"width":1038,"height":435,"url":"https:\/\/www.bhakademiker.org\/wp-content\/uploads\/2023\/03\/BADA-Award_wide.png","type":"image\/png"}],"twitter_card":"summary_large_image","twitter_misc":{"Gesch\u00e4tzte Lesezeit":"5\u00a0Minuten"},"schema":{"@context":"https:\/\/schema.org","@graph":[{"@type":"WebPage","@id":"https:\/\/www.bhakademiker.org\/gewinner-der-studentenpreise-von-2019-heute\/","url":"https:\/\/www.bhakademiker.org\/gewinner-der-studentenpreise-von-2019-heute\/","name":"Gewinner der Studentenpreise (von 2019 - heute) - Gesellschaft Bosnischer Akademiker","isPartOf":{"@id":"https:\/\/www.bhakademiker.org\/bs\/#website"},"datePublished":"2024-03-12T15:00:52+00:00","dateModified":"2025-10-14T13:12:19+00:00","breadcrumb":{"@id":"https:\/\/www.bhakademiker.org\/gewinner-der-studentenpreise-von-2019-heute\/#breadcrumb"},"inLanguage":"de","potentialAction":[{"@type":"ReadAction","target":["https:\/\/www.bhakademiker.org\/gewinner-der-studentenpreise-von-2019-heute\/"]}]},{"@type":"BreadcrumbList","@id":"https:\/\/www.bhakademiker.org\/gewinner-der-studentenpreise-von-2019-heute\/#breadcrumb","itemListElement":[{"@type":"ListItem","position":1,"name":"Home","item":"https:\/\/www.bhakademiker.org\/"},{"@type":"ListItem","position":2,"name":"Gewinner der Studentenpreise (von 2019 &#8211; heute)"}]},{"@type":"WebSite","@id":"https:\/\/www.bhakademiker.org\/bs\/#website","url":"https:\/\/www.bhakademiker.org\/bs\/","name":"Gesellschaft Bosnischer Akademiker","description":"","publisher":{"@id":"https:\/\/www.bhakademiker.org\/bs\/#organization"},"potentialAction":[{"@type":"SearchAction","target":{"@type":"EntryPoint","urlTemplate":"https:\/\/www.bhakademiker.org\/bs\/?s={search_term_string}"},"query-input":"required name=search_term_string"}],"inLanguage":"de"},{"@type":"Organization","@id":"https:\/\/www.bhakademiker.org\/bs\/#organization","name":"Gesellschaft Bosnischer Akademiker in \u00d6sterreich","url":"https:\/\/www.bhakademiker.org\/bs\/","logo":{"@type":"ImageObject","inLanguage":"de","@id":"https:\/\/www.bhakademiker.org\/bs\/#\/schema\/logo\/image\/","url":"https:\/\/www.bhakademiker.org\/wp-content\/uploads\/2022\/01\/featured-GBAA.png","contentUrl":"https:\/\/www.bhakademiker.org\/wp-content\/uploads\/2022\/01\/featured-GBAA.png","width":1200,"height":630,"caption":"Gesellschaft Bosnischer Akademiker in \u00d6sterreich"},"image":{"@id":"https:\/\/www.bhakademiker.org\/bs\/#\/schema\/logo\/image\/"}}]}},"_links":{"self":[{"href":"https:\/\/www.bhakademiker.org\/de\/wp-json\/wp\/v2\/pages\/3096","targetHints":{"allow":["GET"]}}],"collection":[{"href":"https:\/\/www.bhakademiker.org\/de\/wp-json\/wp\/v2\/pages"}],"about":[{"href":"https:\/\/www.bhakademiker.org\/de\/wp-json\/wp\/v2\/types\/page"}],"author":[{"embeddable":true,"href":"https:\/\/www.bhakademiker.org\/de\/wp-json\/wp\/v2\/users\/1"}],"replies":[{"embeddable":true,"href":"https:\/\/www.bhakademiker.org\/de\/wp-json\/wp\/v2\/comments?post=3096"}],"version-history":[{"count":10,"href":"https:\/\/www.bhakademiker.org\/de\/wp-json\/wp\/v2\/pages\/3096\/revisions"}],"predecessor-version":[{"id":3989,"href":"https:\/\/www.bhakademiker.org\/de\/wp-json\/wp\/v2\/pages\/3096\/revisions\/3989"}],"wp:featuredmedia":[{"embeddable":true,"href":"https:\/\/www.bhakademiker.org\/de\/wp-json\/wp\/v2\/media\/2454"}],"wp:attachment":[{"href":"https:\/\/www.bhakademiker.org\/de\/wp-json\/wp\/v2\/media?parent=3096"}],"curies":[{"name":"wp","href":"https:\/\/api.w.org\/{rel}","templated":true}]}}