{"id":3684,"date":"2025-01-12T17:57:38","date_gmt":"2025-01-12T16:57:38","guid":{"rendered":"https:\/\/www.bhakademiker.org\/?page_id=3684"},"modified":"2025-10-26T08:51:40","modified_gmt":"2025-10-26T07:51:40","slug":"rat-der-oesterreichischen-bosnierinnen","status":"publish","type":"page","link":"https:\/\/www.bhakademiker.org\/de\/rat-der-oesterreichischen-bosnierinnen\/","title":{"rendered":"Rat der \u00d6sterreichischen Bosnier:innen"},"content":{"rendered":"<h1 style=\"text-align: center;\">Rat der \u00d6sterreichischen Bosnier:innen<\/h1>\n<p><img fetchpriority=\"high\" decoding=\"async\" class=\" wp-image-3685 aligncenter\" src=\"https:\/\/www.bhakademiker.org\/wp-content\/uploads\/2025\/01\/vob-300x201.jpg\" alt=\"\" width=\"446\" height=\"299\" srcset=\"https:\/\/www.bhakademiker.org\/wp-content\/uploads\/2025\/01\/vob-300x201.jpg 300w, https:\/\/www.bhakademiker.org\/wp-content\/uploads\/2025\/01\/vob-768x514.jpg 768w, https:\/\/www.bhakademiker.org\/wp-content\/uploads\/2025\/01\/vob-18x12.jpg 18w, https:\/\/www.bhakademiker.org\/wp-content\/uploads\/2025\/01\/vob-263x177.jpg 263w, https:\/\/www.bhakademiker.org\/wp-content\/uploads\/2025\/01\/vob-500x335.jpg 500w, https:\/\/www.bhakademiker.org\/wp-content\/uploads\/2025\/01\/vob-150x100.jpg 150w, https:\/\/www.bhakademiker.org\/wp-content\/uploads\/2025\/01\/vob.jpg 1014w\" sizes=\"(max-width: 446px) 100vw, 446px\" \/><\/p>\n<p>Der Rat der \u00d6sterreichischen Bosnier:innen verfolgt folgende Ziele:<\/p>\n<ul>\n<li>Die Anerkennung der \u00f6sterreichischen Bosnier:innen als offizielle Volksgruppe in \u00d6sterreich.<\/li>\n<li>Die F\u00f6rderung und Pflege des paneurop\u00e4ischen Geistes.<\/li>\n<li>Die Unterst\u00fctzung des interkulturellen Austauschs.<\/li>\n<li>Die Gr\u00fcndung eines informativen Kultur- und Bildungszentrums in Wien.<\/li>\n<\/ul>\n<p>Vertreter:innen der folgenden Vereinigungen bilden den Rat der \u00d6sterreichischen Bosnier:innen:<\/p>\n<p>&nbsp;<\/p>\n<table style=\"height: 651px;\" width=\"775\">\n<tbody>\n<tr>\n<td width=\"378\"><em>Gesellschaft Bosnischer Akademiker in <\/em><em>\u00d6sterreich <\/em><\/td>\n<td width=\"265\"><em>Alen Suljagi\u0107, Marko Draga\u0161<\/em><\/td>\n<\/tr>\n<tr>\n<td width=\"378\"><em>EMANEH, Graz<\/em><\/td>\n<td width=\"265\"><em>Mahdi Meki\u0107<\/em><\/td>\n<\/tr>\n<tr>\n<td width=\"378\"><em>Behar, Wien<\/em><\/td>\n<td width=\"265\"><em>Kemal Bogaljevi\u0107<\/em><\/td>\n<\/tr>\n<tr>\n<td width=\"378\"><em>B &amp; K, Wien<\/em><\/td>\n<td width=\"265\"><em>Tina Kordi\u0107<\/em><\/td>\n<\/tr>\n<tr>\n<td width=\"378\"><em>Frauenforum Mimoze, Wien<\/em><\/td>\n<td width=\"265\"><em>Azra Merd\u017ean<\/em><\/td>\n<\/tr>\n<tr>\n<td width=\"378\"><em>Gesellschaft Bosnischer Akademiker in EU<\/em><\/td>\n<td width=\"265\"><em>Siradj Duhan<\/em><\/td>\n<\/tr>\n<tr>\n<td width=\"378\"><em>Freundschaft OBH, Graz<\/em><\/td>\n<td width=\"265\"><em>Ervin Me\u0161anovi\u0107<\/em><\/td>\n<\/tr>\n<tr>\n<td width=\"378\"><em>IPM \u2013 Institut, Innsbruck<\/em><\/td>\n<td width=\"265\"><em>Mato Dominkovi\u0107, Nedeljko Vu\u010dkovi\u0107<\/em><\/td>\n<\/tr>\n<tr>\n<td width=\"378\"><em>Bosanski IKC \u201cB\u201d, Wien<\/em><\/td>\n<td width=\"265\"><em>Seka\/Hedija Nuhanovi\u0107<\/em><\/td>\n<\/tr>\n<tr>\n<td width=\"378\"><em>FC Dijamant, Linz<\/em><\/td>\n<td width=\"265\"><em>Izet Murti\u0107<\/em><\/td>\n<\/tr>\n<tr>\n<td width=\"378\"><em>D\u017eemat Linz, Linz<\/em><\/td>\n<td width=\"265\"><em>Ned\u017ead Islam\u010devi\u0107<\/em><\/td>\n<\/tr>\n<tr>\n<td width=\"378\"><em>JAZZWE, Plattform f\u00fcr Kulturelle Vernetzungen, Salzburg<\/em><\/td>\n<td width=\"265\"><em>Armin Musija<\/em><\/td>\n<\/tr>\n<tr>\n<td width=\"378\"><em>BH Dijaspora, Salzburg<\/em><\/td>\n<td width=\"265\"><em>\u00a0Hamed Husejnovi\u0107, Zehra Sarah Tantula<\/em><\/td>\n<\/tr>\n<\/tbody>\n<\/table>\n<p>Auch andere Vereinigungen in \u00d6sterreich, die sich den Zielen des Rates der \u00d6sterreichischen Bosnier:innen anschlie\u00dfen und aktiv zu deren Umsetzung beitragen m\u00f6chten, sind herzlich eingeladen, dem Rat beizutreten. F\u00fcr die Anmeldung senden Sie bitte einen Vereinsregisterauszug an: <a href=\"mailto:badeu@bhakademiker.org\">badeu@bhakademiker.org<\/a><\/p>\n<p>Vorstand \/ Odbor 2025-2029 :<\/p>\n<p>Siradj Duhan, Wien<\/p>\n<p>Nedeljko Vu\u010dkovi\u0107, Feldkirch<\/p>\n<p>Aladin Kaltak, Wieselburg<\/p>\n<p>Armin Mu\u0161ija, Salzburg<\/p>\n<p>Sandra Ale\u0161evi\u0107, Graz<\/p>\n<p>Tina Kordi\u0107, Wien<\/p>\n<p>Davul Ljuhar, Wien<\/p>\n<p>Alen Suljagi\u0107, Wien<\/p>\n<p>Amer Durmi\u0107, Wien<\/p>\n<p>Nata\u0161a Mirkovi\u0107, Wien<\/p>\n<p>Izeta Ifti\u0107, Wien<\/p>\n","protected":false},"excerpt":{"rendered":"<p>Rat der \u00d6sterreichischen Bosnier:innen Der Rat der \u00d6sterreichischen Bosnier:innen verfolgt folgende Ziele: Die Anerkennung der \u00f6sterreichischen Bosnier:innen als offizielle Volksgruppe in \u00d6sterreich. Die F\u00f6rderung und Pflege des paneurop\u00e4ischen Geistes. Die Unterst\u00fctzung des interkulturellen Austauschs. Die Gr\u00fcndung eines informativen Kultur- und Bildungszentrums in Wien. Vertreter:innen der folgenden Vereinigungen bilden den Rat der \u00d6sterreichischen Bosnier:innen: &nbsp; Gesellschaft Bosnischer Akademiker in \u00d6sterreich Alen Suljagi\u0107, Marko Draga\u0161 EMANEH, Graz Mahdi Meki\u0107 Behar, Wien Kemal Bogaljevi\u0107 B &amp; K, Wien Tina Kordi\u0107 Frauenforum Mimoze, Wien Azra Merd\u017ean Gesellschaft Bosnischer Akademiker in EU Siradj Duhan Freundschaft OBH, Graz Ervin Me\u0161anovi\u0107 IPM \u2013 Institut, Innsbruck Mato Dominkovi\u0107,&#8230;<\/p>\n","protected":false},"author":1,"featured_media":0,"parent":0,"menu_order":0,"comment_status":"closed","ping_status":"closed","template":"","meta":{"footnotes":""},"class_list":["post-3684","page","type-page","status-publish","hentry"],"yoast_head":"<!-- This site is optimized with the Yoast SEO plugin v20.3 - https:\/\/yoast.com\/wordpress\/plugins\/seo\/ -->\n<title>Rat der \u00d6sterreichischen Bosnier:innen - Gesellschaft Bosnischer Akademiker<\/title>\n<meta name=\"robots\" content=\"index, follow, max-snippet:-1, max-image-preview:large, max-video-preview:-1\" \/>\n<link rel=\"canonical\" href=\"https:\/\/www.bhakademiker.org\/de\/rat-der-oesterreichischen-bosnierinnen\/\" \/>\n<meta property=\"og:locale\" content=\"de_DE\" \/>\n<meta property=\"og:type\" content=\"article\" \/>\n<meta property=\"og:title\" content=\"Rat der \u00d6sterreichischen Bosnier:innen\" \/>\n<meta property=\"og:description\" content=\"Rat der \u00d6sterreichischen Bosnier:innen Der Rat der \u00d6sterreichischen Bosnier:innen verfolgt folgende Ziele: Die Anerkennung der \u00f6sterreichischen Bosnier:innen als offizielle Volksgruppe in \u00d6sterreich. Die F\u00f6rderung und Pflege des paneurop\u00e4ischen Geistes. Die Unterst\u00fctzung des interkulturellen Austauschs. Die Gr\u00fcndung eines informativen Kultur- und Bildungszentrums in Wien. Vertreter:innen der folgenden Vereinigungen bilden den Rat der \u00d6sterreichischen Bosnier:innen: &nbsp; Gesellschaft Bosnischer Akademiker in \u00d6sterreich Alen Suljagi\u0107, Marko Draga\u0161 EMANEH, Graz Mahdi Meki\u0107 Behar, Wien Kemal Bogaljevi\u0107 B &amp; K, Wien Tina Kordi\u0107 Frauenforum Mimoze, Wien Azra Merd\u017ean Gesellschaft Bosnischer Akademiker in EU Siradj Duhan Freundschaft OBH, Graz Ervin Me\u0161anovi\u0107 IPM \u2013 Institut, Innsbruck Mato Dominkovi\u0107,...\" \/>\n<meta property=\"og:url\" content=\"https:\/\/www.bhakademiker.org\/de\/rat-der-oesterreichischen-bosnierinnen\/\" \/>\n<meta property=\"og:site_name\" content=\"Gesellschaft Bosnischer Akademiker\" \/>\n<meta property=\"article:modified_time\" content=\"2025-10-26T07:51:40+00:00\" \/>\n<meta property=\"og:image\" content=\"https:\/\/www.bhakademiker.org\/wp-content\/uploads\/2025\/01\/vob.jpg\" \/>\n\t<meta property=\"og:image:width\" content=\"1014\" \/>\n\t<meta property=\"og:image:height\" content=\"678\" \/>\n\t<meta property=\"og:image:type\" content=\"image\/jpeg\" \/>\n<meta name=\"twitter:card\" content=\"summary_large_image\" \/>\n<meta name=\"twitter:title\" content=\"Rat der \u00d6sterreichischen Bosnier:innen\" \/>\n<meta name=\"twitter:image\" content=\"https:\/\/www.bhakademiker.org\/wp-content\/uploads\/2025\/01\/vob.jpg\" \/>\n<meta name=\"twitter:label1\" content=\"Gesch\u00e4tzte Lesezeit\" \/>\n\t<meta name=\"twitter:data1\" content=\"2\u00a0Minuten\" \/>\n<script type=\"application\/ld+json\" class=\"yoast-schema-graph\">{\"@context\":\"https:\/\/schema.org\",\"@graph\":[{\"@type\":\"WebPage\",\"@id\":\"https:\/\/www.bhakademiker.org\/rat-der-oesterreichischen-bosnierinnen\/\",\"url\":\"https:\/\/www.bhakademiker.org\/rat-der-oesterreichischen-bosnierinnen\/\",\"name\":\"Rat der \u00d6sterreichischen Bosnier:innen - Gesellschaft Bosnischer Akademiker\",\"isPartOf\":{\"@id\":\"https:\/\/www.bhakademiker.org\/bs\/#website\"},\"datePublished\":\"2025-01-12T16:57:38+00:00\",\"dateModified\":\"2025-10-26T07:51:40+00:00\",\"breadcrumb\":{\"@id\":\"https:\/\/www.bhakademiker.org\/rat-der-oesterreichischen-bosnierinnen\/#breadcrumb\"},\"inLanguage\":\"de\",\"potentialAction\":[{\"@type\":\"ReadAction\",\"target\":[\"https:\/\/www.bhakademiker.org\/rat-der-oesterreichischen-bosnierinnen\/\"]}]},{\"@type\":\"BreadcrumbList\",\"@id\":\"https:\/\/www.bhakademiker.org\/rat-der-oesterreichischen-bosnierinnen\/#breadcrumb\",\"itemListElement\":[{\"@type\":\"ListItem\",\"position\":1,\"name\":\"Home\",\"item\":\"https:\/\/www.bhakademiker.org\/\"},{\"@type\":\"ListItem\",\"position\":2,\"name\":\"Rat der \u00d6sterreichischen Bosnier:innen\"}]},{\"@type\":\"WebSite\",\"@id\":\"https:\/\/www.bhakademiker.org\/bs\/#website\",\"url\":\"https:\/\/www.bhakademiker.org\/bs\/\",\"name\":\"Gesellschaft Bosnischer Akademiker\",\"description\":\"\",\"publisher\":{\"@id\":\"https:\/\/www.bhakademiker.org\/bs\/#organization\"},\"potentialAction\":[{\"@type\":\"SearchAction\",\"target\":{\"@type\":\"EntryPoint\",\"urlTemplate\":\"https:\/\/www.bhakademiker.org\/bs\/?s={search_term_string}\"},\"query-input\":\"required name=search_term_string\"}],\"inLanguage\":\"de\"},{\"@type\":\"Organization\",\"@id\":\"https:\/\/www.bhakademiker.org\/bs\/#organization\",\"name\":\"Gesellschaft Bosnischer Akademiker in \u00d6sterreich\",\"url\":\"https:\/\/www.bhakademiker.org\/bs\/\",\"logo\":{\"@type\":\"ImageObject\",\"inLanguage\":\"de\",\"@id\":\"https:\/\/www.bhakademiker.org\/bs\/#\/schema\/logo\/image\/\",\"url\":\"https:\/\/www.bhakademiker.org\/wp-content\/uploads\/2022\/01\/featured-GBAA.png\",\"contentUrl\":\"https:\/\/www.bhakademiker.org\/wp-content\/uploads\/2022\/01\/featured-GBAA.png\",\"width\":1200,\"height\":630,\"caption\":\"Gesellschaft Bosnischer Akademiker in \u00d6sterreich\"},\"image\":{\"@id\":\"https:\/\/www.bhakademiker.org\/bs\/#\/schema\/logo\/image\/\"}}]}<\/script>\n<!-- \/ Yoast SEO plugin. -->","yoast_head_json":{"title":"Rat der \u00d6sterreichischen Bosnier:innen - Gesellschaft Bosnischer Akademiker","robots":{"index":"index","follow":"follow","max-snippet":"max-snippet:-1","max-image-preview":"max-image-preview:large","max-video-preview":"max-video-preview:-1"},"canonical":"https:\/\/www.bhakademiker.org\/de\/rat-der-oesterreichischen-bosnierinnen\/","og_locale":"de_DE","og_type":"article","og_title":"Rat der \u00d6sterreichischen Bosnier:innen","og_description":"Rat der \u00d6sterreichischen Bosnier:innen Der Rat der \u00d6sterreichischen Bosnier:innen verfolgt folgende Ziele: Die Anerkennung der \u00f6sterreichischen Bosnier:innen als offizielle Volksgruppe in \u00d6sterreich. Die F\u00f6rderung und Pflege des paneurop\u00e4ischen Geistes. Die Unterst\u00fctzung des interkulturellen Austauschs. Die Gr\u00fcndung eines informativen Kultur- und Bildungszentrums in Wien. Vertreter:innen der folgenden Vereinigungen bilden den Rat der \u00d6sterreichischen Bosnier:innen: &nbsp; Gesellschaft Bosnischer Akademiker in \u00d6sterreich Alen Suljagi\u0107, Marko Draga\u0161 EMANEH, Graz Mahdi Meki\u0107 Behar, Wien Kemal Bogaljevi\u0107 B &amp; K, Wien Tina Kordi\u0107 Frauenforum Mimoze, Wien Azra Merd\u017ean Gesellschaft Bosnischer Akademiker in EU Siradj Duhan Freundschaft OBH, Graz Ervin Me\u0161anovi\u0107 IPM \u2013 Institut, Innsbruck Mato Dominkovi\u0107,...","og_url":"https:\/\/www.bhakademiker.org\/de\/rat-der-oesterreichischen-bosnierinnen\/","og_site_name":"Gesellschaft Bosnischer Akademiker","article_modified_time":"2025-10-26T07:51:40+00:00","og_image":[{"width":1014,"height":678,"url":"https:\/\/www.bhakademiker.org\/wp-content\/uploads\/2025\/01\/vob.jpg","type":"image\/jpeg"}],"twitter_card":"summary_large_image","twitter_title":"Rat der \u00d6sterreichischen Bosnier:innen","twitter_image":"https:\/\/www.bhakademiker.org\/wp-content\/uploads\/2025\/01\/vob.jpg","twitter_misc":{"Gesch\u00e4tzte Lesezeit":"2\u00a0Minuten"},"schema":{"@context":"https:\/\/schema.org","@graph":[{"@type":"WebPage","@id":"https:\/\/www.bhakademiker.org\/rat-der-oesterreichischen-bosnierinnen\/","url":"https:\/\/www.bhakademiker.org\/rat-der-oesterreichischen-bosnierinnen\/","name":"Rat der \u00d6sterreichischen Bosnier:innen - Gesellschaft Bosnischer Akademiker","isPartOf":{"@id":"https:\/\/www.bhakademiker.org\/bs\/#website"},"datePublished":"2025-01-12T16:57:38+00:00","dateModified":"2025-10-26T07:51:40+00:00","breadcrumb":{"@id":"https:\/\/www.bhakademiker.org\/rat-der-oesterreichischen-bosnierinnen\/#breadcrumb"},"inLanguage":"de","potentialAction":[{"@type":"ReadAction","target":["https:\/\/www.bhakademiker.org\/rat-der-oesterreichischen-bosnierinnen\/"]}]},{"@type":"BreadcrumbList","@id":"https:\/\/www.bhakademiker.org\/rat-der-oesterreichischen-bosnierinnen\/#breadcrumb","itemListElement":[{"@type":"ListItem","position":1,"name":"Home","item":"https:\/\/www.bhakademiker.org\/"},{"@type":"ListItem","position":2,"name":"Rat der \u00d6sterreichischen Bosnier:innen"}]},{"@type":"WebSite","@id":"https:\/\/www.bhakademiker.org\/bs\/#website","url":"https:\/\/www.bhakademiker.org\/bs\/","name":"Gesellschaft Bosnischer Akademiker","description":"","publisher":{"@id":"https:\/\/www.bhakademiker.org\/bs\/#organization"},"potentialAction":[{"@type":"SearchAction","target":{"@type":"EntryPoint","urlTemplate":"https:\/\/www.bhakademiker.org\/bs\/?s={search_term_string}"},"query-input":"required name=search_term_string"}],"inLanguage":"de"},{"@type":"Organization","@id":"https:\/\/www.bhakademiker.org\/bs\/#organization","name":"Gesellschaft Bosnischer Akademiker in \u00d6sterreich","url":"https:\/\/www.bhakademiker.org\/bs\/","logo":{"@type":"ImageObject","inLanguage":"de","@id":"https:\/\/www.bhakademiker.org\/bs\/#\/schema\/logo\/image\/","url":"https:\/\/www.bhakademiker.org\/wp-content\/uploads\/2022\/01\/featured-GBAA.png","contentUrl":"https:\/\/www.bhakademiker.org\/wp-content\/uploads\/2022\/01\/featured-GBAA.png","width":1200,"height":630,"caption":"Gesellschaft Bosnischer Akademiker in \u00d6sterreich"},"image":{"@id":"https:\/\/www.bhakademiker.org\/bs\/#\/schema\/logo\/image\/"}}]}},"_links":{"self":[{"href":"https:\/\/www.bhakademiker.org\/de\/wp-json\/wp\/v2\/pages\/3684","targetHints":{"allow":["GET"]}}],"collection":[{"href":"https:\/\/www.bhakademiker.org\/de\/wp-json\/wp\/v2\/pages"}],"about":[{"href":"https:\/\/www.bhakademiker.org\/de\/wp-json\/wp\/v2\/types\/page"}],"author":[{"embeddable":true,"href":"https:\/\/www.bhakademiker.org\/de\/wp-json\/wp\/v2\/users\/1"}],"replies":[{"embeddable":true,"href":"https:\/\/www.bhakademiker.org\/de\/wp-json\/wp\/v2\/comments?post=3684"}],"version-history":[{"count":6,"href":"https:\/\/www.bhakademiker.org\/de\/wp-json\/wp\/v2\/pages\/3684\/revisions"}],"predecessor-version":[{"id":4027,"href":"https:\/\/www.bhakademiker.org\/de\/wp-json\/wp\/v2\/pages\/3684\/revisions\/4027"}],"wp:attachment":[{"href":"https:\/\/www.bhakademiker.org\/de\/wp-json\/wp\/v2\/media?parent=3684"}],"curies":[{"name":"wp","href":"https:\/\/api.w.org\/{rel}","templated":true}]}}